{"id":105,"date":"2025-04-09T16:09:13","date_gmt":"2025-04-09T16:09:13","guid":{"rendered":"https:\/\/greencourt.mgcomunicacio.com\/?page_id=105"},"modified":"2025-12-11T08:56:17","modified_gmt":"2025-12-11T07:56:17","slug":"home","status":"publish","type":"page","link":"https:\/\/greencourt.mgcomunicacio.com\/ca\/","title":{"rendered":"Home"},"content":{"rendered":"<div class=\"wp-block-greencourt-cabecera mod-cabecera f16_9\"><div class=\"slider\"><div class=\"wp-block-greencourt-cabecera-interior-youtube slide\"><div class=\"maq-contenidor\" style=\"backdrop-filter: blur(0px)\"><div class=\"text\"><p class=\"has-text-align-center is-style-com_titular_1 has-blanc-color has-text-color has-link-color wp-elements-144ce665f82298f636ab28563a908583\">La import\u00e0ncia<br>d\u2019una bona base<\/p><\/div><\/div><div class=\"video-wrapper\"><div class=\"video-resizer\"><iframe loading=\"lazy\" width=\"500\" height=\"281\" src=\"https:\/\/www.youtube.com\/embed\/oWpbgGgljNw?autoplay=1&amp;mute=1&amp;controls=0&amp;disablekb=1&amp;fs=0&amp;vq=hd1440&amp;modestbranding=1&amp;playsinline=1&amp;cc_load_policy=0&amp;lang_pref=xx&amp;rel=0&amp;loop=1&amp;playlist=oWpbgGgljNw&#038;autoplay=1&#038;mute=1&#038;controls=0&#038;disablekb=1&#038;fs=0&#038;modestbranding=1&#038;playsinline=1&#038;cc_load_policy=0&#038;lang_pref=xx&#038;rel=0&#038;loop=1&#038;playlist=oWpbgGgljNw&#038;vq=hd1080\" frameborder=\"0\" allow=\"accelerometer; autoplay; clipboard-write; encrypted-media; gyroscope; picture-in-picture; web-share\" referrerpolicy=\"strict-origin-when-cross-origin\" allowfullscreen><\/iframe><\/div><\/div><div style=\"background: #2b2b2b; opacity: calc(20\/100);\" class=\"capa-color\"><\/div><\/div><\/div><\/div><div class=\"wp-block-greencourt-marges maq-contenidor normal marge-superior-gran marge-inferior-gran\" data-aos=\"off\" data-aos-delay=\"aos_delay\"><h1 class=\"wp-block-heading is-style-com_titular_2\">Instal\u00b7laci\u00f3, fabricaci\u00f3 i manteniment de pistes de tennis, p\u00e0del, futbol i gespa artificial<\/h1>\n\n<div style=\"height:5vh\" aria-hidden=\"true\" class=\"wp-block-spacer\"><\/div>\n\n<p class=\"is-style-com_titular_4\">A Greencourt fa m\u00e9s de dues d\u00e8cades que ens dediquem amb passi\u00f3 a construir, renovar i mantenir pistes de tennis de terra batuda. Per a nosaltres, una pista no \u00e9s nom\u00e9s un espai de joc: \u00e9s el punt de partida de traject\u00f2ries esportives, l\u2019eix d\u2019un club i l\u2019escenari d\u2019infinites viv\u00e8ncies dins i fora de la l\u00ednia de fons.<\/p>\n\n<p><\/p>\n\n<p class=\"is-style-com_titular_4\">Ens hem especialitzat en oferir solucions globals, que van des del disseny inicial fins al manteniment t\u00e8cnic continuat. Treballem estretament amb clubs, federacions i administracions p\u00fabliques, entenent les particularitats de cada espai i adaptant cada projecte a les seves necessitats, pressupost i usos previstos. Innovaci\u00f3 constant, millora t\u00e8cnica i un ferm comprom\u00eds amb la sostenibilitat, buscant sempre la millor combinaci\u00f3 entre rendiment esportiu, durabilitat i efici\u00e8ncia en la gesti\u00f3 de recursos.<\/p>\n\n<div class=\"wp-block-buttons is-layout-flex wp-block-buttons-is-layout-flex\"><div class=\"wp-block-button\"><a class=\"wp-block-button__link wp-element-button\" href=\"https:\/\/greencourt.mgcomunicacio.com\/ca\/greencourt\/qui-som\/\">+info<\/a><\/div><\/div><\/div><div class=\"wp-block-greencourt-franja mod-franja amb_background marge-superior- marge-inferior-0 padding_fondo_xxl _alineacio_ _skin_ marge_sup_1 marge_inf_0 fons-terra-mobile\" data-aos=\"fade-up\" data-aos-delay=\"300\"><div class=\"maq-contenidor fullwidth\"><div class=\"maq-inner\"><div class=\"wp-block-greencourt-marges maq-contenidor normal marge-superior- marge-inferior-\" data-aos=\"off\" data-aos-delay=\"aos_delay\"><h2 class=\"wp-block-heading has-text-align-center is-style-com_titular_1 has-blanc-color has-text-color has-link-color wp-elements-204bf8f7d6e45593a3aedcfee4e8161d\">Quin \u00e9s el teu esport?<\/h2>\n\n<div style=\"height:15vh\" aria-hidden=\"true\" class=\"wp-block-spacer\"><\/div><\/div>\n\n<div class=\"wp-block-greencourt-marges maq-contenidor normal marge-superior- marge-inferior-\" data-aos=\"off\" data-aos-delay=\"aos_delay\"><div class=\"wp-block-greencourt-columnes-responsive mod-columnes-responsive cols-dsk-5 cols-tbl-2 cols-mob-1 gap-gran esquerra-orfes\"><div class=\"wp-block-greencourt-columna-responsive mod-columna-responsive-wrapper\"><div class=\"mod-columna-responsive valign-superior\"><figure class=\"wp-block-image size-full\"><a href=\"https:\/\/greencourt.mgcomunicacio.com\/ca\/solucions\/pistes-de-tenis\/\"><img loading=\"lazy\" decoding=\"async\" width=\"1200\" height=\"1200\" src=\"https:\/\/greencourt.mgcomunicacio.com\/wp-content\/uploads\/2025\/08\/Pistas-deportivas-para-centros-deportivos-01.jpg\" alt=\"\" class=\"wp-image-1316\" srcset=\"https:\/\/greencourt.mgcomunicacio.com\/wp-content\/uploads\/2025\/08\/Pistas-deportivas-para-centros-deportivos-01.jpg 1200w, https:\/\/greencourt.mgcomunicacio.com\/wp-content\/uploads\/2025\/08\/Pistas-deportivas-para-centros-deportivos-01-300x300.jpg 300w, https:\/\/greencourt.mgcomunicacio.com\/wp-content\/uploads\/2025\/08\/Pistas-deportivas-para-centros-deportivos-01-100x100.jpg 100w, https:\/\/greencourt.mgcomunicacio.com\/wp-content\/uploads\/2025\/08\/Pistas-deportivas-para-centros-deportivos-01-600x600.jpg 600w, https:\/\/greencourt.mgcomunicacio.com\/wp-content\/uploads\/2025\/08\/Pistas-deportivas-para-centros-deportivos-01-1024x1024.jpg 1024w, https:\/\/greencourt.mgcomunicacio.com\/wp-content\/uploads\/2025\/08\/Pistas-deportivas-para-centros-deportivos-01-150x150.jpg 150w, https:\/\/greencourt.mgcomunicacio.com\/wp-content\/uploads\/2025\/08\/Pistas-deportivas-para-centros-deportivos-01-768x768.jpg 768w, https:\/\/greencourt.mgcomunicacio.com\/wp-content\/uploads\/2025\/08\/Pistas-deportivas-para-centros-deportivos-01-340x340.jpg 340w, https:\/\/greencourt.mgcomunicacio.com\/wp-content\/uploads\/2025\/08\/Pistas-deportivas-para-centros-deportivos-01-140x140.jpg 140w\" sizes=\"auto, (max-width: 1200px) 100vw, 1200px\" \/><\/a><\/figure>\n\n<div style=\"height:39px\" aria-hidden=\"true\" class=\"wp-block-spacer\"><\/div>\n\n<h3 class=\"wp-block-heading has-text-align-center is-style-com_titular_4 has-blanc-color has-text-color has-link-color wp-elements-7f845749c61849cf700fac2b0aa6c671\"><a href=\"https:\/\/greencourt.mgcomunicacio.com\/ca\/solucions\/pistes-de-tenis\/\">Tennis<\/a><\/h3><\/div><\/div>\n\n<div class=\"wp-block-greencourt-columna-responsive mod-columna-responsive-wrapper\"><div class=\"mod-columna-responsive valign-superior\"><figure class=\"wp-block-image size-full\"><a href=\"https:\/\/greencourt.mgcomunicacio.com\/ca\/solucions\/pistes-de-padel\/\"><img loading=\"lazy\" decoding=\"async\" width=\"1200\" height=\"1200\" src=\"https:\/\/greencourt.mgcomunicacio.com\/wp-content\/uploads\/2025\/08\/Greencourt-pistas-de-tenis-de-tierra-batida-08.jpg\" alt=\"\" class=\"wp-image-1548\" srcset=\"https:\/\/greencourt.mgcomunicacio.com\/wp-content\/uploads\/2025\/08\/Greencourt-pistas-de-tenis-de-tierra-batida-08.jpg 1200w, https:\/\/greencourt.mgcomunicacio.com\/wp-content\/uploads\/2025\/08\/Greencourt-pistas-de-tenis-de-tierra-batida-08-300x300.jpg 300w, https:\/\/greencourt.mgcomunicacio.com\/wp-content\/uploads\/2025\/08\/Greencourt-pistas-de-tenis-de-tierra-batida-08-100x100.jpg 100w, https:\/\/greencourt.mgcomunicacio.com\/wp-content\/uploads\/2025\/08\/Greencourt-pistas-de-tenis-de-tierra-batida-08-600x600.jpg 600w, https:\/\/greencourt.mgcomunicacio.com\/wp-content\/uploads\/2025\/08\/Greencourt-pistas-de-tenis-de-tierra-batida-08-1024x1024.jpg 1024w, https:\/\/greencourt.mgcomunicacio.com\/wp-content\/uploads\/2025\/08\/Greencourt-pistas-de-tenis-de-tierra-batida-08-150x150.jpg 150w, https:\/\/greencourt.mgcomunicacio.com\/wp-content\/uploads\/2025\/08\/Greencourt-pistas-de-tenis-de-tierra-batida-08-768x768.jpg 768w, https:\/\/greencourt.mgcomunicacio.com\/wp-content\/uploads\/2025\/08\/Greencourt-pistas-de-tenis-de-tierra-batida-08-340x340.jpg 340w, https:\/\/greencourt.mgcomunicacio.com\/wp-content\/uploads\/2025\/08\/Greencourt-pistas-de-tenis-de-tierra-batida-08-140x140.jpg 140w\" sizes=\"auto, (max-width: 1200px) 100vw, 1200px\" \/><\/a><\/figure>\n\n<div style=\"height:39px\" aria-hidden=\"true\" class=\"wp-block-spacer\"><\/div>\n\n<h3 class=\"wp-block-heading has-text-align-center is-style-com_titular_4 has-blanc-color has-text-color has-link-color wp-elements-85ef053b14ba2415145e6afa7f7ae8ce\"><a href=\"https:\/\/greencourt.mgcomunicacio.com\/ca\/solucions\/pistes-de-padel\/\">P\u00e0del<\/a><\/h3><\/div><\/div>\n\n<div class=\"wp-block-greencourt-columna-responsive mod-columna-responsive-wrapper\"><div class=\"mod-columna-responsive valign-superior\"><figure class=\"wp-block-image size-full\"><a href=\"https:\/\/greencourt.mgcomunicacio.com\/ca\/solucions\/pickleball-2\/\"><img loading=\"lazy\" decoding=\"async\" width=\"1200\" height=\"1200\" src=\"https:\/\/greencourt.mgcomunicacio.com\/wp-content\/uploads\/2025\/08\/Greencourt-pistas-de-tenis-de-tierra-batida-06.jpg\" alt=\"\" class=\"wp-image-1550\" srcset=\"https:\/\/greencourt.mgcomunicacio.com\/wp-content\/uploads\/2025\/08\/Greencourt-pistas-de-tenis-de-tierra-batida-06.jpg 1200w, https:\/\/greencourt.mgcomunicacio.com\/wp-content\/uploads\/2025\/08\/Greencourt-pistas-de-tenis-de-tierra-batida-06-300x300.jpg 300w, https:\/\/greencourt.mgcomunicacio.com\/wp-content\/uploads\/2025\/08\/Greencourt-pistas-de-tenis-de-tierra-batida-06-100x100.jpg 100w, https:\/\/greencourt.mgcomunicacio.com\/wp-content\/uploads\/2025\/08\/Greencourt-pistas-de-tenis-de-tierra-batida-06-600x600.jpg 600w, https:\/\/greencourt.mgcomunicacio.com\/wp-content\/uploads\/2025\/08\/Greencourt-pistas-de-tenis-de-tierra-batida-06-1024x1024.jpg 1024w, https:\/\/greencourt.mgcomunicacio.com\/wp-content\/uploads\/2025\/08\/Greencourt-pistas-de-tenis-de-tierra-batida-06-150x150.jpg 150w, https:\/\/greencourt.mgcomunicacio.com\/wp-content\/uploads\/2025\/08\/Greencourt-pistas-de-tenis-de-tierra-batida-06-768x768.jpg 768w, https:\/\/greencourt.mgcomunicacio.com\/wp-content\/uploads\/2025\/08\/Greencourt-pistas-de-tenis-de-tierra-batida-06-340x340.jpg 340w, https:\/\/greencourt.mgcomunicacio.com\/wp-content\/uploads\/2025\/08\/Greencourt-pistas-de-tenis-de-tierra-batida-06-140x140.jpg 140w\" sizes=\"auto, (max-width: 1200px) 100vw, 1200px\" \/><\/a><\/figure>\n\n<div style=\"height:39px\" aria-hidden=\"true\" class=\"wp-block-spacer\"><\/div>\n\n<h3 class=\"wp-block-heading has-text-align-center is-style-com_titular_4 has-blanc-color has-text-color has-link-color wp-elements-3f8990048cf6edf3196668b207529970\"><a href=\"https:\/\/greencourt.mgcomunicacio.com\/ca\/solucions\/pickleball-2\/\">Pickleball<\/a><\/h3><\/div><\/div>\n\n<div class=\"wp-block-greencourt-columna-responsive mod-columna-responsive-wrapper\"><div class=\"mod-columna-responsive valign-superior\"><figure class=\"wp-block-image size-full\"><a href=\"https:\/\/greencourt.mgcomunicacio.com\/ca\/solucions\/camps-de-futbol\/\"><img loading=\"lazy\" decoding=\"async\" width=\"1200\" height=\"1200\" src=\"https:\/\/greencourt.mgcomunicacio.com\/wp-content\/uploads\/2025\/11\/Greencourt-pistas-de-tenis-de-tierra-batida-14.jpg\" alt=\"\" class=\"wp-image-4089\" srcset=\"https:\/\/greencourt.mgcomunicacio.com\/wp-content\/uploads\/2025\/11\/Greencourt-pistas-de-tenis-de-tierra-batida-14.jpg 1200w, https:\/\/greencourt.mgcomunicacio.com\/wp-content\/uploads\/2025\/11\/Greencourt-pistas-de-tenis-de-tierra-batida-14-300x300.jpg 300w, https:\/\/greencourt.mgcomunicacio.com\/wp-content\/uploads\/2025\/11\/Greencourt-pistas-de-tenis-de-tierra-batida-14-100x100.jpg 100w, https:\/\/greencourt.mgcomunicacio.com\/wp-content\/uploads\/2025\/11\/Greencourt-pistas-de-tenis-de-tierra-batida-14-600x600.jpg 600w, https:\/\/greencourt.mgcomunicacio.com\/wp-content\/uploads\/2025\/11\/Greencourt-pistas-de-tenis-de-tierra-batida-14-1024x1024.jpg 1024w, https:\/\/greencourt.mgcomunicacio.com\/wp-content\/uploads\/2025\/11\/Greencourt-pistas-de-tenis-de-tierra-batida-14-150x150.jpg 150w, https:\/\/greencourt.mgcomunicacio.com\/wp-content\/uploads\/2025\/11\/Greencourt-pistas-de-tenis-de-tierra-batida-14-768x768.jpg 768w, https:\/\/greencourt.mgcomunicacio.com\/wp-content\/uploads\/2025\/11\/Greencourt-pistas-de-tenis-de-tierra-batida-14-340x340.jpg 340w, https:\/\/greencourt.mgcomunicacio.com\/wp-content\/uploads\/2025\/11\/Greencourt-pistas-de-tenis-de-tierra-batida-14-140x140.jpg 140w\" sizes=\"auto, (max-width: 1200px) 100vw, 1200px\" \/><\/a><\/figure>\n\n<div style=\"height:39px\" aria-hidden=\"true\" class=\"wp-block-spacer\"><\/div>\n\n<h3 class=\"wp-block-heading has-text-align-center is-style-com_titular_4 has-blanc-color has-text-color has-link-color wp-elements-14a0252d79334a77de0277afa4ee26ed\"><a href=\"https:\/\/greencourt.mgcomunicacio.com\/ca\/solucions\/camps-de-futbol\/\">Camps de futbol<\/a><\/h3><\/div><\/div>\n\n<div class=\"wp-block-greencourt-columna-responsive mod-columna-responsive-wrapper\"><div class=\"mod-columna-responsive valign-superior\"><figure class=\"wp-block-image size-full\"><a href=\"https:\/\/greencourt.mgcomunicacio.com\/ca\/solucions\/altres-esports\/\"><img loading=\"lazy\" decoding=\"async\" width=\"1200\" height=\"1200\" src=\"https:\/\/greencourt.mgcomunicacio.com\/wp-content\/uploads\/2025\/08\/Pistas-deportivas-para-administracion-publica-01.jpg\" alt=\"\" class=\"wp-image-1288\" srcset=\"https:\/\/greencourt.mgcomunicacio.com\/wp-content\/uploads\/2025\/08\/Pistas-deportivas-para-administracion-publica-01.jpg 1200w, https:\/\/greencourt.mgcomunicacio.com\/wp-content\/uploads\/2025\/08\/Pistas-deportivas-para-administracion-publica-01-300x300.jpg 300w, https:\/\/greencourt.mgcomunicacio.com\/wp-content\/uploads\/2025\/08\/Pistas-deportivas-para-administracion-publica-01-100x100.jpg 100w, https:\/\/greencourt.mgcomunicacio.com\/wp-content\/uploads\/2025\/08\/Pistas-deportivas-para-administracion-publica-01-600x600.jpg 600w, https:\/\/greencourt.mgcomunicacio.com\/wp-content\/uploads\/2025\/08\/Pistas-deportivas-para-administracion-publica-01-1024x1024.jpg 1024w, https:\/\/greencourt.mgcomunicacio.com\/wp-content\/uploads\/2025\/08\/Pistas-deportivas-para-administracion-publica-01-150x150.jpg 150w, https:\/\/greencourt.mgcomunicacio.com\/wp-content\/uploads\/2025\/08\/Pistas-deportivas-para-administracion-publica-01-768x768.jpg 768w, https:\/\/greencourt.mgcomunicacio.com\/wp-content\/uploads\/2025\/08\/Pistas-deportivas-para-administracion-publica-01-340x340.jpg 340w, https:\/\/greencourt.mgcomunicacio.com\/wp-content\/uploads\/2025\/08\/Pistas-deportivas-para-administracion-publica-01-140x140.jpg 140w\" sizes=\"auto, (max-width: 1200px) 100vw, 1200px\" \/><\/a><\/figure>\n\n<div style=\"height:39px\" aria-hidden=\"true\" class=\"wp-block-spacer\"><\/div>\n\n<h3 class=\"wp-block-heading has-text-align-center is-style-com_titular_4 has-blanc-color has-text-color has-link-color wp-elements-50bedcbff39d2122d5aade44792c3661\"><a href=\"https:\/\/greencourt.mgcomunicacio.com\/ca\/solucions\/altres-esports\/\">Altres<br>esports<\/a><\/h3><\/div><\/div><\/div><\/div><\/div><\/div><div class=\"background\" style=\"background-image:url(https:\/\/greencourt.mgcomunicacio.com\/wp-content\/uploads\/2025\/04\/terra-batuda.jpg)\"><\/div><\/div><div class=\"wp-block-greencourt-franja mod-franja amb_background marge-superior-0 marge-inferior- padding_fondo_xxl _alineacio_ _skin_ marge_sup_0 marge_inf_1 fons-gespa-mobile\" data-aos=\"fade-up\" data-aos-delay=\"300\"><div class=\"maq-contenidor fullwidth\"><div class=\"maq-inner\"><div class=\"wp-block-greencourt-marges maq-contenidor normal marge-superior- marge-inferior-\" data-aos=\"off\" data-aos-delay=\"aos_delay\"><h2 class=\"wp-block-heading has-text-align-center is-style-com_titular_1 has-blanc-color has-text-color has-link-color wp-elements-2ff602fd4f74795660def7e2c6b79009\">Quin \u00e9s el teu sector?<\/h2>\n\n<div style=\"height:15vh\" aria-hidden=\"true\" class=\"wp-block-spacer\"><\/div><\/div>\n\n<div class=\"wp-block-greencourt-marges maq-contenidor normal marge-superior- marge-inferior-\" data-aos=\"off\" data-aos-delay=\"aos_delay\"><div class=\"wp-block-greencourt-columnes-responsive mod-columnes-responsive cols-dsk-5 cols-tbl-2 cols-mob-1 gap-gran centra-orfes\"><div class=\"wp-block-greencourt-columna-responsive mod-columna-responsive-wrapper\"><div class=\"mod-columna-responsive valign-superior\"><figure class=\"wp-block-image size-full\"><a href=\"https:\/\/greencourt.mgcomunicacio.com\/ca\/sectors\/administracio-publica\/\"><img loading=\"lazy\" decoding=\"async\" width=\"1200\" height=\"1200\" src=\"https:\/\/greencourt.mgcomunicacio.com\/wp-content\/uploads\/2025\/08\/Greencourt-pistas-de-tenis-de-tierra-batida-05.jpg\" alt=\"\" class=\"wp-image-1495\" srcset=\"https:\/\/greencourt.mgcomunicacio.com\/wp-content\/uploads\/2025\/08\/Greencourt-pistas-de-tenis-de-tierra-batida-05.jpg 1200w, https:\/\/greencourt.mgcomunicacio.com\/wp-content\/uploads\/2025\/08\/Greencourt-pistas-de-tenis-de-tierra-batida-05-300x300.jpg 300w, https:\/\/greencourt.mgcomunicacio.com\/wp-content\/uploads\/2025\/08\/Greencourt-pistas-de-tenis-de-tierra-batida-05-100x100.jpg 100w, https:\/\/greencourt.mgcomunicacio.com\/wp-content\/uploads\/2025\/08\/Greencourt-pistas-de-tenis-de-tierra-batida-05-600x600.jpg 600w, https:\/\/greencourt.mgcomunicacio.com\/wp-content\/uploads\/2025\/08\/Greencourt-pistas-de-tenis-de-tierra-batida-05-1024x1024.jpg 1024w, https:\/\/greencourt.mgcomunicacio.com\/wp-content\/uploads\/2025\/08\/Greencourt-pistas-de-tenis-de-tierra-batida-05-150x150.jpg 150w, https:\/\/greencourt.mgcomunicacio.com\/wp-content\/uploads\/2025\/08\/Greencourt-pistas-de-tenis-de-tierra-batida-05-768x768.jpg 768w, https:\/\/greencourt.mgcomunicacio.com\/wp-content\/uploads\/2025\/08\/Greencourt-pistas-de-tenis-de-tierra-batida-05-340x340.jpg 340w, https:\/\/greencourt.mgcomunicacio.com\/wp-content\/uploads\/2025\/08\/Greencourt-pistas-de-tenis-de-tierra-batida-05-140x140.jpg 140w\" sizes=\"auto, (max-width: 1200px) 100vw, 1200px\" \/><\/a><\/figure>\n\n<div style=\"height:39px\" aria-hidden=\"true\" class=\"wp-block-spacer\"><\/div>\n\n<h3 class=\"wp-block-heading has-text-align-center is-style-com_titular_4 has-blanc-color has-text-color has-link-color wp-elements-aed80f5ecfdf2ba2076157d009c22793\"><a href=\"https:\/\/greencourt.mgcomunicacio.com\/ca\/sectors\/administracio-publica\/\">Aministraci\u00f3<br>p\u00fablica<\/a><\/h3><\/div><\/div>\n\n<div class=\"wp-block-greencourt-columna-responsive mod-columna-responsive-wrapper\"><div class=\"mod-columna-responsive valign-superior\"><figure class=\"wp-block-image size-full\"><a href=\"https:\/\/greencourt.mgcomunicacio.com\/ca\/sectors\/clubs-i-centres-esportius\/\"><img loading=\"lazy\" decoding=\"async\" width=\"1200\" height=\"1200\" src=\"https:\/\/greencourt.mgcomunicacio.com\/wp-content\/uploads\/2025\/11\/Greencourt-pistas-de-tenis-de-tierra-batida-15.jpg\" alt=\"\" class=\"wp-image-4092\" srcset=\"https:\/\/greencourt.mgcomunicacio.com\/wp-content\/uploads\/2025\/11\/Greencourt-pistas-de-tenis-de-tierra-batida-15.jpg 1200w, https:\/\/greencourt.mgcomunicacio.com\/wp-content\/uploads\/2025\/11\/Greencourt-pistas-de-tenis-de-tierra-batida-15-300x300.jpg 300w, https:\/\/greencourt.mgcomunicacio.com\/wp-content\/uploads\/2025\/11\/Greencourt-pistas-de-tenis-de-tierra-batida-15-100x100.jpg 100w, https:\/\/greencourt.mgcomunicacio.com\/wp-content\/uploads\/2025\/11\/Greencourt-pistas-de-tenis-de-tierra-batida-15-600x600.jpg 600w, https:\/\/greencourt.mgcomunicacio.com\/wp-content\/uploads\/2025\/11\/Greencourt-pistas-de-tenis-de-tierra-batida-15-1024x1024.jpg 1024w, https:\/\/greencourt.mgcomunicacio.com\/wp-content\/uploads\/2025\/11\/Greencourt-pistas-de-tenis-de-tierra-batida-15-150x150.jpg 150w, https:\/\/greencourt.mgcomunicacio.com\/wp-content\/uploads\/2025\/11\/Greencourt-pistas-de-tenis-de-tierra-batida-15-768x768.jpg 768w, https:\/\/greencourt.mgcomunicacio.com\/wp-content\/uploads\/2025\/11\/Greencourt-pistas-de-tenis-de-tierra-batida-15-340x340.jpg 340w, https:\/\/greencourt.mgcomunicacio.com\/wp-content\/uploads\/2025\/11\/Greencourt-pistas-de-tenis-de-tierra-batida-15-140x140.jpg 140w\" sizes=\"auto, (max-width: 1200px) 100vw, 1200px\" \/><\/a><\/figure>\n\n<div style=\"height:39px\" aria-hidden=\"true\" class=\"wp-block-spacer\"><\/div>\n\n<h3 class=\"wp-block-heading has-text-align-center is-style-com_titular_4 has-blanc-color has-text-color has-link-color wp-elements-7b3f759c207a2a95baebce1e30271481\"><a href=\"http:\/\/localhost\/gc\/wp-admin\/post.php?post=65&amp;action=edit#\" target=\"_blank\" rel=\"noopener\"><\/a><a href=\"https:\/\/greencourt.mgcomunicacio.com\/ca\/sectors\/clubs-i-centres-esportius\/\">Centres esportius<\/a><\/h3><\/div><\/div>\n\n<div class=\"wp-block-greencourt-columna-responsive mod-columna-responsive-wrapper\"><div class=\"mod-columna-responsive valign-superior\"><figure class=\"wp-block-image size-full\"><a href=\"https:\/\/greencourt.mgcomunicacio.com\/ca\/sectors\/escoles-i-centres-educatius\/\"><img loading=\"lazy\" decoding=\"async\" width=\"1200\" height=\"1200\" src=\"https:\/\/greencourt.mgcomunicacio.com\/wp-content\/uploads\/2025\/11\/Greencourt-pistas-de-tenis-de-tierra-batida-16.jpg\" alt=\"\" class=\"wp-image-4091\" srcset=\"https:\/\/greencourt.mgcomunicacio.com\/wp-content\/uploads\/2025\/11\/Greencourt-pistas-de-tenis-de-tierra-batida-16.jpg 1200w, https:\/\/greencourt.mgcomunicacio.com\/wp-content\/uploads\/2025\/11\/Greencourt-pistas-de-tenis-de-tierra-batida-16-300x300.jpg 300w, https:\/\/greencourt.mgcomunicacio.com\/wp-content\/uploads\/2025\/11\/Greencourt-pistas-de-tenis-de-tierra-batida-16-100x100.jpg 100w, https:\/\/greencourt.mgcomunicacio.com\/wp-content\/uploads\/2025\/11\/Greencourt-pistas-de-tenis-de-tierra-batida-16-600x600.jpg 600w, https:\/\/greencourt.mgcomunicacio.com\/wp-content\/uploads\/2025\/11\/Greencourt-pistas-de-tenis-de-tierra-batida-16-1024x1024.jpg 1024w, https:\/\/greencourt.mgcomunicacio.com\/wp-content\/uploads\/2025\/11\/Greencourt-pistas-de-tenis-de-tierra-batida-16-150x150.jpg 150w, https:\/\/greencourt.mgcomunicacio.com\/wp-content\/uploads\/2025\/11\/Greencourt-pistas-de-tenis-de-tierra-batida-16-768x768.jpg 768w, https:\/\/greencourt.mgcomunicacio.com\/wp-content\/uploads\/2025\/11\/Greencourt-pistas-de-tenis-de-tierra-batida-16-340x340.jpg 340w, https:\/\/greencourt.mgcomunicacio.com\/wp-content\/uploads\/2025\/11\/Greencourt-pistas-de-tenis-de-tierra-batida-16-140x140.jpg 140w\" sizes=\"auto, (max-width: 1200px) 100vw, 1200px\" \/><\/a><\/figure>\n\n<div style=\"height:39px\" aria-hidden=\"true\" class=\"wp-block-spacer\"><\/div>\n\n<h3 class=\"wp-block-heading has-text-align-center is-style-com_titular_4 has-blanc-color has-text-color has-link-color wp-elements-3d70da7c44735c336b0a019553f16a76\"><a href=\"https:\/\/greencourt.mgcomunicacio.com\/ca\/sectors\/escoles-i-centres-educatius\/\">Escoles i centres educatius<\/a><\/h3>\n\n<p><\/p><\/div><\/div>\n\n<div class=\"wp-block-greencourt-columna-responsive mod-columna-responsive-wrapper\"><div class=\"mod-columna-responsive valign-superior\"><figure class=\"wp-block-image size-full\"><a href=\"https:\/\/greencourt.mgcomunicacio.com\/ca\/sectors\/jardiners-i-gardens\/\"><img loading=\"lazy\" decoding=\"async\" width=\"1200\" height=\"1200\" src=\"https:\/\/greencourt.mgcomunicacio.com\/wp-content\/uploads\/2025\/08\/Greencourt-pistas-de-tenis-de-tierra-batida-03.jpg\" alt=\"\" class=\"wp-image-1497\" srcset=\"https:\/\/greencourt.mgcomunicacio.com\/wp-content\/uploads\/2025\/08\/Greencourt-pistas-de-tenis-de-tierra-batida-03.jpg 1200w, https:\/\/greencourt.mgcomunicacio.com\/wp-content\/uploads\/2025\/08\/Greencourt-pistas-de-tenis-de-tierra-batida-03-300x300.jpg 300w, https:\/\/greencourt.mgcomunicacio.com\/wp-content\/uploads\/2025\/08\/Greencourt-pistas-de-tenis-de-tierra-batida-03-100x100.jpg 100w, https:\/\/greencourt.mgcomunicacio.com\/wp-content\/uploads\/2025\/08\/Greencourt-pistas-de-tenis-de-tierra-batida-03-600x600.jpg 600w, https:\/\/greencourt.mgcomunicacio.com\/wp-content\/uploads\/2025\/08\/Greencourt-pistas-de-tenis-de-tierra-batida-03-1024x1024.jpg 1024w, https:\/\/greencourt.mgcomunicacio.com\/wp-content\/uploads\/2025\/08\/Greencourt-pistas-de-tenis-de-tierra-batida-03-150x150.jpg 150w, https:\/\/greencourt.mgcomunicacio.com\/wp-content\/uploads\/2025\/08\/Greencourt-pistas-de-tenis-de-tierra-batida-03-768x768.jpg 768w, https:\/\/greencourt.mgcomunicacio.com\/wp-content\/uploads\/2025\/08\/Greencourt-pistas-de-tenis-de-tierra-batida-03-340x340.jpg 340w, https:\/\/greencourt.mgcomunicacio.com\/wp-content\/uploads\/2025\/08\/Greencourt-pistas-de-tenis-de-tierra-batida-03-140x140.jpg 140w\" sizes=\"auto, (max-width: 1200px) 100vw, 1200px\" \/><\/a><\/figure>\n\n<div style=\"height:39px\" aria-hidden=\"true\" class=\"wp-block-spacer\"><\/div>\n\n<h3 class=\"wp-block-heading has-text-align-center is-style-com_titular_4 has-blanc-color has-text-color has-link-color wp-elements-9a0e5f53afe2381e74860f4231dd0c8b\"><a href=\"https:\/\/greencourt.mgcomunicacio.com\/ca\/sectors\/jardiners-i-gardens\/\">Jardiners i gardens<\/a><\/h3><\/div><\/div>\n\n<div class=\"wp-block-greencourt-columna-responsive mod-columna-responsive-wrapper\"><div class=\"mod-columna-responsive valign-superior\"><figure class=\"wp-block-image size-full\"><a href=\"https:\/\/greencourt.mgcomunicacio.com\/ca\/sectors\/particulars\/\"><img loading=\"lazy\" decoding=\"async\" width=\"1200\" height=\"1200\" src=\"https:\/\/greencourt.mgcomunicacio.com\/wp-content\/uploads\/2025\/08\/Soluciones-de-jardines-particulares-01.jpg\" alt=\"\" class=\"wp-image-1341\" srcset=\"https:\/\/greencourt.mgcomunicacio.com\/wp-content\/uploads\/2025\/08\/Soluciones-de-jardines-particulares-01.jpg 1200w, https:\/\/greencourt.mgcomunicacio.com\/wp-content\/uploads\/2025\/08\/Soluciones-de-jardines-particulares-01-300x300.jpg 300w, https:\/\/greencourt.mgcomunicacio.com\/wp-content\/uploads\/2025\/08\/Soluciones-de-jardines-particulares-01-100x100.jpg 100w, https:\/\/greencourt.mgcomunicacio.com\/wp-content\/uploads\/2025\/08\/Soluciones-de-jardines-particulares-01-600x600.jpg 600w, https:\/\/greencourt.mgcomunicacio.com\/wp-content\/uploads\/2025\/08\/Soluciones-de-jardines-particulares-01-1024x1024.jpg 1024w, https:\/\/greencourt.mgcomunicacio.com\/wp-content\/uploads\/2025\/08\/Soluciones-de-jardines-particulares-01-150x150.jpg 150w, https:\/\/greencourt.mgcomunicacio.com\/wp-content\/uploads\/2025\/08\/Soluciones-de-jardines-particulares-01-768x768.jpg 768w, https:\/\/greencourt.mgcomunicacio.com\/wp-content\/uploads\/2025\/08\/Soluciones-de-jardines-particulares-01-340x340.jpg 340w, https:\/\/greencourt.mgcomunicacio.com\/wp-content\/uploads\/2025\/08\/Soluciones-de-jardines-particulares-01-140x140.jpg 140w\" sizes=\"auto, (max-width: 1200px) 100vw, 1200px\" \/><\/a><\/figure>\n\n<div style=\"height:39px\" aria-hidden=\"true\" class=\"wp-block-spacer\"><\/div>\n\n<h3 class=\"wp-block-heading has-text-align-center is-style-com_titular_4 has-blanc-color has-text-color has-link-color wp-elements-efce7529c0c8e178db4eb83f164f703e\"><a href=\"https:\/\/greencourt.mgcomunicacio.com\/ca\/sectors\/particulars\/\">Particulars<\/a><\/h3><\/div><\/div><\/div><\/div><\/div><\/div><div class=\"background\" style=\"background-image:url(https:\/\/greencourt.mgcomunicacio.com\/wp-content\/uploads\/2025\/04\/herba.jpg)\"><\/div><\/div><div class=\"wp-block-greencourt-ajedrez mod-escacs align-superior marge-superior- marge-inferior-\"><div class=\"wp-block-greencourt-ajedrez-interior interior maq_cols_flex cols_2\"><div class=\"col text\"><div class=\"text-wrapper\"><h2 class=\"wp-block-heading is-style-com_titular_1\">C\u00e0lcul de la petjada de carboni<\/h2>\n\n<p class=\"is-style-com_titular_4\">Greencourt referent en construcci\u00f3 de pistes de tennis amb la ISO 14067:2018 per avan\u00e7ar en la descarbonitzaci\u00f3 del sector esportiu.<\/p>\n\n<div class=\"wp-block-buttons is-layout-flex wp-block-buttons-is-layout-flex\"><div class=\"wp-block-button\"><a class=\"wp-block-button__link wp-element-button\" href=\"https:\/\/greencourt.mgcomunicacio.com\/ca\/greencourt-consolida-el-seu-lideratge-en-sostenibilitat-amb-el-calcul-de-la-petjada-de-carboni-de-totes-les-capes-que-componen-la-seva-pista-de-terra-batuda\/\">+info<\/a><\/div><\/div><\/div><\/div><div class=\"col img\"><div class=\"img-container\" style=\"background-image:url(https:\/\/greencourt.mgcomunicacio.com\/wp-content\/uploads\/2025\/08\/Greencourt-sostenibilitat-01.jpg)\"><\/div><\/div><\/div>\n\n<div class=\"wp-block-greencourt-ajedrez-interior interior maq_cols_flex cols_2\"><div class=\"col text\"><div class=\"text-wrapper\"><h2 class=\"wp-block-heading is-style-com_titular_1 has-gris-greencourt-color has-text-color has-link-color wp-elements-c60cce6f4d034e428dedf01a2c96b8f0\">Dissenya online la teva pista<\/h2>\n\n<p class=\"is-style-com_titular_4\"><strong>Personalitza de forma interactiva cada zona del camp amb la paleta dels 36 colors diponibles.<\/strong><\/p>\n\n<div class=\"wp-block-buttons is-layout-flex wp-block-buttons-is-layout-flex\"><div class=\"wp-block-button\"><a class=\"wp-block-button__link wp-element-button\" href=\"https:\/\/greencourt.mgcomunicacio.com\/ca\/solucions\/pistes-de-tenis\/dissenya-la-teva-pista-de-tenis\/\">+info<\/a><\/div><\/div><\/div><\/div><div class=\"col img\"><div class=\"img-container\" style=\"background-image:url(https:\/\/greencourt.mgcomunicacio.com\/wp-content\/uploads\/2025\/08\/Colores-de-pistas-deportivas-01.jpg)\"><\/div><\/div><\/div>\n\n<div class=\"wp-block-greencourt-ajedrez-interior interior maq_cols_flex cols_2\"><div class=\"col text\"><div class=\"text-wrapper\"><h2 class=\"wp-block-heading is-style-com_titular_1\">Descobreix la nostra botiga<\/h2>\n\n<p><\/p>\n\n<p class=\"is-style-com_titular_4\">Tenim la gamma m\u00e9s \u00e0mplia del mercat en productes per a pistes de tennis, p\u00e0del, pickleball, futbol sala i multiesport.<\/p>\n\n<p><\/p>\n\n<p class=\"is-style-com_titular_4\">Compra r\u00e0pid i \u00e0gil, amb la garantia Greencourt.<\/p>\n\n<div class=\"wp-block-buttons is-layout-flex wp-block-buttons-is-layout-flex\"><div class=\"wp-block-button\"><a class=\"wp-block-button__link wp-element-button\" href=\"https:\/\/greencourt.mgcomunicacio.com\/ca\/botiga\/\">+ info<\/a><\/div><\/div><\/div><\/div><div class=\"col img\"><div class=\"img-container\" style=\"background-image:url(https:\/\/greencourt.mgcomunicacio.com\/wp-content\/uploads\/2025\/08\/Greencourt-pistas-de-tenis-de-tierra-batida-09.jpg)\"><\/div><\/div><\/div>\n\n<div class=\"wp-block-greencourt-ajedrez-interior interior maq_cols_flex cols_2\"><div class=\"col text\"><div class=\"text-wrapper\"><h2 class=\"wp-block-heading is-style-com_titular_1\">Patrocini i suport a l&#8217;esport<\/h2>\n\n<p><\/p>\n\n<p class=\"is-style-com_titular_4\">Donem suport a l\u2019excel\u00b7l\u00e8ncia formativa gr\u00e0cies a la nostra vinculaci\u00f3 amb la<a href=\"https:\/\/www.rafanadalacademy.com\/\" target=\"_blank\" rel=\"noreferrer noopener\">&nbsp;Rafa Nadal Academy<\/a>, el&nbsp;<a href=\"https:\/\/rcpolo.com\/\" target=\"_blank\" rel=\"noreferrer noopener\">Real Club de Polo de Barcelona<\/a>, som col\u00b7laboradors oficials de la&nbsp;<a href=\"https:\/\/fctennis.cat\/\" target=\"_blank\" rel=\"noreferrer noopener\">Federaci\u00f3 Catalana de Tennis<\/a>,  i donem suport al talent professional a trav\u00e9s de&nbsp;<a href=\"https:\/\/www.padelfip.com\/es\/player\/ferran-insa-sotillo\/\" target=\"_blank\" rel=\"noreferrer noopener\">Ferran Insa<\/a>.<\/p>\n\n<div class=\"wp-block-buttons is-layout-flex wp-block-buttons-is-layout-flex\"><div class=\"wp-block-button\"><a class=\"wp-block-button__link wp-element-button\" href=\"https:\/\/greencourt.mgcomunicacio.com\/ca\/greencourt\/patrocini\/\">+ info<\/a><\/div><\/div><\/div><\/div><div class=\"col img\"><div class=\"img-container\" style=\"background-image:url(https:\/\/greencourt.mgcomunicacio.com\/wp-content\/uploads\/2025\/08\/Greencourt-qui-som-04.jpg)\"><\/div><\/div><\/div><\/div><div style=\"height:15vh\" aria-hidden=\"true\" class=\"wp-block-spacer\"><\/div><div class=\"wp-block-greencourt-marges maq-contenidor normal marge-superior-petit marge-inferior-\" data-aos=\"off\" data-aos-delay=\"aos_delay\"><h2 class=\"wp-block-heading has-text-align-center is-style-com_titular_1\">Actualitat Greencourt<\/h2>\n\n<div style=\"height:100px\" aria-hidden=\"true\" class=\"wp-block-spacer\"><\/div><\/div><div class=\"wp-block-greencourt-marges maq-contenidor normal marge-superior- marge-inferior-\" data-aos=\"off\" data-aos-delay=\"aos_delay\"><div class=\"wp-block-greencourt-loop-posts mod-ultims-posts\"><div class=\"inner\"><div class=\"loop maq_cols_grid cols_3\"><div class=\"post \">\r\n\t<div class=\"img\">\r\n\t\t<a href=\"https:\/\/greencourt.mgcomunicacio.com\/ca\/estrenem-nova-web\/\"><img loading=\"lazy\" decoding=\"async\" width=\"600\" height=\"600\" src=\"https:\/\/greencourt.mgcomunicacio.com\/wp-content\/uploads\/2025\/02\/Estrenamos-nueva-web-01-600x600.jpg\" class=\"attachment-greencourt_quad size-greencourt_quad wp-post-image\" alt=\"\" srcset=\"https:\/\/greencourt.mgcomunicacio.com\/wp-content\/uploads\/2025\/02\/Estrenamos-nueva-web-01-600x600.jpg 600w, https:\/\/greencourt.mgcomunicacio.com\/wp-content\/uploads\/2025\/02\/Estrenamos-nueva-web-01-300x300.jpg 300w, https:\/\/greencourt.mgcomunicacio.com\/wp-content\/uploads\/2025\/02\/Estrenamos-nueva-web-01-100x100.jpg 100w, https:\/\/greencourt.mgcomunicacio.com\/wp-content\/uploads\/2025\/02\/Estrenamos-nueva-web-01-150x150.jpg 150w\" sizes=\"auto, (max-width: 600px) 100vw, 600px\" \/><\/a>\r\n\t<\/div>\r\n\t<div class=\"info\">\r\n\t\t<div class=\"info-inner\">\r\n\t\t\t\t\t\t<h3 class=\"is-style-com_titular_4 js_iguala_alturas\"><a href=\"https:\/\/greencourt.mgcomunicacio.com\/ca\/estrenem-nova-web\/\">Estrenem nova web!<\/a><\/h3>\r\n\t\t\t<p class=\"excerpt js_iguala_alturas\">\r\n\t\t\t\t Estrenem nova p\u00e0gina web!\n\n\n\nA Greencourt fem un pas endavant i presentem la nostra nova p\u00e0gina web, completament redissenyada per reflectir la nostra identitat actual i tot el coneixement acumulat al llarg de m\u00e9s de dues d\u00e8cades dedicades a...\t\t\t<\/p>\r\n\t\t\t<div class=\"wp-block-button\"><a href=\"https:\/\/greencourt.mgcomunicacio.com\/ca\/estrenem-nova-web\/\" class=\"wp-block-button__link wp-element-button\">+info<\/a><\/div>\r\n\t\t<\/div>\r\n\t<\/div>\r\n<\/div><!-- \/post -->\r\n<div class=\"post \">\r\n\t<div class=\"img\">\r\n\t\t<a href=\"https:\/\/greencourt.mgcomunicacio.com\/ca\/greencourt-nou-proveidor-oficial-de-pistes-de-terra-batuda-de-la-rafa-nadal-academy\/\"><img loading=\"lazy\" decoding=\"async\" width=\"600\" height=\"600\" src=\"https:\/\/greencourt.mgcomunicacio.com\/wp-content\/uploads\/2025\/11\/Greencourt-nuevo-proveedor-oficial-de-pistas-de-tierra-batida-de-la-Rafa-Nadal-Academy-01-600x600.jpg\" class=\"attachment-greencourt_quad size-greencourt_quad wp-post-image\" alt=\"\" srcset=\"https:\/\/greencourt.mgcomunicacio.com\/wp-content\/uploads\/2025\/11\/Greencourt-nuevo-proveedor-oficial-de-pistas-de-tierra-batida-de-la-Rafa-Nadal-Academy-01-600x600.jpg 600w, https:\/\/greencourt.mgcomunicacio.com\/wp-content\/uploads\/2025\/11\/Greencourt-nuevo-proveedor-oficial-de-pistas-de-tierra-batida-de-la-Rafa-Nadal-Academy-01-scaled-300x300.jpg 300w, https:\/\/greencourt.mgcomunicacio.com\/wp-content\/uploads\/2025\/11\/Greencourt-nuevo-proveedor-oficial-de-pistas-de-tierra-batida-de-la-Rafa-Nadal-Academy-01-scaled-100x100.jpg 100w, https:\/\/greencourt.mgcomunicacio.com\/wp-content\/uploads\/2025\/11\/Greencourt-nuevo-proveedor-oficial-de-pistas-de-tierra-batida-de-la-Rafa-Nadal-Academy-01-150x150.jpg 150w\" sizes=\"auto, (max-width: 600px) 100vw, 600px\" \/><\/a>\r\n\t<\/div>\r\n\t<div class=\"info\">\r\n\t\t<div class=\"info-inner\">\r\n\t\t\t\t\t\t<h3 class=\"is-style-com_titular_4 js_iguala_alturas\"><a href=\"https:\/\/greencourt.mgcomunicacio.com\/ca\/greencourt-nou-proveidor-oficial-de-pistes-de-terra-batuda-de-la-rafa-nadal-academy\/\">Greencourt, nou prove\u00efdor oficial de pistes de terra batuda de la Rafa Nadal Academy<\/a><\/h3>\r\n\t\t\t<p class=\"excerpt js_iguala_alturas\">\r\n\t\t\t\t Acord RafaNadal AcademyGreencourt, nou prove\u00efdor oficial de pistes de terra batuda de la Rafa Nadal Academy\n\n\n\nEns enorgulleix anunciar que Greencourt esdev\u00e9 el prove\u00efdor oficial de pistes de terra batuda de la Rafa Nadal Academy, una de les...\t\t\t<\/p>\r\n\t\t\t<div class=\"wp-block-button\"><a href=\"https:\/\/greencourt.mgcomunicacio.com\/ca\/greencourt-nou-proveidor-oficial-de-pistes-de-terra-batuda-de-la-rafa-nadal-academy\/\" class=\"wp-block-button__link wp-element-button\">+info<\/a><\/div>\r\n\t\t<\/div>\r\n\t<\/div>\r\n<\/div><!-- \/post -->\r\n<div class=\"post \">\r\n\t<div class=\"img\">\r\n\t\t<a href=\"https:\/\/greencourt.mgcomunicacio.com\/ca\/greencourt-suneix-a-la-familia-de-patrocinadors-del-reial-club-de-tennis-barcelona-1899\/\"><img loading=\"lazy\" decoding=\"async\" width=\"600\" height=\"600\" src=\"https:\/\/greencourt.mgcomunicacio.com\/wp-content\/uploads\/2025\/11\/Greencourt-es-patrocnaidor-de-RCTB-01-600x600.jpg\" class=\"attachment-greencourt_quad size-greencourt_quad wp-post-image\" alt=\"\" srcset=\"https:\/\/greencourt.mgcomunicacio.com\/wp-content\/uploads\/2025\/11\/Greencourt-es-patrocnaidor-de-RCTB-01-600x600.jpg 600w, https:\/\/greencourt.mgcomunicacio.com\/wp-content\/uploads\/2025\/11\/Greencourt-es-patrocnaidor-de-RCTB-01-300x300.jpg 300w, https:\/\/greencourt.mgcomunicacio.com\/wp-content\/uploads\/2025\/11\/Greencourt-es-patrocnaidor-de-RCTB-01-100x100.jpg 100w, https:\/\/greencourt.mgcomunicacio.com\/wp-content\/uploads\/2025\/11\/Greencourt-es-patrocnaidor-de-RCTB-01-150x150.jpg 150w\" sizes=\"auto, (max-width: 600px) 100vw, 600px\" \/><\/a>\r\n\t<\/div>\r\n\t<div class=\"info\">\r\n\t\t<div class=\"info-inner\">\r\n\t\t\t\t\t\t<h3 class=\"is-style-com_titular_4 js_iguala_alturas\"><a href=\"https:\/\/greencourt.mgcomunicacio.com\/ca\/greencourt-suneix-a-la-familia-de-patrocinadors-del-reial-club-de-tennis-barcelona-1899\/\">Greencourt s&#8217;uneix a la fam\u00edlia de patrocinadors del Reial Club de Tennis Barcelona \u2013 1899<\/a><\/h3>\r\n\t\t\t<p class=\"excerpt js_iguala_alturas\">\r\n\t\t\t\t Patrocinadordel RCTB-1899Greencourt s&#8217;uneix a la fam\u00edlia de patrocinadors del Reial Club de Tennis Barcelona \u2013 1899\n\n\n\nGreencourt fa un pas endavant i s&#8217;incorpora oficialment a la fam\u00edlia de patrocinadors del Reial Club de Tennis...\t\t\t<\/p>\r\n\t\t\t<div class=\"wp-block-button\"><a href=\"https:\/\/greencourt.mgcomunicacio.com\/ca\/greencourt-suneix-a-la-familia-de-patrocinadors-del-reial-club-de-tennis-barcelona-1899\/\" class=\"wp-block-button__link wp-element-button\">+info<\/a><\/div>\r\n\t\t<\/div>\r\n\t<\/div>\r\n<\/div><!-- \/post -->\r\n<div class=\"post \">\r\n\t<div class=\"img\">\r\n\t\t<a href=\"https:\/\/greencourt.mgcomunicacio.com\/ca\/lopen-greencourt-celebra-una-nova-edicio-al-club-tennis-sabadell\/\"><img loading=\"lazy\" decoding=\"async\" width=\"600\" height=\"600\" src=\"https:\/\/greencourt.mgcomunicacio.com\/wp-content\/uploads\/2025\/11\/El-Open-Greencourt-celebra-una-nueva-edicion-en-el-Club-Tennis-Sabadell-03-600x600.jpg\" class=\"attachment-greencourt_quad size-greencourt_quad wp-post-image\" alt=\"\" srcset=\"https:\/\/greencourt.mgcomunicacio.com\/wp-content\/uploads\/2025\/11\/El-Open-Greencourt-celebra-una-nueva-edicion-en-el-Club-Tennis-Sabadell-03-600x600.jpg 600w, https:\/\/greencourt.mgcomunicacio.com\/wp-content\/uploads\/2025\/11\/El-Open-Greencourt-celebra-una-nueva-edicion-en-el-Club-Tennis-Sabadell-03-300x300.jpg 300w, https:\/\/greencourt.mgcomunicacio.com\/wp-content\/uploads\/2025\/11\/El-Open-Greencourt-celebra-una-nueva-edicion-en-el-Club-Tennis-Sabadell-03-100x100.jpg 100w, https:\/\/greencourt.mgcomunicacio.com\/wp-content\/uploads\/2025\/11\/El-Open-Greencourt-celebra-una-nueva-edicion-en-el-Club-Tennis-Sabadell-03-150x150.jpg 150w\" sizes=\"auto, (max-width: 600px) 100vw, 600px\" \/><\/a>\r\n\t<\/div>\r\n\t<div class=\"info\">\r\n\t\t<div class=\"info-inner\">\r\n\t\t\t\t\t\t<h3 class=\"is-style-com_titular_4 js_iguala_alturas\"><a href=\"https:\/\/greencourt.mgcomunicacio.com\/ca\/lopen-greencourt-celebra-una-nova-edicio-al-club-tennis-sabadell\/\">L&#8217;Open Greencourt celebra una nova edici\u00f3 al Club Tennis Sabadell<\/a><\/h3>\r\n\t\t\t<p class=\"excerpt js_iguala_alturas\">\r\n\t\t\t\t Open Greencourt2025L&#8217;Open Greencourt celebra una nova edici\u00f3 al Club Tennis Sabadell\n\n\n\nEl 31\u00e8 Trofeu Internacional de Tennis Ciutat de Sabadell \u2013 Open Greencourt 2025 ha tornat a convertir el Club Tennis Sabadell en l&#8217;epicentre...\t\t\t<\/p>\r\n\t\t\t<div class=\"wp-block-button\"><a href=\"https:\/\/greencourt.mgcomunicacio.com\/ca\/lopen-greencourt-celebra-una-nova-edicio-al-club-tennis-sabadell\/\" class=\"wp-block-button__link wp-element-button\">+info<\/a><\/div>\r\n\t\t<\/div>\r\n\t<\/div>\r\n<\/div><!-- \/post -->\r\n<div class=\"post \">\r\n\t<div class=\"img\">\r\n\t\t<a href=\"https:\/\/greencourt.mgcomunicacio.com\/ca\/inauguracio-de-les-noves-installacions-del-club-de-tennis-sabadell\/\"><img loading=\"lazy\" decoding=\"async\" width=\"600\" height=\"600\" src=\"https:\/\/greencourt.mgcomunicacio.com\/wp-content\/uploads\/2025\/10\/Inauguracion-de-las-nuevas-instalaciones-del-Club-de-Tennis-Sabadell-03-600x600.jpg\" class=\"attachment-greencourt_quad size-greencourt_quad wp-post-image\" alt=\"\" srcset=\"https:\/\/greencourt.mgcomunicacio.com\/wp-content\/uploads\/2025\/10\/Inauguracion-de-las-nuevas-instalaciones-del-Club-de-Tennis-Sabadell-03-600x600.jpg 600w, https:\/\/greencourt.mgcomunicacio.com\/wp-content\/uploads\/2025\/10\/Inauguracion-de-las-nuevas-instalaciones-del-Club-de-Tennis-Sabadell-03-300x300.jpg 300w, https:\/\/greencourt.mgcomunicacio.com\/wp-content\/uploads\/2025\/10\/Inauguracion-de-las-nuevas-instalaciones-del-Club-de-Tennis-Sabadell-03-100x100.jpg 100w, https:\/\/greencourt.mgcomunicacio.com\/wp-content\/uploads\/2025\/10\/Inauguracion-de-las-nuevas-instalaciones-del-Club-de-Tennis-Sabadell-03-150x150.jpg 150w\" sizes=\"auto, (max-width: 600px) 100vw, 600px\" \/><\/a>\r\n\t<\/div>\r\n\t<div class=\"info\">\r\n\t\t<div class=\"info-inner\">\r\n\t\t\t\t\t\t<h3 class=\"is-style-com_titular_4 js_iguala_alturas\"><a href=\"https:\/\/greencourt.mgcomunicacio.com\/ca\/inauguracio-de-les-noves-installacions-del-club-de-tennis-sabadell\/\">Inauguraci\u00f3 de les noves instal\u00b7lacions del Club de Tennis Sabadell<\/a><\/h3>\r\n\t\t\t<p class=\"excerpt js_iguala_alturas\">\r\n\t\t\t\t Noves instal\u00b7lacions del Club de Tennis SabadellUn projecte que eleva el nivell del Club Tennis Sabadell i consolida una nova etapa per als seus socis i esportistes. \n\n\n\nEl passat dissabte 25 d&#8217;octubre, vam viure un moment molt especial...\t\t\t<\/p>\r\n\t\t\t<div class=\"wp-block-button\"><a href=\"https:\/\/greencourt.mgcomunicacio.com\/ca\/inauguracio-de-les-noves-installacions-del-club-de-tennis-sabadell\/\" class=\"wp-block-button__link wp-element-button\">+info<\/a><\/div>\r\n\t\t<\/div>\r\n\t<\/div>\r\n<\/div><!-- \/post -->\r\n<div class=\"post \">\r\n\t<div class=\"img\">\r\n\t\t<a href=\"https:\/\/greencourt.mgcomunicacio.com\/ca\/xxi-mini-cup-trofeu-greencourt-del-reial-club-de-polo-de-barcelona\/\"><img loading=\"lazy\" decoding=\"async\" width=\"600\" height=\"600\" src=\"https:\/\/greencourt.mgcomunicacio.com\/wp-content\/uploads\/2025\/11\/Noticia-XXI-Mini-Cup-Trofeu-Greencourt-Polo-Barcelona-01-1-600x600.jpg\" class=\"attachment-greencourt_quad size-greencourt_quad wp-post-image\" alt=\"\" srcset=\"https:\/\/greencourt.mgcomunicacio.com\/wp-content\/uploads\/2025\/11\/Noticia-XXI-Mini-Cup-Trofeu-Greencourt-Polo-Barcelona-01-1-600x600.jpg 600w, https:\/\/greencourt.mgcomunicacio.com\/wp-content\/uploads\/2025\/11\/Noticia-XXI-Mini-Cup-Trofeu-Greencourt-Polo-Barcelona-01-1-300x300.jpg 300w, https:\/\/greencourt.mgcomunicacio.com\/wp-content\/uploads\/2025\/11\/Noticia-XXI-Mini-Cup-Trofeu-Greencourt-Polo-Barcelona-01-1-100x100.jpg 100w, https:\/\/greencourt.mgcomunicacio.com\/wp-content\/uploads\/2025\/11\/Noticia-XXI-Mini-Cup-Trofeu-Greencourt-Polo-Barcelona-01-1-150x150.jpg 150w\" sizes=\"auto, (max-width: 600px) 100vw, 600px\" \/><\/a>\r\n\t<\/div>\r\n\t<div class=\"info\">\r\n\t\t<div class=\"info-inner\">\r\n\t\t\t\t\t\t<h3 class=\"is-style-com_titular_4 js_iguala_alturas\"><a href=\"https:\/\/greencourt.mgcomunicacio.com\/ca\/xxi-mini-cup-trofeu-greencourt-del-reial-club-de-polo-de-barcelona\/\">XXI Mini Cup-Trofeu Greencourt del Reial Club de Polo de Barcelona<\/a><\/h3>\r\n\t\t\t<p class=\"excerpt js_iguala_alturas\">\r\n\t\t\t\t XXI Mini Cup-Trofeu GreencourtXXI Mini Cup-Trofeu Greencourt del Reial Club de Polo de Barcelona\n\n\n\nAhir va concloure la XXI Mini Cup \u2013 Trofeu Greencourt de tennis, una edici\u00f3 que ha superat totes les expectatives gr\u00e0cies a una participaci\u00f3...\t\t\t<\/p>\r\n\t\t\t<div class=\"wp-block-button\"><a href=\"https:\/\/greencourt.mgcomunicacio.com\/ca\/xxi-mini-cup-trofeu-greencourt-del-reial-club-de-polo-de-barcelona\/\" class=\"wp-block-button__link wp-element-button\">+info<\/a><\/div>\r\n\t\t<\/div>\r\n\t<\/div>\r\n<\/div><!-- \/post -->\r\n<div class=\"post \">\r\n\t<div class=\"img\">\r\n\t\t<a href=\"https:\/\/greencourt.mgcomunicacio.com\/ca\/barcelona-tanca-la-19a-edicio-de-litf-world-tennis-master-tour-mt-1000-amb-record-historic-de-participacio\/\"><img loading=\"lazy\" decoding=\"async\" width=\"600\" height=\"600\" src=\"https:\/\/greencourt.mgcomunicacio.com\/wp-content\/uploads\/2025\/11\/Barcelona-cierra-la-19a-edicion-del-ITF-World-Tennis-Master-Tour-MT-1000-con-record-historico-de-participacion-01-600x600.jpg\" class=\"attachment-greencourt_quad size-greencourt_quad wp-post-image\" alt=\"\" srcset=\"https:\/\/greencourt.mgcomunicacio.com\/wp-content\/uploads\/2025\/11\/Barcelona-cierra-la-19a-edicion-del-ITF-World-Tennis-Master-Tour-MT-1000-con-record-historico-de-participacion-01-600x600.jpg 600w, https:\/\/greencourt.mgcomunicacio.com\/wp-content\/uploads\/2025\/11\/Barcelona-cierra-la-19a-edicion-del-ITF-World-Tennis-Master-Tour-MT-1000-con-record-historico-de-participacion-01-300x300.jpg 300w, https:\/\/greencourt.mgcomunicacio.com\/wp-content\/uploads\/2025\/11\/Barcelona-cierra-la-19a-edicion-del-ITF-World-Tennis-Master-Tour-MT-1000-con-record-historico-de-participacion-01-100x100.jpg 100w, https:\/\/greencourt.mgcomunicacio.com\/wp-content\/uploads\/2025\/11\/Barcelona-cierra-la-19a-edicion-del-ITF-World-Tennis-Master-Tour-MT-1000-con-record-historico-de-participacion-01-150x150.jpg 150w\" sizes=\"auto, (max-width: 600px) 100vw, 600px\" \/><\/a>\r\n\t<\/div>\r\n\t<div class=\"info\">\r\n\t\t<div class=\"info-inner\">\r\n\t\t\t\t\t\t<h3 class=\"is-style-com_titular_4 js_iguala_alturas\"><a href=\"https:\/\/greencourt.mgcomunicacio.com\/ca\/barcelona-tanca-la-19a-edicio-de-litf-world-tennis-master-tour-mt-1000-amb-record-historic-de-participacio\/\">Barcelona tanca la 19a edici\u00f3 de l&#8217;ITF World Tennis Master Tour MT 1000 amb r\u00e8cord hist\u00f2ric de participaci\u00f3<\/a><\/h3>\r\n\t\t\t<p class=\"excerpt js_iguala_alturas\">\r\n\t\t\t\t ITF World Tennis Master Tour MT 1000Barcelona tanca la 19a edici\u00f3 de l&#8217;ITF World Tennis Master Tour MT 1000 amb r\u00e8cord hist\u00f2ric de participaci\u00f3\n\n\n\nDel 6 al 12 de juliol de 2025, Barcelona va tornar a convertir-se en l&#8217;epicentre...\t\t\t<\/p>\r\n\t\t\t<div class=\"wp-block-button\"><a href=\"https:\/\/greencourt.mgcomunicacio.com\/ca\/barcelona-tanca-la-19a-edicio-de-litf-world-tennis-master-tour-mt-1000-amb-record-historic-de-participacio\/\" class=\"wp-block-button__link wp-element-button\">+info<\/a><\/div>\r\n\t\t<\/div>\r\n\t<\/div>\r\n<\/div><!-- \/post -->\r\n<div class=\"post \">\r\n\t<div class=\"img\">\r\n\t\t<a href=\"https:\/\/greencourt.mgcomunicacio.com\/ca\/greencourt-consolida-el-seu-lideratge-en-sostenibilitat-amb-el-calcul-de-la-petjada-de-carboni-de-totes-les-capes-que-componen-la-seva-pista-de-terra-batuda\/\"><img loading=\"lazy\" decoding=\"async\" width=\"600\" height=\"600\" src=\"https:\/\/greencourt.mgcomunicacio.com\/wp-content\/uploads\/2025\/11\/Greencourt-liderazgo-en-sostenibilidad-con-el-calculo-de-la-huella-de-carbono-6-600x600.jpg\" class=\"attachment-greencourt_quad size-greencourt_quad wp-post-image\" alt=\"\" srcset=\"https:\/\/greencourt.mgcomunicacio.com\/wp-content\/uploads\/2025\/11\/Greencourt-liderazgo-en-sostenibilidad-con-el-calculo-de-la-huella-de-carbono-6-600x600.jpg 600w, https:\/\/greencourt.mgcomunicacio.com\/wp-content\/uploads\/2025\/11\/Greencourt-liderazgo-en-sostenibilidad-con-el-calculo-de-la-huella-de-carbono-6-300x300.jpg 300w, https:\/\/greencourt.mgcomunicacio.com\/wp-content\/uploads\/2025\/11\/Greencourt-liderazgo-en-sostenibilidad-con-el-calculo-de-la-huella-de-carbono-6-100x100.jpg 100w, https:\/\/greencourt.mgcomunicacio.com\/wp-content\/uploads\/2025\/11\/Greencourt-liderazgo-en-sostenibilidad-con-el-calculo-de-la-huella-de-carbono-6-150x150.jpg 150w\" sizes=\"auto, (max-width: 600px) 100vw, 600px\" \/><\/a>\r\n\t<\/div>\r\n\t<div class=\"info\">\r\n\t\t<div class=\"info-inner\">\r\n\t\t\t\t\t\t<h3 class=\"is-style-com_titular_4 js_iguala_alturas\"><a href=\"https:\/\/greencourt.mgcomunicacio.com\/ca\/greencourt-consolida-el-seu-lideratge-en-sostenibilitat-amb-el-calcul-de-la-petjada-de-carboni-de-totes-les-capes-que-componen-la-seva-pista-de-terra-batuda\/\">Greencourt consolida el seu lideratge en sostenibilitat amb el c\u00e0lcul de la petjada de carboni de totes les capes que componen la seva pista de terra batuda<\/a><\/h3>\r\n\t\t\t<p class=\"excerpt js_iguala_alturas\">\r\n\t\t\t\t L\u00edders ensostenibilitatGreencourt consolida el seu lideratge en sostenibilitat amb el c\u00e0lcul de la petjada de carboni de totes les capes que componen la seva pista de terra batuda.\n\n\n\nGreencourt, l\u00edder en sostenibilitat aplicada a la...\t\t\t<\/p>\r\n\t\t\t<div class=\"wp-block-button\"><a href=\"https:\/\/greencourt.mgcomunicacio.com\/ca\/greencourt-consolida-el-seu-lideratge-en-sostenibilitat-amb-el-calcul-de-la-petjada-de-carboni-de-totes-les-capes-que-componen-la-seva-pista-de-terra-batuda\/\" class=\"wp-block-button__link wp-element-button\">+info<\/a><\/div>\r\n\t\t<\/div>\r\n\t<\/div>\r\n<\/div><!-- \/post -->\r\n<div class=\"post \">\r\n\t<div class=\"img\">\r\n\t\t<a href=\"https:\/\/greencourt.mgcomunicacio.com\/ca\/greencourt-participa-en-la-43a-diada-del-tennis-catala\/\"><img loading=\"lazy\" decoding=\"async\" width=\"600\" height=\"600\" src=\"https:\/\/greencourt.mgcomunicacio.com\/wp-content\/uploads\/2025\/11\/Greencourt-participa-en-la-43a-Diada-del-Tenis-Catalan-600x600.jpg\" class=\"attachment-greencourt_quad size-greencourt_quad wp-post-image\" alt=\"\" srcset=\"https:\/\/greencourt.mgcomunicacio.com\/wp-content\/uploads\/2025\/11\/Greencourt-participa-en-la-43a-Diada-del-Tenis-Catalan-600x600.jpg 600w, https:\/\/greencourt.mgcomunicacio.com\/wp-content\/uploads\/2025\/11\/Greencourt-participa-en-la-43a-Diada-del-Tenis-Catalan-300x300.jpg 300w, https:\/\/greencourt.mgcomunicacio.com\/wp-content\/uploads\/2025\/11\/Greencourt-participa-en-la-43a-Diada-del-Tenis-Catalan-100x100.jpg 100w, https:\/\/greencourt.mgcomunicacio.com\/wp-content\/uploads\/2025\/11\/Greencourt-participa-en-la-43a-Diada-del-Tenis-Catalan-150x150.jpg 150w\" sizes=\"auto, (max-width: 600px) 100vw, 600px\" \/><\/a>\r\n\t<\/div>\r\n\t<div class=\"info\">\r\n\t\t<div class=\"info-inner\">\r\n\t\t\t\t\t\t<h3 class=\"is-style-com_titular_4 js_iguala_alturas\"><a href=\"https:\/\/greencourt.mgcomunicacio.com\/ca\/greencourt-participa-en-la-43a-diada-del-tennis-catala\/\">Greencourt participa en la 43a Diada del Tennis Catal\u00e0<\/a><\/h3>\r\n\t\t\t<p class=\"excerpt js_iguala_alturas\">\r\n\t\t\t\t 43a Diada delTennis Catal\u00e0Greencourt participa en la 43a Diada del Tennis Catal\u00e0, una cita emblem\u00e0tica celebrada en el marc del Catalonia Open.\n\n\n\nEl passat 2 de maig vam viure una jornada molt especial amb la celebraci\u00f3 de la 43a Diada del...\t\t\t<\/p>\r\n\t\t\t<div class=\"wp-block-button\"><a href=\"https:\/\/greencourt.mgcomunicacio.com\/ca\/greencourt-participa-en-la-43a-diada-del-tennis-catala\/\" class=\"wp-block-button__link wp-element-button\">+info<\/a><\/div>\r\n\t\t<\/div>\r\n\t<\/div>\r\n<\/div><!-- \/post -->\r\n<div class=\"post \">\r\n\t<div class=\"img\">\r\n\t\t<a href=\"https:\/\/greencourt.mgcomunicacio.com\/ca\/nou-material-esportiu-a-la-nostra-botiga-en-linia\/\"><img loading=\"lazy\" decoding=\"async\" width=\"600\" height=\"600\" src=\"https:\/\/greencourt.mgcomunicacio.com\/wp-content\/uploads\/2025\/04\/new-web-01-600x600.jpg\" class=\"attachment-greencourt_quad size-greencourt_quad wp-post-image\" alt=\"\" srcset=\"https:\/\/greencourt.mgcomunicacio.com\/wp-content\/uploads\/2025\/04\/new-web-01-600x600.jpg 600w, https:\/\/greencourt.mgcomunicacio.com\/wp-content\/uploads\/2025\/04\/new-web-01-300x300.jpg 300w, https:\/\/greencourt.mgcomunicacio.com\/wp-content\/uploads\/2025\/04\/new-web-01-100x100.jpg 100w, https:\/\/greencourt.mgcomunicacio.com\/wp-content\/uploads\/2025\/04\/new-web-01-150x150.jpg 150w\" sizes=\"auto, (max-width: 600px) 100vw, 600px\" \/><\/a>\r\n\t<\/div>\r\n\t<div class=\"info\">\r\n\t\t<div class=\"info-inner\">\r\n\t\t\t\t\t\t<h3 class=\"is-style-com_titular_4 js_iguala_alturas\"><a href=\"https:\/\/greencourt.mgcomunicacio.com\/ca\/nou-material-esportiu-a-la-nostra-botiga-en-linia\/\">Nou material esportiu a la nostra botiga en l\u00ednia!<\/a><\/h3>\r\n\t\t\t<p class=\"excerpt js_iguala_alturas\">\r\n\t\t\t\t Descobreix el material Greencourt!Nou material esportiu a la nostra botiga en l\u00ednia!\n\n\n\nDescobreix el nou material esportiu de tennis, p\u00e0del i altres esports que acabem d&#8217;incorporar a la nostra botiga en l\u00ednia. A Greencourt continuem...\t\t\t<\/p>\r\n\t\t\t<div class=\"wp-block-button\"><a href=\"https:\/\/greencourt.mgcomunicacio.com\/ca\/nou-material-esportiu-a-la-nostra-botiga-en-linia\/\" class=\"wp-block-button__link wp-element-button\">+info<\/a><\/div>\r\n\t\t<\/div>\r\n\t<\/div>\r\n<\/div><!-- \/post -->\r\n<div class=\"post \">\r\n\t<div class=\"img\">\r\n\t\t<a href=\"https:\/\/greencourt.mgcomunicacio.com\/ca\/greencourt-nou-proveidor-oficial-de-la-fct-federacio-catalana-de-tennis\/\"><img loading=\"lazy\" decoding=\"async\" width=\"600\" height=\"600\" src=\"https:\/\/greencourt.mgcomunicacio.com\/wp-content\/uploads\/2025\/04\/Greencourt-nuevo-Proveedor-Oficial-de-la-FCT-02-600x600.jpg\" class=\"attachment-greencourt_quad size-greencourt_quad wp-post-image\" alt=\"\" srcset=\"https:\/\/greencourt.mgcomunicacio.com\/wp-content\/uploads\/2025\/04\/Greencourt-nuevo-Proveedor-Oficial-de-la-FCT-02-600x600.jpg 600w, https:\/\/greencourt.mgcomunicacio.com\/wp-content\/uploads\/2025\/04\/Greencourt-nuevo-Proveedor-Oficial-de-la-FCT-02-300x300.jpg 300w, https:\/\/greencourt.mgcomunicacio.com\/wp-content\/uploads\/2025\/04\/Greencourt-nuevo-Proveedor-Oficial-de-la-FCT-02-100x100.jpg 100w, https:\/\/greencourt.mgcomunicacio.com\/wp-content\/uploads\/2025\/04\/Greencourt-nuevo-Proveedor-Oficial-de-la-FCT-02-150x150.jpg 150w\" sizes=\"auto, (max-width: 600px) 100vw, 600px\" \/><\/a>\r\n\t<\/div>\r\n\t<div class=\"info\">\r\n\t\t<div class=\"info-inner\">\r\n\t\t\t\t\t\t<h3 class=\"is-style-com_titular_4 js_iguala_alturas\"><a href=\"https:\/\/greencourt.mgcomunicacio.com\/ca\/greencourt-nou-proveidor-oficial-de-la-fct-federacio-catalana-de-tennis\/\">Greencourt, nou Prove\u00efdor Oficial de la FCT (Federaci\u00f3 Catalana de Tennis)<\/a><\/h3>\r\n\t\t\t<p class=\"excerpt js_iguala_alturas\">\r\n\t\t\t\t Som prove\u00efdor oficial de la FCTGreencourt, nou Prove\u00efdor Oficial de la FCT (Federaci\u00f3 Catalana de Tennis)\n\n\n\nGreencourt es converteix en el nou prove\u00efdor oficial de la Federaci\u00f3 Catalana de Tennis (FCT). L&#8217;empresa, especialitzada en la...\t\t\t<\/p>\r\n\t\t\t<div class=\"wp-block-button\"><a href=\"https:\/\/greencourt.mgcomunicacio.com\/ca\/greencourt-nou-proveidor-oficial-de-la-fct-federacio-catalana-de-tennis\/\" class=\"wp-block-button__link wp-element-button\">+info<\/a><\/div>\r\n\t\t<\/div>\r\n\t<\/div>\r\n<\/div><!-- \/post -->\r\n<div class=\"post \">\r\n\t<div class=\"img\">\r\n\t\t<a href=\"https:\/\/greencourt.mgcomunicacio.com\/ca\/la-terra-red-court-de-greencourt-protagonista-del-68e-trofeu-comte-de-godo\/\"><img loading=\"lazy\" decoding=\"async\" width=\"600\" height=\"600\" src=\"https:\/\/greencourt.mgcomunicacio.com\/wp-content\/uploads\/2025\/04\/la-tierra-red-court-de-greencourt-protagonista-del-68-trofeo-conde-de-godo_03-600x600.jpg\" class=\"attachment-greencourt_quad size-greencourt_quad wp-post-image\" alt=\"\" srcset=\"https:\/\/greencourt.mgcomunicacio.com\/wp-content\/uploads\/2025\/04\/la-tierra-red-court-de-greencourt-protagonista-del-68-trofeo-conde-de-godo_03-600x600.jpg 600w, https:\/\/greencourt.mgcomunicacio.com\/wp-content\/uploads\/2025\/04\/la-tierra-red-court-de-greencourt-protagonista-del-68-trofeo-conde-de-godo_03-300x300.jpg 300w, https:\/\/greencourt.mgcomunicacio.com\/wp-content\/uploads\/2025\/04\/la-tierra-red-court-de-greencourt-protagonista-del-68-trofeo-conde-de-godo_03-100x100.jpg 100w, https:\/\/greencourt.mgcomunicacio.com\/wp-content\/uploads\/2025\/04\/la-tierra-red-court-de-greencourt-protagonista-del-68-trofeo-conde-de-godo_03-150x150.jpg 150w\" sizes=\"auto, (max-width: 600px) 100vw, 600px\" \/><\/a>\r\n\t<\/div>\r\n\t<div class=\"info\">\r\n\t\t<div class=\"info-inner\">\r\n\t\t\t\t\t\t<h3 class=\"is-style-com_titular_4 js_iguala_alturas\"><a href=\"https:\/\/greencourt.mgcomunicacio.com\/ca\/la-terra-red-court-de-greencourt-protagonista-del-68e-trofeu-comte-de-godo\/\">La terra Red Court de Greencourt, protagonista del 68\u00e8 Trofeu Comte de God\u00f3<\/a><\/h3>\r\n\t\t\t<p class=\"excerpt js_iguala_alturas\">\r\n\t\t\t\t 68\u00e8 Trofeu Comte de God\u00f3La terra Red Court de Greencourt, protagonista del 68\u00e8 Trofeu Comte de God\u00f3\n\n\n\n\u00c9s clar que Rafa Nadal continua manant al God\u00f3, d&#8217;aix\u00f2 no hi ha cap dubte. Despr\u00e9s de mesos sense jugar, ens ha tornat a...\t\t\t<\/p>\r\n\t\t\t<div class=\"wp-block-button\"><a href=\"https:\/\/greencourt.mgcomunicacio.com\/ca\/la-terra-red-court-de-greencourt-protagonista-del-68e-trofeu-comte-de-godo\/\" class=\"wp-block-button__link wp-element-button\">+info<\/a><\/div>\r\n\t\t<\/div>\r\n\t<\/div>\r\n<\/div><!-- \/post -->\r\n<div class=\"post \">\r\n\t<div class=\"img\">\r\n\t\t<a href=\"https:\/\/greencourt.mgcomunicacio.com\/ca\/les-claus-per-al-manteniment-dun-club-esportiu\/\"><img loading=\"lazy\" decoding=\"async\" width=\"600\" height=\"600\" src=\"https:\/\/greencourt.mgcomunicacio.com\/wp-content\/uploads\/2025\/01\/Las-claves-para-el-mantenimiento-de-un-Club-Deportivo-02-600x600.jpg\" class=\"attachment-greencourt_quad size-greencourt_quad wp-post-image\" alt=\"\" srcset=\"https:\/\/greencourt.mgcomunicacio.com\/wp-content\/uploads\/2025\/01\/Las-claves-para-el-mantenimiento-de-un-Club-Deportivo-02-600x600.jpg 600w, https:\/\/greencourt.mgcomunicacio.com\/wp-content\/uploads\/2025\/01\/Las-claves-para-el-mantenimiento-de-un-Club-Deportivo-02-300x300.jpg 300w, https:\/\/greencourt.mgcomunicacio.com\/wp-content\/uploads\/2025\/01\/Las-claves-para-el-mantenimiento-de-un-Club-Deportivo-02-100x100.jpg 100w, https:\/\/greencourt.mgcomunicacio.com\/wp-content\/uploads\/2025\/01\/Las-claves-para-el-mantenimiento-de-un-Club-Deportivo-02-150x150.jpg 150w\" sizes=\"auto, (max-width: 600px) 100vw, 600px\" \/><\/a>\r\n\t<\/div>\r\n\t<div class=\"info\">\r\n\t\t<div class=\"info-inner\">\r\n\t\t\t\t\t\t<h3 class=\"is-style-com_titular_4 js_iguala_alturas\"><a href=\"https:\/\/greencourt.mgcomunicacio.com\/ca\/les-claus-per-al-manteniment-dun-club-esportiu\/\">Les claus per al manteniment d&#8217;un Club Esportiu<\/a><\/h3>\r\n\t\t\t<p class=\"excerpt js_iguala_alturas\">\r\n\t\t\t\t Les claus per al mantenimentEntrevista Cercle Sabadell\u00e8s 1856, les claus per al manteniment d&#8217;un Club Esportiu\n\n\n\nGerm\u00e1n, aquest mes compleixes 25 anys treballant al Cercle Sabadell\u00e8s 1856&#8230; Explica&#8217;ns la teva...\t\t\t<\/p>\r\n\t\t\t<div class=\"wp-block-button\"><a href=\"https:\/\/greencourt.mgcomunicacio.com\/ca\/les-claus-per-al-manteniment-dun-club-esportiu\/\" class=\"wp-block-button__link wp-element-button\">+info<\/a><\/div>\r\n\t\t<\/div>\r\n\t<\/div>\r\n<\/div><!-- \/post -->\r\n<div class=\"post \">\r\n\t<div class=\"img\">\r\n\t\t<a href=\"https:\/\/greencourt.mgcomunicacio.com\/ca\/rafa-nadal-visita-les-obres-dampliacio-de-la-seva-academia\/\"><img loading=\"lazy\" decoding=\"async\" width=\"600\" height=\"600\" src=\"https:\/\/greencourt.mgcomunicacio.com\/wp-content\/uploads\/2025\/03\/Rafa-Nadal-visita-las-obras-de-ampliacion-de-su-Academia-01-600x600.jpg\" class=\"attachment-greencourt_quad size-greencourt_quad wp-post-image\" alt=\"\" srcset=\"https:\/\/greencourt.mgcomunicacio.com\/wp-content\/uploads\/2025\/03\/Rafa-Nadal-visita-las-obras-de-ampliacion-de-su-Academia-01-600x600.jpg 600w, https:\/\/greencourt.mgcomunicacio.com\/wp-content\/uploads\/2025\/03\/Rafa-Nadal-visita-las-obras-de-ampliacion-de-su-Academia-01-300x300.jpg 300w, https:\/\/greencourt.mgcomunicacio.com\/wp-content\/uploads\/2025\/03\/Rafa-Nadal-visita-las-obras-de-ampliacion-de-su-Academia-01-100x100.jpg 100w, https:\/\/greencourt.mgcomunicacio.com\/wp-content\/uploads\/2025\/03\/Rafa-Nadal-visita-las-obras-de-ampliacion-de-su-Academia-01-150x150.jpg 150w\" sizes=\"auto, (max-width: 600px) 100vw, 600px\" \/><\/a>\r\n\t<\/div>\r\n\t<div class=\"info\">\r\n\t\t<div class=\"info-inner\">\r\n\t\t\t\t\t\t<h3 class=\"is-style-com_titular_4 js_iguala_alturas\"><a href=\"https:\/\/greencourt.mgcomunicacio.com\/ca\/rafa-nadal-visita-les-obres-dampliacio-de-la-seva-academia\/\">Rafa Nadal visita les obres d&#8217;ampliaci\u00f3 de la seva Acad\u00e8mia<\/a><\/h3>\r\n\t\t\t<p class=\"excerpt js_iguala_alturas\">\r\n\t\t\t\t Ampliaci\u00f3 de laRafa Nadal AcademyRafa Nadal visita les obres d&#8217;ampliaci\u00f3 de la seva Acad\u00e8mia\n\n\n\nA Greencourt estem especialment contents de formar part de les obres d&#8217;ampliaci\u00f3 de la Rafa Nadal Academy by Movistar, a Manacor...\t\t\t<\/p>\r\n\t\t\t<div class=\"wp-block-button\"><a href=\"https:\/\/greencourt.mgcomunicacio.com\/ca\/rafa-nadal-visita-les-obres-dampliacio-de-la-seva-academia\/\" class=\"wp-block-button__link wp-element-button\">+info<\/a><\/div>\r\n\t\t<\/div>\r\n\t<\/div>\r\n<\/div><!-- \/post -->\r\n<\/div><\/div><\/div><\/div><p><\/p>","protected":false},"excerpt":{"rendered":"","protected":false},"author":1,"featured_media":0,"parent":0,"menu_order":0,"comment_status":"closed","ping_status":"closed","template":"","meta":{"_acf_changed":false,"footnotes":""},"class_list":["post-105","page","type-page","status-publish","hentry"],"acf":[],"_links":{"self":[{"href":"https:\/\/greencourt.mgcomunicacio.com\/ca\/wp-json\/wp\/v2\/pages\/105","targetHints":{"allow":["GET"]}}],"collection":[{"href":"https:\/\/greencourt.mgcomunicacio.com\/ca\/wp-json\/wp\/v2\/pages"}],"about":[{"href":"https:\/\/greencourt.mgcomunicacio.com\/ca\/wp-json\/wp\/v2\/types\/page"}],"author":[{"embeddable":true,"href":"https:\/\/greencourt.mgcomunicacio.com\/ca\/wp-json\/wp\/v2\/users\/1"}],"replies":[{"embeddable":true,"href":"https:\/\/greencourt.mgcomunicacio.com\/ca\/wp-json\/wp\/v2\/comments?post=105"}],"version-history":[{"count":126,"href":"https:\/\/greencourt.mgcomunicacio.com\/ca\/wp-json\/wp\/v2\/pages\/105\/revisions"}],"predecessor-version":[{"id":6917,"href":"https:\/\/greencourt.mgcomunicacio.com\/ca\/wp-json\/wp\/v2\/pages\/105\/revisions\/6917"}],"wp:attachment":[{"href":"https:\/\/greencourt.mgcomunicacio.com\/ca\/wp-json\/wp\/v2\/media?parent=105"}],"curies":[{"name":"wp","href":"https:\/\/api.w.org\/{rel}","templated":true}]}}