{"id":1394,"date":"2025-08-06T09:29:10","date_gmt":"2025-08-06T09:29:10","guid":{"rendered":"https:\/\/greencourt.mgcomunicacio.com\/?page_id=1394"},"modified":"2025-12-01T19:03:43","modified_gmt":"2025-12-01T18:03:43","slug":"patrocini","status":"publish","type":"page","link":"https:\/\/greencourt.mgcomunicacio.com\/ca\/greencourt\/patrocini\/","title":{"rendered":"Patrocini"},"content":{"rendered":"<div class=\"wp-block-greencourt-cabecera mod-cabecera f1_2\"><div class=\"slider\"><div class=\"wp-block-greencourt-cabecera-interior slide\"><div class=\"maq-contenidor\" style=\"backdrop-filter: blur(0px)\"><div class=\"text\"><h1 class=\"wp-block-heading is-style-com_titular_1 has-blanc-color has-text-color has-link-color wp-elements-f60b3437508f59ab08532fa571160e48\">Suport a l&#8217;esport<\/h1><\/div><\/div><div class=\"image\" style=\"background-image:url(https:\/\/greencourt.mgcomunicacio.com\/wp-content\/uploads\/2025\/11\/Greencourt-Patrocini-07.jpg)\"><\/div><\/div><\/div><\/div><div class=\"wp-block-greencourt-marges maq-contenidor normal marge-superior-gran marge-inferior-gran\" data-aos=\"off\" data-aos-delay=\"aos_delay\"><h2 class=\"wp-block-heading is-style-com_titular_2\">Amb l\u2019esport, des de la base<br>fins a l\u2019alta competici\u00f3<\/h2>\n\n<div style=\"height:50px\" aria-hidden=\"true\" class=\"wp-block-spacer\"><\/div>\n\n<p class=\"is-style-com_titular_4\">A Greencourt no nom\u00e9s constru\u00efm pistes: donem suport a l\u2019esport en totes les seves etapes, des de la iniciaci\u00f3 fins al m\u00e0xim rendiment. Formem part del dia a dia de clubs, escoles i esportistes que comparteixen els mateixos valors que ens defineixen: esfor\u00e7, respecte, superaci\u00f3 i comprom\u00eds. Aquesta implicaci\u00f3 va molt m\u00e9s enll\u00e0 de la nostra activitat t\u00e8cnica; \u00e9s una manera d\u2019entendre l\u2019esport i de retornar al sector tot el que ens ha donat.<\/p>\n\n<p><\/p>\n\n<p class=\"is-style-com_titular_4\">Donem suport al talent professional a trav\u00e9s de <a href=\"https:\/\/www.padelfip.com\/es\/player\/ferran-insa-sotillo\/\" target=\"_blank\" rel=\"noreferrer noopener\">Ferran Insa<\/a>, a l\u2019excel\u00b7l\u00e8ncia formativa gr\u00e0cies a la nostra vinculaci\u00f3 amb la<a href=\"https:\/\/www.rafanadalacademy.com\/\" target=\"_blank\" rel=\"noreferrer noopener\"> Rafa Nadal Academy<\/a>, i a l\u2019esport d\u2019elit de clubs hist\u00f2rics com el <a href=\"https:\/\/www.rctb1899.es\/\" target=\"_blank\" rel=\"noreferrer noopener\">Reial Club Tennis Barcelona<\/a> i el <a href=\"https:\/\/rcpolo.com\/\" target=\"_blank\" rel=\"noreferrer noopener\">Real Club de Polo de Barcelona<\/a>. Al mateix temps, contribu\u00efm al creixement del tennis base com a col\u00b7laboradors oficials de la <a href=\"https:\/\/fctennis.cat\/\" target=\"_blank\" rel=\"noreferrer noopener\">Federaci\u00f3 Catalana de Tennis<\/a>, participant activament en programes, competicions i iniciatives que impulsen el futur del nostre esport.<\/p><\/div><div class=\"wp-block-greencourt-marges maq-contenidor normal marge-superior-gran marge-inferior-\" data-aos=\"off\" data-aos-delay=\"aos_delay\"><h2 class=\"wp-block-heading is-style-com_titular_3 has-taronja-greencourt-color has-text-color has-link-color wp-elements-038bdbc72c3f782e1d2daa18324c00c9\">Greencourt Patrocinador Oficial de:<\/h2>\n\n<div style=\"height:5vh\" aria-hidden=\"true\" class=\"wp-block-spacer\"><\/div><\/div><div class=\"wp-block-greencourt-marges maq-contenidor normal marge-superior- marge-inferior-\" data-aos=\"off\" data-aos-delay=\"aos_delay\"><div class=\"wp-block-greencourt-columnes-responsive mod-columnes-responsive cols-dsk-4 cols-tbl-2 cols-mob-1 gap-petit esquerra-orfes\"><div class=\"wp-block-greencourt-columna-responsive mod-columna-responsive-wrapper\"><div class=\"mod-columna-responsive valign-superior\"><figure class=\"wp-block-image size-full\"><img loading=\"lazy\" decoding=\"async\" width=\"600\" height=\"308\" src=\"https:\/\/greencourt.mgcomunicacio.com\/wp-content\/uploads\/2025\/11\/Logo-RAFA-NADAL-ACADEMY.jpg\" alt=\"\" class=\"wp-image-3415\" srcset=\"https:\/\/greencourt.mgcomunicacio.com\/wp-content\/uploads\/2025\/11\/Logo-RAFA-NADAL-ACADEMY.jpg 600w, https:\/\/greencourt.mgcomunicacio.com\/wp-content\/uploads\/2025\/11\/Logo-RAFA-NADAL-ACADEMY-300x154.jpg 300w, https:\/\/greencourt.mgcomunicacio.com\/wp-content\/uploads\/2025\/11\/Logo-RAFA-NADAL-ACADEMY-340x175.jpg 340w, https:\/\/greencourt.mgcomunicacio.com\/wp-content\/uploads\/2025\/11\/Logo-RAFA-NADAL-ACADEMY-140x72.jpg 140w\" sizes=\"auto, (max-width: 600px) 100vw, 600px\" \/><\/figure><\/div><\/div>\n\n<div class=\"wp-block-greencourt-columna-responsive mod-columna-responsive-wrapper\"><div class=\"mod-columna-responsive valign-superior\"><figure class=\"wp-block-image size-full\"><img loading=\"lazy\" decoding=\"async\" width=\"600\" height=\"308\" src=\"https:\/\/greencourt.mgcomunicacio.com\/wp-content\/uploads\/2025\/11\/Logo-Real-Club-De-Tennis-Barcelona-1899.jpg\" alt=\"\" class=\"wp-image-3413\" srcset=\"https:\/\/greencourt.mgcomunicacio.com\/wp-content\/uploads\/2025\/11\/Logo-Real-Club-De-Tennis-Barcelona-1899.jpg 600w, https:\/\/greencourt.mgcomunicacio.com\/wp-content\/uploads\/2025\/11\/Logo-Real-Club-De-Tennis-Barcelona-1899-300x154.jpg 300w, https:\/\/greencourt.mgcomunicacio.com\/wp-content\/uploads\/2025\/11\/Logo-Real-Club-De-Tennis-Barcelona-1899-340x175.jpg 340w, https:\/\/greencourt.mgcomunicacio.com\/wp-content\/uploads\/2025\/11\/Logo-Real-Club-De-Tennis-Barcelona-1899-140x72.jpg 140w\" sizes=\"auto, (max-width: 600px) 100vw, 600px\" \/><\/figure><\/div><\/div>\n\n<div class=\"wp-block-greencourt-columna-responsive mod-columna-responsive-wrapper\"><div class=\"mod-columna-responsive valign-superior\"><figure class=\"wp-block-image size-full\"><img loading=\"lazy\" decoding=\"async\" width=\"600\" height=\"308\" src=\"https:\/\/greencourt.mgcomunicacio.com\/wp-content\/uploads\/2025\/11\/Logo-Real-Club-De-Polo-De-Barcelona.jpg\" alt=\"\" class=\"wp-image-3414\" srcset=\"https:\/\/greencourt.mgcomunicacio.com\/wp-content\/uploads\/2025\/11\/Logo-Real-Club-De-Polo-De-Barcelona.jpg 600w, https:\/\/greencourt.mgcomunicacio.com\/wp-content\/uploads\/2025\/11\/Logo-Real-Club-De-Polo-De-Barcelona-300x154.jpg 300w, https:\/\/greencourt.mgcomunicacio.com\/wp-content\/uploads\/2025\/11\/Logo-Real-Club-De-Polo-De-Barcelona-340x175.jpg 340w, https:\/\/greencourt.mgcomunicacio.com\/wp-content\/uploads\/2025\/11\/Logo-Real-Club-De-Polo-De-Barcelona-140x72.jpg 140w\" sizes=\"auto, (max-width: 600px) 100vw, 600px\" \/><\/figure><\/div><\/div>\n\n<div class=\"wp-block-greencourt-columna-responsive mod-columna-responsive-wrapper\"><div class=\"mod-columna-responsive valign-superior\"><figure class=\"wp-block-image size-full\"><img loading=\"lazy\" decoding=\"async\" width=\"600\" height=\"308\" src=\"https:\/\/greencourt.mgcomunicacio.com\/wp-content\/uploads\/2025\/11\/Logo-federacio-catalana-de-tennis.jpg\" alt=\"\" class=\"wp-image-3505\" srcset=\"https:\/\/greencourt.mgcomunicacio.com\/wp-content\/uploads\/2025\/11\/Logo-federacio-catalana-de-tennis.jpg 600w, https:\/\/greencourt.mgcomunicacio.com\/wp-content\/uploads\/2025\/11\/Logo-federacio-catalana-de-tennis-300x154.jpg 300w, https:\/\/greencourt.mgcomunicacio.com\/wp-content\/uploads\/2025\/11\/Logo-federacio-catalana-de-tennis-340x175.jpg 340w, https:\/\/greencourt.mgcomunicacio.com\/wp-content\/uploads\/2025\/11\/Logo-federacio-catalana-de-tennis-140x72.jpg 140w\" sizes=\"auto, (max-width: 600px) 100vw, 600px\" \/><\/figure><\/div><\/div><\/div><\/div><div style=\"height:10vh\" aria-hidden=\"true\" class=\"wp-block-spacer\"><\/div><div class=\"wp-block-greencourt-marges maq-contenidor fullwidth marge-superior-petit marge-inferior-\" data-aos=\"off\" data-aos-delay=\"aos_delay\"><figure class=\"wp-block-embed is-type-video is-provider-youtube wp-block-embed-youtube wp-embed-aspect-16-9 wp-has-aspect-ratio\"><div class=\"wp-block-embed__wrapper\">\n<iframe loading=\"lazy\" title=\"Amazing views of Rafa Nadal Academy by Movistar\" width=\"500\" height=\"281\" src=\"https:\/\/www.youtube.com\/embed\/SUQxlVVx8rc?feature=oembed\" frameborder=\"0\" allow=\"accelerometer; autoplay; clipboard-write; encrypted-media; gyroscope; picture-in-picture; web-share\" referrerpolicy=\"strict-origin-when-cross-origin\" allowfullscreen><\/iframe>\n<\/div><\/figure><\/div><div style=\"height:15vh\" aria-hidden=\"true\" class=\"wp-block-spacer\"><\/div><div class=\"wp-block-greencourt-ajedrez mod-escacs align-superior marge-superior- marge-inferior-\"><div class=\"wp-block-greencourt-ajedrez-interior interior maq_cols_flex cols_2\"><div class=\"col text\"><div class=\"text-wrapper\"><p class=\"is-style-com_titular_4\">Patrocinador de la<\/p>\n\n<h2 class=\"wp-block-heading is-style-com_titular_1 has-gris-greencourt-color has-text-color has-link-color wp-elements-d9ddd7236766775c12cdee488596ef7b\">Rafa Nadal Academy<\/h2>\n\n<p class=\"is-style-com_titular_3 has-taronja-greencourt-color has-text-color has-link-color wp-elements-e177b3ca800823bbf70d4bf4f9d4f1e5\">Excel\u00b7l\u00e8ncia i formaci\u00f3<\/p>\n\n<p class=\"is-style-com_titular_4 has-gris-greencourt-color has-text-color has-link-color wp-elements-b6ddbb73994470b1e06cd0ee6b9524bf\">Greencourt \u00e9s patrocinador de la <a href=\"https:\/\/www.rafanadalacademy.com\/\" target=\"_blank\" rel=\"noreferrer noopener\">Rafa Nadal Academy<\/a>, una de les institucions esportives m\u00e9s reconegudes a escala internacional. La seva combinaci\u00f3 d\u2019alt rendiment, formaci\u00f3 integral i metodologia pr\u00f2pia d\u2019entrenament representa la cultura de l\u2019excel\u00b7l\u00e8ncia que tamb\u00e9 apliquem a tots els nostres projectes. <\/p><\/div><\/div><div class=\"col img\"><div class=\"img-container\" style=\"background-image:url(https:\/\/greencourt.mgcomunicacio.com\/wp-content\/uploads\/2025\/08\/Greencourt-qui-som-04.jpg)\"><\/div><\/div><\/div>\n\n<div class=\"wp-block-greencourt-ajedrez-interior interior maq_cols_flex cols_2\"><div class=\"col text\"><div class=\"text-wrapper\"><p class=\"is-style-com_titular_4\">Patrocinador del<\/p>\n\n<h2 class=\"wp-block-heading is-style-com_titular_1\">Real Club Tennis de  Barcelona<\/h2>\n\n<p class=\"is-style-com_titular_3 has-taronja-greencourt-color has-text-color has-link-color wp-elements-f38ca09d2cd801217f69326b6b1214ae\">Excel\u00b7l\u00e8ncia i passi\u00f3 pel tennis<\/p>\n\n<p class=\"is-style-com_titular_4 has-gris-greencourt-color has-text-color has-link-color wp-elements-ca12f8e28309df33715d76cd8a86ce44\">Com a patrocinadors del <a href=\"https:\/\/www.rctb1899.es\/\" target=\"_blank\" rel=\"noreferrer noopener\">Reial Club de Tennis Barcelona \u2013 1899<\/a>, ens unim a una entitat emblem\u00e0tica que \u00e9s sin\u00f2nim d\u2019hist\u00f2ria i alt rendiment.<\/p>\n\n<p><\/p>\n\n<p class=\"is-style-com_titular_4 has-gris-greencourt-color has-text-color has-link-color wp-elements-29a008c4df93cdfd00f08b8177c0eb05\">Col\u00b7laborar amb un club de tanta traject\u00f2ria i prestigi ens permet aportar valor al manteniment de les seves pistes i participar en projectes que impulsen el tennis d\u2019elit, aix\u00ed com els grans esdeveniments esportius que el RCTB acull cada any.<\/p><\/div><\/div><div class=\"col img\"><div class=\"img-container\" style=\"background-image:url(https:\/\/greencourt.mgcomunicacio.com\/wp-content\/uploads\/2025\/11\/Greencourt-Patrocini-09.jpg)\"><\/div><\/div><\/div>\n\n<div class=\"wp-block-greencourt-ajedrez-interior interior maq_cols_flex cols_2\"><div class=\"col text\"><div class=\"text-wrapper\"><p class=\"is-style-com_titular_4\">Patrocinador del<\/p>\n\n<h2 class=\"wp-block-heading is-style-com_titular_1\">Real Club de Polo de Barcelona<\/h2>\n\n<p class=\"is-style-com_titular_3 has-taronja-greencourt-color has-text-color has-link-color wp-elements-31b4a52fba3b7ca7cb162da8b1884ef7\">Tradici\u00f3 i elit esportiva<\/p>\n\n<p class=\"is-style-com_titular_4 has-gris-greencourt-color has-text-color has-link-color wp-elements-0a378cb3983704df99716c69d90b8fa5\">Com a patrocinadors del <a href=\"https:\/\/rcpolo.com\/\" target=\"_blank\" rel=\"noreferrer noopener\">Real Club de Polo de Barcelona<\/a>, donem suport a un club hist\u00f2ric que \u00e9s referent.<\/p>\n\n<p><\/p>\n\n<p class=\"is-style-com_titular_4 has-gris-greencourt-color has-text-color has-link-color wp-elements-dc8228efe2301c6c3f8bf30dd21dcc0e\">Treballar al costat d\u2019una instituci\u00f3 amb tanta traject\u00f2ria i prestigi ens permet contribuir al manteniment d\u2019instal\u00b7lacions d\u2019alt nivell i participar en projectes que impulsen l\u2019esport d\u2019elit i els grans esdeveniments que acull el club.<\/p><\/div><\/div><div class=\"col img\"><div class=\"img-container\" style=\"background-image:url(https:\/\/greencourt.mgcomunicacio.com\/wp-content\/uploads\/2025\/10\/Barcelona-Renovacio-integral-de-la-pista-7-al-Real-Club-de-Polo-de-Barcelona-02.jpg)\"><\/div><\/div><\/div>\n\n<div class=\"wp-block-greencourt-ajedrez-interior interior maq_cols_flex cols_2\"><div class=\"col text\"><div class=\"text-wrapper\"><p class=\"is-style-com_titular_4\">Patrocinador de<\/p>\n\n<h2 class=\"wp-block-heading is-style-com_titular_1 has-gris-greencourt-color has-text-color has-link-color wp-elements-9ea374b12f236e8eabff5cfb28451f44\">Ferran Insa<\/h2>\n\n<p class=\"is-style-com_titular_3 has-taronja-greencourt-color has-text-color has-link-color wp-elements-df6b6a4f29de889d39c7a017736abfb0\">P\u00e0del professional<\/p>\n\n<p class=\"is-style-com_titular_4 has-gris-greencourt-color has-text-color has-link-color wp-elements-edbe53429fa8e2c87e884e7b08c16920\">Ens sentim especialment orgullosos de patrocinar Ferran Insa, jugador professional de la <em><a href=\"https:\/\/www.padelfip.com\/player\/ferran-insa-sotillo\/\" target=\"_blank\" rel=\"noopener\">International Padel Federation<\/a><\/em> i posici\u00f3 123 del r\u00e0nquing mundial. El seu esperit de lluita, la seva disciplina i la seva voluntat de millora cont\u00ednua reflecteixen a la perfecci\u00f3 els valors que tamb\u00e9 defineixen Greencourt.<\/p><\/div><\/div><div class=\"col img\"><div class=\"img-container\" style=\"background-image:url(https:\/\/greencourt.mgcomunicacio.com\/wp-content\/uploads\/2025\/08\/Greencourt-Patrocini-Ferran-Insa-01.jpg)\"><\/div><\/div><\/div>\n\n<div class=\"wp-block-greencourt-ajedrez-interior interior maq_cols_flex cols_2\"><div class=\"col text\"><div class=\"text-wrapper\"><p class=\"is-style-com_titular_4\">Col\u00b7laborador Oficial de la<\/p>\n\n<h2 class=\"wp-block-heading is-style-com_titular_1\">Federaci\u00f3 Catalana de Tennis<\/h2>\n\n<p class=\"is-style-com_titular_3 has-taronja-greencourt-color has-text-color has-link-color wp-elements-1a137047e5b3d95527dd84e92a228c93\">Comprom\u00eds amb l\u2019esport base<\/p>\n\n<p class=\"is-style-com_titular_4 has-gris-greencourt-color has-text-color has-link-color wp-elements-832400f39ba5f12a6d36fb30f917984e\">Greencourt \u00e9s col\u00b7laborador oficial de la <a href=\"https:\/\/fctennis.cat\/\" target=\"_blank\" rel=\"noreferrer noopener\">Federaci\u00f3 Catalana de Tennis<\/a>, un vincle que ens permet ajudar a desenvolupar competicions, programes i iniciatives per al creixement del tennis a tot el territori. Apostem pel tennis de base perqu\u00e8 creiem en les persones que comencen, en la pedagogia dels valors i en la import\u00e0ncia de construir oportunitats per a les futures generacions d\u2019esportistes.<\/p><\/div><\/div><div class=\"col img\"><div class=\"img-container\" style=\"background-image:url(https:\/\/greencourt.mgcomunicacio.com\/wp-content\/uploads\/2025\/11\/Greencourt-Patrocini-Ferran-Insa-05.jpg)\"><\/div><\/div><\/div><\/div><div style=\"height:20vh\" aria-hidden=\"true\" class=\"wp-block-spacer\"><\/div>","protected":false},"excerpt":{"rendered":"","protected":false},"author":1,"featured_media":0,"parent":579,"menu_order":0,"comment_status":"closed","ping_status":"closed","template":"","meta":{"_acf_changed":false,"footnotes":""},"class_list":["post-1394","page","type-page","status-publish","hentry"],"acf":[],"_links":{"self":[{"href":"https:\/\/greencourt.mgcomunicacio.com\/ca\/wp-json\/wp\/v2\/pages\/1394","targetHints":{"allow":["GET"]}}],"collection":[{"href":"https:\/\/greencourt.mgcomunicacio.com\/ca\/wp-json\/wp\/v2\/pages"}],"about":[{"href":"https:\/\/greencourt.mgcomunicacio.com\/ca\/wp-json\/wp\/v2\/types\/page"}],"author":[{"embeddable":true,"href":"https:\/\/greencourt.mgcomunicacio.com\/ca\/wp-json\/wp\/v2\/users\/1"}],"replies":[{"embeddable":true,"href":"https:\/\/greencourt.mgcomunicacio.com\/ca\/wp-json\/wp\/v2\/comments?post=1394"}],"version-history":[{"count":45,"href":"https:\/\/greencourt.mgcomunicacio.com\/ca\/wp-json\/wp\/v2\/pages\/1394\/revisions"}],"predecessor-version":[{"id":4609,"href":"https:\/\/greencourt.mgcomunicacio.com\/ca\/wp-json\/wp\/v2\/pages\/1394\/revisions\/4609"}],"up":[{"embeddable":true,"href":"https:\/\/greencourt.mgcomunicacio.com\/ca\/wp-json\/wp\/v2\/pages\/579"}],"wp:attachment":[{"href":"https:\/\/greencourt.mgcomunicacio.com\/ca\/wp-json\/wp\/v2\/media?parent=1394"}],"curies":[{"name":"wp","href":"https:\/\/api.w.org\/{rel}","templated":true}]}}