{"id":1808,"date":"2025-10-23T14:44:46","date_gmt":"2025-10-23T14:44:46","guid":{"rendered":"https:\/\/greencourt.mgcomunicacio.com\/?page_id=1808"},"modified":"2025-11-25T13:56:55","modified_gmt":"2025-11-25T12:56:55","slug":"renovacio-integral-de-la-pista-7-al-real-club-de-polo-de-barcelona","status":"publish","type":"page","link":"https:\/\/greencourt.mgcomunicacio.com\/ca\/projectes\/renovacio-integral-de-la-pista-7-al-real-club-de-polo-de-barcelona\/","title":{"rendered":"Renovaci\u00f3 integral de la pista 7 al Real Club de Polo de Barcelona"},"content":{"rendered":"<div class=\"wp-block-greencourt-cabecera mod-cabecera f1_2\"><div class=\"slider\"><div class=\"wp-block-greencourt-cabecera-interior slide\"><div class=\"maq-contenidor\" style=\"backdrop-filter: blur(0px)\"><div class=\"text\"><p class=\"has-text-align-center is-style-com_titular_1 has-blanc-color has-text-color has-link-color wp-elements-9a9adc392ef5267f3be07ddbc828d28f\">Barcelona<\/p><\/div><\/div><div class=\"image\" style=\"background-image:url(https:\/\/greencourt.mgcomunicacio.com\/wp-content\/uploads\/2025\/10\/Barcelona-Renovacio-integral-de-la-pista-7-al-Real-Club-de-Polo-de-Barcelona-07.jpg)\"><\/div><\/div><\/div><\/div><div class=\"wp-block-greencourt-marges maq-contenidor normal marge-superior-gran marge-inferior-gran\" data-aos=\"off\" data-aos-delay=\"aos_delay\"><h1 class=\"wp-block-heading is-style-com_titular_2\">Renovaci\u00f3 integral de la pista 7 al Real Club de Polo de Barcelona<\/h1>\n\n<div style=\"height:5vh\" aria-hidden=\"true\" class=\"wp-block-spacer\"><\/div>\n\n<p class=\"is-style-com_titular_4\">Al Real Club de Polo de Barcelona, referent estatal per volum de jugadors i equips federats, Greencourt ha executat una renovaci\u00f3 completa de la pista n\u00famero 7 per portar-la a est\u00e0ndards de competici\u00f3 i resist\u00e8ncia d\u2019\u00fas diari. L\u2019objectiu ha estat recuperar la regularitat del joc, estabilitzar la superf\u00edcie i optimitzar-ne el manteniment en un entorn amb calendari intens.<\/p>\n\n<p><\/p>\n\n<p class=\"is-style-com_titular_4\">El treball s\u2019ha centrat en la implantaci\u00f3 del sistema Greencourt Dynamic combinat amb la capa de terra batuda sostenible Montroig Court. Aquesta soluci\u00f3 crea una base cohesionada i homog\u00e8nia que ret\u00e9 la humitat de manera uniforme despr\u00e9s del reg, redueix la pols i millora l\u2019adher\u00e8ncia sense sacrificar el lliscament propi de la terra. El bot es torna net i previsible d\u2019un costat a l\u2019altre de la pista, fet que facilita tant l\u2019entrenament t\u00e8cnic com el joc competitiu.<br><\/p><\/div><div class=\"wp-block-greencourt-marges maq-contenidor normal marge-superior-petit marge-inferior-petit\" data-aos=\"off\" data-aos-delay=\"aos_delay\"><div class=\"wp-block-greencourt-columnes-responsive mod-columnes-responsive cols-dsk-2 cols-tbl-2 cols-mob-1 gap-petit centra-orfes\"><div class=\"wp-block-greencourt-columna-responsive mod-columna-responsive-wrapper\"><div class=\"mod-columna-responsive valign-superior\"><p class=\"is-style-com_titular_3 has-taronja-greencourt-color has-text-color has-link-color wp-elements-474eda75cdf0a3add67e23b0dc08dd8e\">La combinaci\u00f3 Greencourt Dynamic + Montroig Court restitueix l\u2019est\u00e0ndard competitiu de la pista 7.<\/p><\/div><\/div>\n\n<div class=\"wp-block-greencourt-columna-responsive mod-columna-responsive-wrapper\"><div class=\"mod-columna-responsive valign-superior\"><p class=\"is-style-com_titular_4\">La intervenci\u00f3 s\u2019ha completat amb la posada a punt de la planimetria i la integraci\u00f3 de les l\u00ednies per garantir precisi\u00f3 i durabilitat en un \u00fas intensiu. El resultat \u00e9s una pista m\u00e9s estable i confortable, amb un manteniment racionalitzat i una presentaci\u00f3 impecable, llesta per encadenar sessions d\u2019alt rendiment des del primer dia.<\/p><\/div><\/div><\/div><\/div><div style=\"height:10vh\" aria-hidden=\"true\" class=\"wp-block-spacer\"><\/div><figure class=\"wp-block-gallery has-nested-images columns-2 wp-block-gallery-1 is-layout-flex wp-block-gallery-is-layout-flex\"><figure class=\"wp-block-image size-large\"><img loading=\"lazy\" decoding=\"async\" width=\"1024\" height=\"1024\" data-id=\"1817\" src=\"https:\/\/greencourt.mgcomunicacio.com\/wp-content\/uploads\/2025\/10\/Barcelona-Renovacio-integral-de-la-pista-7-al-Real-Club-de-Polo-de-Barcelona-02-1024x1024.jpg\" alt=\"\" class=\"wp-image-1817\" srcset=\"https:\/\/greencourt.mgcomunicacio.com\/wp-content\/uploads\/2025\/10\/Barcelona-Renovacio-integral-de-la-pista-7-al-Real-Club-de-Polo-de-Barcelona-02-1024x1024.jpg 1024w, https:\/\/greencourt.mgcomunicacio.com\/wp-content\/uploads\/2025\/10\/Barcelona-Renovacio-integral-de-la-pista-7-al-Real-Club-de-Polo-de-Barcelona-02-300x300.jpg 300w, https:\/\/greencourt.mgcomunicacio.com\/wp-content\/uploads\/2025\/10\/Barcelona-Renovacio-integral-de-la-pista-7-al-Real-Club-de-Polo-de-Barcelona-02-100x100.jpg 100w, https:\/\/greencourt.mgcomunicacio.com\/wp-content\/uploads\/2025\/10\/Barcelona-Renovacio-integral-de-la-pista-7-al-Real-Club-de-Polo-de-Barcelona-02-600x600.jpg 600w, https:\/\/greencourt.mgcomunicacio.com\/wp-content\/uploads\/2025\/10\/Barcelona-Renovacio-integral-de-la-pista-7-al-Real-Club-de-Polo-de-Barcelona-02-150x150.jpg 150w, https:\/\/greencourt.mgcomunicacio.com\/wp-content\/uploads\/2025\/10\/Barcelona-Renovacio-integral-de-la-pista-7-al-Real-Club-de-Polo-de-Barcelona-02-768x768.jpg 768w, https:\/\/greencourt.mgcomunicacio.com\/wp-content\/uploads\/2025\/10\/Barcelona-Renovacio-integral-de-la-pista-7-al-Real-Club-de-Polo-de-Barcelona-02-340x340.jpg 340w, https:\/\/greencourt.mgcomunicacio.com\/wp-content\/uploads\/2025\/10\/Barcelona-Renovacio-integral-de-la-pista-7-al-Real-Club-de-Polo-de-Barcelona-02-140x140.jpg 140w, https:\/\/greencourt.mgcomunicacio.com\/wp-content\/uploads\/2025\/10\/Barcelona-Renovacio-integral-de-la-pista-7-al-Real-Club-de-Polo-de-Barcelona-02.jpg 1080w\" sizes=\"auto, (max-width: 1024px) 100vw, 1024px\" \/><\/figure>\n\n<figure class=\"wp-block-image size-large\"><img loading=\"lazy\" decoding=\"async\" width=\"1024\" height=\"1024\" data-id=\"1815\" src=\"https:\/\/greencourt.mgcomunicacio.com\/wp-content\/uploads\/2025\/10\/Barcelona-Renovacio-integral-de-la-pista-7-al-Real-Club-de-Polo-de-Barcelona-04-1024x1024.jpg\" alt=\"\" class=\"wp-image-1815\" srcset=\"https:\/\/greencourt.mgcomunicacio.com\/wp-content\/uploads\/2025\/10\/Barcelona-Renovacio-integral-de-la-pista-7-al-Real-Club-de-Polo-de-Barcelona-04-1024x1024.jpg 1024w, https:\/\/greencourt.mgcomunicacio.com\/wp-content\/uploads\/2025\/10\/Barcelona-Renovacio-integral-de-la-pista-7-al-Real-Club-de-Polo-de-Barcelona-04-300x300.jpg 300w, https:\/\/greencourt.mgcomunicacio.com\/wp-content\/uploads\/2025\/10\/Barcelona-Renovacio-integral-de-la-pista-7-al-Real-Club-de-Polo-de-Barcelona-04-100x100.jpg 100w, https:\/\/greencourt.mgcomunicacio.com\/wp-content\/uploads\/2025\/10\/Barcelona-Renovacio-integral-de-la-pista-7-al-Real-Club-de-Polo-de-Barcelona-04-600x600.jpg 600w, https:\/\/greencourt.mgcomunicacio.com\/wp-content\/uploads\/2025\/10\/Barcelona-Renovacio-integral-de-la-pista-7-al-Real-Club-de-Polo-de-Barcelona-04-150x150.jpg 150w, https:\/\/greencourt.mgcomunicacio.com\/wp-content\/uploads\/2025\/10\/Barcelona-Renovacio-integral-de-la-pista-7-al-Real-Club-de-Polo-de-Barcelona-04-768x768.jpg 768w, https:\/\/greencourt.mgcomunicacio.com\/wp-content\/uploads\/2025\/10\/Barcelona-Renovacio-integral-de-la-pista-7-al-Real-Club-de-Polo-de-Barcelona-04-340x340.jpg 340w, https:\/\/greencourt.mgcomunicacio.com\/wp-content\/uploads\/2025\/10\/Barcelona-Renovacio-integral-de-la-pista-7-al-Real-Club-de-Polo-de-Barcelona-04-140x140.jpg 140w, https:\/\/greencourt.mgcomunicacio.com\/wp-content\/uploads\/2025\/10\/Barcelona-Renovacio-integral-de-la-pista-7-al-Real-Club-de-Polo-de-Barcelona-04.jpg 1200w\" sizes=\"auto, (max-width: 1024px) 100vw, 1024px\" \/><\/figure>\n\n<figure class=\"wp-block-image size-large\"><img loading=\"lazy\" decoding=\"async\" width=\"1024\" height=\"1024\" data-id=\"1813\" src=\"https:\/\/greencourt.mgcomunicacio.com\/wp-content\/uploads\/2025\/10\/Barcelona-Renovacio-integral-de-la-pista-7-al-Real-Club-de-Polo-de-Barcelona-06-1024x1024.jpg\" alt=\"\" class=\"wp-image-1813\" srcset=\"https:\/\/greencourt.mgcomunicacio.com\/wp-content\/uploads\/2025\/10\/Barcelona-Renovacio-integral-de-la-pista-7-al-Real-Club-de-Polo-de-Barcelona-06-1024x1024.jpg 1024w, https:\/\/greencourt.mgcomunicacio.com\/wp-content\/uploads\/2025\/10\/Barcelona-Renovacio-integral-de-la-pista-7-al-Real-Club-de-Polo-de-Barcelona-06-300x300.jpg 300w, https:\/\/greencourt.mgcomunicacio.com\/wp-content\/uploads\/2025\/10\/Barcelona-Renovacio-integral-de-la-pista-7-al-Real-Club-de-Polo-de-Barcelona-06-100x100.jpg 100w, https:\/\/greencourt.mgcomunicacio.com\/wp-content\/uploads\/2025\/10\/Barcelona-Renovacio-integral-de-la-pista-7-al-Real-Club-de-Polo-de-Barcelona-06-600x600.jpg 600w, https:\/\/greencourt.mgcomunicacio.com\/wp-content\/uploads\/2025\/10\/Barcelona-Renovacio-integral-de-la-pista-7-al-Real-Club-de-Polo-de-Barcelona-06-150x150.jpg 150w, https:\/\/greencourt.mgcomunicacio.com\/wp-content\/uploads\/2025\/10\/Barcelona-Renovacio-integral-de-la-pista-7-al-Real-Club-de-Polo-de-Barcelona-06-768x768.jpg 768w, https:\/\/greencourt.mgcomunicacio.com\/wp-content\/uploads\/2025\/10\/Barcelona-Renovacio-integral-de-la-pista-7-al-Real-Club-de-Polo-de-Barcelona-06-340x340.jpg 340w, https:\/\/greencourt.mgcomunicacio.com\/wp-content\/uploads\/2025\/10\/Barcelona-Renovacio-integral-de-la-pista-7-al-Real-Club-de-Polo-de-Barcelona-06-140x140.jpg 140w, https:\/\/greencourt.mgcomunicacio.com\/wp-content\/uploads\/2025\/10\/Barcelona-Renovacio-integral-de-la-pista-7-al-Real-Club-de-Polo-de-Barcelona-06.jpg 1200w\" sizes=\"auto, (max-width: 1024px) 100vw, 1024px\" \/><\/figure>\n\n<figure class=\"wp-block-image size-large\"><img loading=\"lazy\" decoding=\"async\" width=\"1024\" height=\"1024\" data-id=\"1814\" src=\"https:\/\/greencourt.mgcomunicacio.com\/wp-content\/uploads\/2025\/10\/Barcelona-Renovacio-integral-de-la-pista-7-al-Real-Club-de-Polo-de-Barcelona-05-1024x1024.jpg\" alt=\"\" class=\"wp-image-1814\" srcset=\"https:\/\/greencourt.mgcomunicacio.com\/wp-content\/uploads\/2025\/10\/Barcelona-Renovacio-integral-de-la-pista-7-al-Real-Club-de-Polo-de-Barcelona-05-1024x1024.jpg 1024w, https:\/\/greencourt.mgcomunicacio.com\/wp-content\/uploads\/2025\/10\/Barcelona-Renovacio-integral-de-la-pista-7-al-Real-Club-de-Polo-de-Barcelona-05-300x300.jpg 300w, https:\/\/greencourt.mgcomunicacio.com\/wp-content\/uploads\/2025\/10\/Barcelona-Renovacio-integral-de-la-pista-7-al-Real-Club-de-Polo-de-Barcelona-05-100x100.jpg 100w, https:\/\/greencourt.mgcomunicacio.com\/wp-content\/uploads\/2025\/10\/Barcelona-Renovacio-integral-de-la-pista-7-al-Real-Club-de-Polo-de-Barcelona-05-600x600.jpg 600w, https:\/\/greencourt.mgcomunicacio.com\/wp-content\/uploads\/2025\/10\/Barcelona-Renovacio-integral-de-la-pista-7-al-Real-Club-de-Polo-de-Barcelona-05-150x150.jpg 150w, https:\/\/greencourt.mgcomunicacio.com\/wp-content\/uploads\/2025\/10\/Barcelona-Renovacio-integral-de-la-pista-7-al-Real-Club-de-Polo-de-Barcelona-05-768x768.jpg 768w, https:\/\/greencourt.mgcomunicacio.com\/wp-content\/uploads\/2025\/10\/Barcelona-Renovacio-integral-de-la-pista-7-al-Real-Club-de-Polo-de-Barcelona-05-340x340.jpg 340w, https:\/\/greencourt.mgcomunicacio.com\/wp-content\/uploads\/2025\/10\/Barcelona-Renovacio-integral-de-la-pista-7-al-Real-Club-de-Polo-de-Barcelona-05-140x140.jpg 140w, https:\/\/greencourt.mgcomunicacio.com\/wp-content\/uploads\/2025\/10\/Barcelona-Renovacio-integral-de-la-pista-7-al-Real-Club-de-Polo-de-Barcelona-05.jpg 1200w\" sizes=\"auto, (max-width: 1024px) 100vw, 1024px\" \/><\/figure>\n\n<figure class=\"wp-block-image size-large\"><img loading=\"lazy\" decoding=\"async\" width=\"1024\" height=\"1024\" data-id=\"1818\" src=\"https:\/\/greencourt.mgcomunicacio.com\/wp-content\/uploads\/2025\/10\/Barcelona-Renovacio-integral-de-la-pista-7-al-Real-Club-de-Polo-de-Barcelona-01-1024x1024.jpg\" alt=\"\" class=\"wp-image-1818\" srcset=\"https:\/\/greencourt.mgcomunicacio.com\/wp-content\/uploads\/2025\/10\/Barcelona-Renovacio-integral-de-la-pista-7-al-Real-Club-de-Polo-de-Barcelona-01-1024x1024.jpg 1024w, https:\/\/greencourt.mgcomunicacio.com\/wp-content\/uploads\/2025\/10\/Barcelona-Renovacio-integral-de-la-pista-7-al-Real-Club-de-Polo-de-Barcelona-01-300x300.jpg 300w, https:\/\/greencourt.mgcomunicacio.com\/wp-content\/uploads\/2025\/10\/Barcelona-Renovacio-integral-de-la-pista-7-al-Real-Club-de-Polo-de-Barcelona-01-100x100.jpg 100w, https:\/\/greencourt.mgcomunicacio.com\/wp-content\/uploads\/2025\/10\/Barcelona-Renovacio-integral-de-la-pista-7-al-Real-Club-de-Polo-de-Barcelona-01-600x600.jpg 600w, https:\/\/greencourt.mgcomunicacio.com\/wp-content\/uploads\/2025\/10\/Barcelona-Renovacio-integral-de-la-pista-7-al-Real-Club-de-Polo-de-Barcelona-01-150x150.jpg 150w, https:\/\/greencourt.mgcomunicacio.com\/wp-content\/uploads\/2025\/10\/Barcelona-Renovacio-integral-de-la-pista-7-al-Real-Club-de-Polo-de-Barcelona-01-768x768.jpg 768w, https:\/\/greencourt.mgcomunicacio.com\/wp-content\/uploads\/2025\/10\/Barcelona-Renovacio-integral-de-la-pista-7-al-Real-Club-de-Polo-de-Barcelona-01-340x340.jpg 340w, https:\/\/greencourt.mgcomunicacio.com\/wp-content\/uploads\/2025\/10\/Barcelona-Renovacio-integral-de-la-pista-7-al-Real-Club-de-Polo-de-Barcelona-01-140x140.jpg 140w, https:\/\/greencourt.mgcomunicacio.com\/wp-content\/uploads\/2025\/10\/Barcelona-Renovacio-integral-de-la-pista-7-al-Real-Club-de-Polo-de-Barcelona-01.jpg 1200w\" sizes=\"auto, (max-width: 1024px) 100vw, 1024px\" \/><\/figure>\n\n<figure class=\"wp-block-image size-large\"><img loading=\"lazy\" decoding=\"async\" width=\"1024\" height=\"1024\" data-id=\"1816\" src=\"https:\/\/greencourt.mgcomunicacio.com\/wp-content\/uploads\/2025\/10\/Barcelona-Renovacio-integral-de-la-pista-7-al-Real-Club-de-Polo-de-Barcelona-03-1024x1024.jpg\" alt=\"\" class=\"wp-image-1816\" srcset=\"https:\/\/greencourt.mgcomunicacio.com\/wp-content\/uploads\/2025\/10\/Barcelona-Renovacio-integral-de-la-pista-7-al-Real-Club-de-Polo-de-Barcelona-03-1024x1024.jpg 1024w, https:\/\/greencourt.mgcomunicacio.com\/wp-content\/uploads\/2025\/10\/Barcelona-Renovacio-integral-de-la-pista-7-al-Real-Club-de-Polo-de-Barcelona-03-300x300.jpg 300w, https:\/\/greencourt.mgcomunicacio.com\/wp-content\/uploads\/2025\/10\/Barcelona-Renovacio-integral-de-la-pista-7-al-Real-Club-de-Polo-de-Barcelona-03-100x100.jpg 100w, https:\/\/greencourt.mgcomunicacio.com\/wp-content\/uploads\/2025\/10\/Barcelona-Renovacio-integral-de-la-pista-7-al-Real-Club-de-Polo-de-Barcelona-03-600x600.jpg 600w, https:\/\/greencourt.mgcomunicacio.com\/wp-content\/uploads\/2025\/10\/Barcelona-Renovacio-integral-de-la-pista-7-al-Real-Club-de-Polo-de-Barcelona-03-150x150.jpg 150w, https:\/\/greencourt.mgcomunicacio.com\/wp-content\/uploads\/2025\/10\/Barcelona-Renovacio-integral-de-la-pista-7-al-Real-Club-de-Polo-de-Barcelona-03-768x768.jpg 768w, https:\/\/greencourt.mgcomunicacio.com\/wp-content\/uploads\/2025\/10\/Barcelona-Renovacio-integral-de-la-pista-7-al-Real-Club-de-Polo-de-Barcelona-03-340x340.jpg 340w, https:\/\/greencourt.mgcomunicacio.com\/wp-content\/uploads\/2025\/10\/Barcelona-Renovacio-integral-de-la-pista-7-al-Real-Club-de-Polo-de-Barcelona-03-140x140.jpg 140w, https:\/\/greencourt.mgcomunicacio.com\/wp-content\/uploads\/2025\/10\/Barcelona-Renovacio-integral-de-la-pista-7-al-Real-Club-de-Polo-de-Barcelona-03.jpg 1200w\" sizes=\"auto, (max-width: 1024px) 100vw, 1024px\" \/><\/figure><\/figure><div style=\"height:15vh\" aria-hidden=\"true\" class=\"wp-block-spacer\"><\/div><p><\/p>","protected":false},"excerpt":{"rendered":"","protected":false},"author":1,"featured_media":0,"parent":435,"menu_order":0,"comment_status":"closed","ping_status":"closed","template":"","meta":{"_acf_changed":false,"footnotes":""},"class_list":["post-1808","page","type-page","status-publish","hentry"],"acf":[],"_links":{"self":[{"href":"https:\/\/greencourt.mgcomunicacio.com\/ca\/wp-json\/wp\/v2\/pages\/1808","targetHints":{"allow":["GET"]}}],"collection":[{"href":"https:\/\/greencourt.mgcomunicacio.com\/ca\/wp-json\/wp\/v2\/pages"}],"about":[{"href":"https:\/\/greencourt.mgcomunicacio.com\/ca\/wp-json\/wp\/v2\/types\/page"}],"author":[{"embeddable":true,"href":"https:\/\/greencourt.mgcomunicacio.com\/ca\/wp-json\/wp\/v2\/users\/1"}],"replies":[{"embeddable":true,"href":"https:\/\/greencourt.mgcomunicacio.com\/ca\/wp-json\/wp\/v2\/comments?post=1808"}],"version-history":[{"count":5,"href":"https:\/\/greencourt.mgcomunicacio.com\/ca\/wp-json\/wp\/v2\/pages\/1808\/revisions"}],"predecessor-version":[{"id":4453,"href":"https:\/\/greencourt.mgcomunicacio.com\/ca\/wp-json\/wp\/v2\/pages\/1808\/revisions\/4453"}],"up":[{"embeddable":true,"href":"https:\/\/greencourt.mgcomunicacio.com\/ca\/wp-json\/wp\/v2\/pages\/435"}],"wp:attachment":[{"href":"https:\/\/greencourt.mgcomunicacio.com\/ca\/wp-json\/wp\/v2\/media?parent=1808"}],"curies":[{"name":"wp","href":"https:\/\/api.w.org\/{rel}","templated":true}]}}