{"id":228,"date":"2025-05-21T16:40:46","date_gmt":"2025-05-21T16:40:46","guid":{"rendered":"https:\/\/greencourt.mgcomunicacio.com\/?page_id=228"},"modified":"2025-12-11T09:09:23","modified_gmt":"2025-12-11T08:09:23","slug":"administracio-publica","status":"publish","type":"page","link":"https:\/\/greencourt.mgcomunicacio.com\/ca\/sectors\/administracio-publica\/","title":{"rendered":"Administraci\u00f3 P\u00fablica"},"content":{"rendered":"<div class=\"wp-block-greencourt-cabecera mod-cabecera f1_2\"><div class=\"slider\"><div class=\"wp-block-greencourt-cabecera-interior slide\"><div class=\"maq-contenidor\" style=\"backdrop-filter: blur(0px)\"><div class=\"text\"><h1 class=\"wp-block-heading has-text-align-center is-style-com_titular_1 has-blanc-color has-text-color has-link-color wp-elements-6f472e3896f4dc9a9b4c7b4ec7a5d48c\">Solucions per a administracions p\u00fabliques<\/h1><\/div><\/div><div class=\"image\" style=\"background-image:url(https:\/\/greencourt.mgcomunicacio.com\/wp-content\/uploads\/2025\/08\/Pistas-deportivas-para-administracion-publica-11-1.jpg)\"><\/div><\/div><\/div><\/div><div class=\"wp-block-greencourt-marges maq-contenidor normal marge-superior-gran marge-inferior-gran\" data-aos=\"off\" data-aos-delay=\"aos_delay\"><h2 class=\"wp-block-heading is-style-com_titular_2\"><strong>Fem espais per viure, <\/strong><br><strong>fer esport i compartir<\/strong><\/h2>\n\n<div style=\"height:50px\" aria-hidden=\"true\" class=\"wp-block-spacer\"><\/div>\n\n<p class=\"is-style-com_titular_4\">A Greencourt entenem la responsabilitat que comporta gestionar espais p\u00fablics. Per aix\u00f2 oferim solucions dissenyades especialment per a ajuntaments, consells comarcals, diputacions i administracions p\u00fabliques. Treballem colze a colze amb els equips t\u00e8cnics municipals per fer realitat projectes sostenibles, segurs i adaptats a les necessitats reals de cada territori.<\/p>\n\n<p><\/p>\n\n<p class=\"is-style-com_titular_4\">Amb m\u00e9s de 20 anys d\u2019experi\u00e8ncia i una aposta clara per la innovaci\u00f3 i la sostenibilitat, oferim <strong>una gamma completa de serveis i productes<\/strong> per transformar espais urbans i esportius amb solucions resistents, eficients i de manteniment m\u00ednim.<\/p><\/div><div class=\"wp-block-greencourt-marges maq-contenidor normal marge-superior-gran marge-inferior-gran\" data-aos=\"off\" data-aos-delay=\"aos_delay\"><h2 class=\"wp-block-heading has-text-align-center is-style-com_titular_1\">Qu\u00e8 oferim a les ciutats?<\/h2><\/div><div class=\"wp-block-greencourt-marges maq-contenidor normal marge-superior- marge-inferior-\" data-aos=\"off\" data-aos-delay=\"aos_delay\"><div class=\"wp-block-greencourt-columnes-responsive mod-columnes-responsive cols-dsk-2 cols-tbl-2 cols-mob-1 gap-gran esquerra-orfes\"><div class=\"wp-block-greencourt-columna-responsive mod-columna-responsive-wrapper\"><div class=\"mod-columna-responsive valign-superior\"><figure class=\"wp-block-image size-full wp-duotone-unset-1\" style=\"margin-top:0;margin-bottom:0\"><a href=\"https:\/\/greencourt.mgcomunicacio.com\/ca\/solucions\/\"><img loading=\"lazy\" decoding=\"async\" width=\"900\" height=\"900\" src=\"https:\/\/greencourt.mgcomunicacio.com\/wp-content\/uploads\/2025\/11\/Pistas-deportivas-para-administracion-publica-12.jpg\" alt=\"\" class=\"wp-image-3911\" srcset=\"https:\/\/greencourt.mgcomunicacio.com\/wp-content\/uploads\/2025\/11\/Pistas-deportivas-para-administracion-publica-12.jpg 900w, https:\/\/greencourt.mgcomunicacio.com\/wp-content\/uploads\/2025\/11\/Pistas-deportivas-para-administracion-publica-12-300x300.jpg 300w, https:\/\/greencourt.mgcomunicacio.com\/wp-content\/uploads\/2025\/11\/Pistas-deportivas-para-administracion-publica-12-100x100.jpg 100w, https:\/\/greencourt.mgcomunicacio.com\/wp-content\/uploads\/2025\/11\/Pistas-deportivas-para-administracion-publica-12-600x600.jpg 600w, https:\/\/greencourt.mgcomunicacio.com\/wp-content\/uploads\/2025\/11\/Pistas-deportivas-para-administracion-publica-12-150x150.jpg 150w, https:\/\/greencourt.mgcomunicacio.com\/wp-content\/uploads\/2025\/11\/Pistas-deportivas-para-administracion-publica-12-768x768.jpg 768w, https:\/\/greencourt.mgcomunicacio.com\/wp-content\/uploads\/2025\/11\/Pistas-deportivas-para-administracion-publica-12-340x340.jpg 340w, https:\/\/greencourt.mgcomunicacio.com\/wp-content\/uploads\/2025\/11\/Pistas-deportivas-para-administracion-publica-12-140x140.jpg 140w\" sizes=\"auto, (max-width: 900px) 100vw, 900px\" \/><\/a><\/figure>\n\n<div style=\"height:3vh\" aria-hidden=\"true\" class=\"wp-block-spacer\"><\/div>\n\n<h3 class=\"wp-block-heading has-text-align-left is-style-com_titular_3 has-taronja-greencourt-color has-text-color has-link-color wp-elements-60ab45f402ad63998a42c8f5400c7eea\"><strong>Paviments i pistes esportives<\/strong><\/h3>\n\n<div style=\"height:3vh\" aria-hidden=\"true\" class=\"wp-block-spacer\"><\/div>\n\n<p class=\"is-style-com_titular_4\">Constru\u00efm i renovem pistes de tennis, p\u00e0del, futbol sala, b\u00e0squet, pickleball i zones multiesportives. Treballem amb materials d\u2019alta qualitat i adaptats a l\u2019\u00fas intensiu dels espais p\u00fablics.<\/p>\n\n<div style=\"height:3vh\" aria-hidden=\"true\" class=\"wp-block-spacer\"><\/div>\n\n<div class=\"wp-block-buttons is-content-justification-left is-layout-flex wp-container-core-buttons-is-layout-1 wp-block-buttons-is-layout-flex\"><div class=\"wp-block-button is-style-taronja-gris\"><a class=\"wp-block-button__link wp-element-button\" href=\"https:\/\/greencourt.mgcomunicacio.com\/ca\/solucions\/\">+ info<\/a><\/div><\/div>\n\n<div style=\"height:8vh\" aria-hidden=\"true\" class=\"wp-block-spacer\"><\/div><\/div><\/div>\n\n<div class=\"wp-block-greencourt-columna-responsive mod-columna-responsive-wrapper\"><div class=\"mod-columna-responsive valign-superior\"><figure class=\"wp-block-image size-full is-style-default wp-duotone-unset-2\"><a href=\"https:\/\/greencourt.mgcomunicacio.com\/ca\/solucions\/urban\/parcs-infantils\/\"><img loading=\"lazy\" decoding=\"async\" width=\"900\" height=\"900\" src=\"https:\/\/greencourt.mgcomunicacio.com\/wp-content\/uploads\/2025\/11\/Pistas-deportivas-para-administracion-publica-13.jpg\" alt=\"\" class=\"wp-image-3912\" srcset=\"https:\/\/greencourt.mgcomunicacio.com\/wp-content\/uploads\/2025\/11\/Pistas-deportivas-para-administracion-publica-13.jpg 900w, https:\/\/greencourt.mgcomunicacio.com\/wp-content\/uploads\/2025\/11\/Pistas-deportivas-para-administracion-publica-13-300x300.jpg 300w, https:\/\/greencourt.mgcomunicacio.com\/wp-content\/uploads\/2025\/11\/Pistas-deportivas-para-administracion-publica-13-100x100.jpg 100w, https:\/\/greencourt.mgcomunicacio.com\/wp-content\/uploads\/2025\/11\/Pistas-deportivas-para-administracion-publica-13-600x600.jpg 600w, https:\/\/greencourt.mgcomunicacio.com\/wp-content\/uploads\/2025\/11\/Pistas-deportivas-para-administracion-publica-13-150x150.jpg 150w, https:\/\/greencourt.mgcomunicacio.com\/wp-content\/uploads\/2025\/11\/Pistas-deportivas-para-administracion-publica-13-768x768.jpg 768w, https:\/\/greencourt.mgcomunicacio.com\/wp-content\/uploads\/2025\/11\/Pistas-deportivas-para-administracion-publica-13-340x340.jpg 340w, https:\/\/greencourt.mgcomunicacio.com\/wp-content\/uploads\/2025\/11\/Pistas-deportivas-para-administracion-publica-13-140x140.jpg 140w\" sizes=\"auto, (max-width: 900px) 100vw, 900px\" \/><\/a><\/figure>\n\n<div style=\"height:3vh\" aria-hidden=\"true\" class=\"wp-block-spacer\"><\/div>\n\n<h3 class=\"wp-block-heading has-text-align-left is-style-com_titular_3 has-taronja-greencourt-color has-text-color has-link-color wp-elements-fa5f445fa7510173910aa5883998c4a7\"><strong><strong>Parcs infantils i zones de joc<\/strong><\/strong><\/h3>\n\n<div style=\"height:3vh\" aria-hidden=\"true\" class=\"wp-block-spacer\"><\/div>\n\n<p class=\"is-style-com_titular_4\">Dissenyem espais de joc inclusius, segurs i pedag\u00f2gics. Paviments de cautx\u00fa continu o losetes reciclades, jocs per a totes les edats i accessibilitat garantida.<\/p>\n\n<div style=\"height:3vh\" aria-hidden=\"true\" class=\"wp-block-spacer\"><\/div>\n\n<div class=\"wp-block-buttons is-layout-flex wp-block-buttons-is-layout-flex\"><div class=\"wp-block-button is-style-taronja-gris\"><a class=\"wp-block-button__link wp-element-button\" href=\"https:\/\/greencourt.mgcomunicacio.com\/ca\/solucions\/urban\/parcs-infantils\/\">+ info<\/a><\/div><\/div>\n\n<div style=\"height:8vh\" aria-hidden=\"true\" class=\"wp-block-spacer\"><\/div><\/div><\/div>\n\n<div class=\"wp-block-greencourt-columna-responsive mod-columna-responsive-wrapper\"><div class=\"mod-columna-responsive valign-superior\"><figure class=\"wp-block-image size-full\"><a href=\"https:\/\/greencourt.mgcomunicacio.com\/ca\/solucions\/urban\/parcs-infantils\/\"><img loading=\"lazy\" decoding=\"async\" width=\"900\" height=\"900\" src=\"https:\/\/greencourt.mgcomunicacio.com\/wp-content\/uploads\/2025\/11\/Pistas-deportivas-para-administracion-publica-14.jpg\" alt=\"\" class=\"wp-image-3916\" srcset=\"https:\/\/greencourt.mgcomunicacio.com\/wp-content\/uploads\/2025\/11\/Pistas-deportivas-para-administracion-publica-14.jpg 900w, https:\/\/greencourt.mgcomunicacio.com\/wp-content\/uploads\/2025\/11\/Pistas-deportivas-para-administracion-publica-14-300x300.jpg 300w, https:\/\/greencourt.mgcomunicacio.com\/wp-content\/uploads\/2025\/11\/Pistas-deportivas-para-administracion-publica-14-100x100.jpg 100w, https:\/\/greencourt.mgcomunicacio.com\/wp-content\/uploads\/2025\/11\/Pistas-deportivas-para-administracion-publica-14-600x600.jpg 600w, https:\/\/greencourt.mgcomunicacio.com\/wp-content\/uploads\/2025\/11\/Pistas-deportivas-para-administracion-publica-14-150x150.jpg 150w, https:\/\/greencourt.mgcomunicacio.com\/wp-content\/uploads\/2025\/11\/Pistas-deportivas-para-administracion-publica-14-768x768.jpg 768w, https:\/\/greencourt.mgcomunicacio.com\/wp-content\/uploads\/2025\/11\/Pistas-deportivas-para-administracion-publica-14-340x340.jpg 340w, https:\/\/greencourt.mgcomunicacio.com\/wp-content\/uploads\/2025\/11\/Pistas-deportivas-para-administracion-publica-14-140x140.jpg 140w\" sizes=\"auto, (max-width: 900px) 100vw, 900px\" \/><\/a><\/figure>\n\n<div style=\"height:3vh\" aria-hidden=\"true\" class=\"wp-block-spacer\"><\/div>\n\n<h3 class=\"wp-block-heading has-text-align-left is-style-com_titular_3 has-taronja-greencourt-color has-text-color has-link-color wp-elements-f5f3d1c690c66a44f34102fc981e5feb\"><strong><strong>Zones d\u2019exercici per a adults i gent gran<\/strong><\/strong><\/h3>\n\n<div style=\"height:3vh\" aria-hidden=\"true\" class=\"wp-block-spacer\"><\/div>\n\n<p class=\"is-style-com_titular_4\">Instal\u00b7lem equipaments per fomentar l\u2019activitat f\u00edsica a l\u2019aire lliure, millorant la salut i la qualitat de vida de la ciutadania.<\/p>\n\n<div style=\"height:3vh\" aria-hidden=\"true\" class=\"wp-block-spacer\"><\/div>\n\n<div class=\"wp-block-buttons is-layout-flex wp-block-buttons-is-layout-flex\"><div class=\"wp-block-button is-style-taronja-gris\"><a class=\"wp-block-button__link wp-element-button\" href=\"https:\/\/greencourt.mgcomunicacio.com\/ca\/solucions\/urban\/parcs-infantils\/\">+ info<\/a><\/div><\/div>\n\n<div style=\"height:8vh\" aria-hidden=\"true\" class=\"wp-block-spacer\"><\/div><\/div><\/div>\n\n<div class=\"wp-block-greencourt-columna-responsive mod-columna-responsive-wrapper\"><div class=\"mod-columna-responsive valign-superior\"><figure class=\"wp-block-image size-full\"><a href=\"https:\/\/greencourt.mgcomunicacio.com\/ca\/solucions\/urban\/\"><img loading=\"lazy\" decoding=\"async\" width=\"900\" height=\"900\" src=\"https:\/\/greencourt.mgcomunicacio.com\/wp-content\/uploads\/2025\/11\/Pistas-deportivas-para-administracion-publica-15.jpg\" alt=\"\" class=\"wp-image-3917\" srcset=\"https:\/\/greencourt.mgcomunicacio.com\/wp-content\/uploads\/2025\/11\/Pistas-deportivas-para-administracion-publica-15.jpg 900w, https:\/\/greencourt.mgcomunicacio.com\/wp-content\/uploads\/2025\/11\/Pistas-deportivas-para-administracion-publica-15-300x300.jpg 300w, https:\/\/greencourt.mgcomunicacio.com\/wp-content\/uploads\/2025\/11\/Pistas-deportivas-para-administracion-publica-15-100x100.jpg 100w, https:\/\/greencourt.mgcomunicacio.com\/wp-content\/uploads\/2025\/11\/Pistas-deportivas-para-administracion-publica-15-600x600.jpg 600w, https:\/\/greencourt.mgcomunicacio.com\/wp-content\/uploads\/2025\/11\/Pistas-deportivas-para-administracion-publica-15-150x150.jpg 150w, https:\/\/greencourt.mgcomunicacio.com\/wp-content\/uploads\/2025\/11\/Pistas-deportivas-para-administracion-publica-15-768x768.jpg 768w, https:\/\/greencourt.mgcomunicacio.com\/wp-content\/uploads\/2025\/11\/Pistas-deportivas-para-administracion-publica-15-340x340.jpg 340w, https:\/\/greencourt.mgcomunicacio.com\/wp-content\/uploads\/2025\/11\/Pistas-deportivas-para-administracion-publica-15-140x140.jpg 140w\" sizes=\"auto, (max-width: 900px) 100vw, 900px\" \/><\/a><\/figure>\n\n<div style=\"height:3vh\" aria-hidden=\"true\" class=\"wp-block-spacer\"><\/div>\n\n<h3 class=\"wp-block-heading has-text-align-left is-style-com_titular_3 has-taronja-greencourt-color has-text-color has-link-color wp-elements-9762abd217bda4ee71f17fe049dce077\"><strong><strong>Espais urbans i parcs<\/strong><\/strong><\/h3>\n\n<div style=\"height:3vh\" aria-hidden=\"true\" class=\"wp-block-spacer\"><\/div>\n\n<p class=\"is-style-com_titular_4\">Mobiliari urb\u00e0 resistent i est\u00e8tic (bancs, papereres, taules), paviments decoratius, zones verdes, recorreguts escolars i itineraris saludables.<\/p>\n\n<div style=\"height:3vh\" aria-hidden=\"true\" class=\"wp-block-spacer\"><\/div>\n\n<div class=\"wp-block-buttons is-layout-flex wp-block-buttons-is-layout-flex\"><div class=\"wp-block-button is-style-taronja-gris\"><a class=\"wp-block-button__link wp-element-button\" href=\"https:\/\/greencourt.mgcomunicacio.com\/ca\/solucions\/urban\/\">+ info<\/a><\/div><\/div>\n\n<div style=\"height:8vh\" aria-hidden=\"true\" class=\"wp-block-spacer\"><\/div><\/div><\/div>\n\n<div class=\"wp-block-greencourt-columna-responsive mod-columna-responsive-wrapper\"><div class=\"mod-columna-responsive valign-superior\"><figure class=\"wp-block-image size-full\"><a href=\"https:\/\/greencourt.mgcomunicacio.com\/ca\/illuminacio-de-pistes\/\"><img loading=\"lazy\" decoding=\"async\" width=\"900\" height=\"900\" src=\"https:\/\/greencourt.mgcomunicacio.com\/wp-content\/uploads\/2025\/11\/Pistas-deportivas-para-administracion-publica-16.jpg\" alt=\"\" class=\"wp-image-3921\" srcset=\"https:\/\/greencourt.mgcomunicacio.com\/wp-content\/uploads\/2025\/11\/Pistas-deportivas-para-administracion-publica-16.jpg 900w, https:\/\/greencourt.mgcomunicacio.com\/wp-content\/uploads\/2025\/11\/Pistas-deportivas-para-administracion-publica-16-300x300.jpg 300w, https:\/\/greencourt.mgcomunicacio.com\/wp-content\/uploads\/2025\/11\/Pistas-deportivas-para-administracion-publica-16-100x100.jpg 100w, https:\/\/greencourt.mgcomunicacio.com\/wp-content\/uploads\/2025\/11\/Pistas-deportivas-para-administracion-publica-16-600x600.jpg 600w, https:\/\/greencourt.mgcomunicacio.com\/wp-content\/uploads\/2025\/11\/Pistas-deportivas-para-administracion-publica-16-150x150.jpg 150w, https:\/\/greencourt.mgcomunicacio.com\/wp-content\/uploads\/2025\/11\/Pistas-deportivas-para-administracion-publica-16-768x768.jpg 768w, https:\/\/greencourt.mgcomunicacio.com\/wp-content\/uploads\/2025\/11\/Pistas-deportivas-para-administracion-publica-16-340x340.jpg 340w, https:\/\/greencourt.mgcomunicacio.com\/wp-content\/uploads\/2025\/11\/Pistas-deportivas-para-administracion-publica-16-140x140.jpg 140w\" sizes=\"auto, (max-width: 900px) 100vw, 900px\" \/><\/a><\/figure>\n\n<div style=\"height:3vh\" aria-hidden=\"true\" class=\"wp-block-spacer\"><\/div>\n\n<h3 class=\"wp-block-heading has-text-align-left is-style-com_titular_3 has-taronja-greencourt-color has-text-color has-link-color wp-elements-b98abc582fe280f8f1d1909280f6451b\"><strong><strong>Il\u00b7luminaci\u00f3 esportiva i urbana LED<\/strong><\/strong><\/h3>\n\n<div style=\"height:3vh\" aria-hidden=\"true\" class=\"wp-block-spacer\"><\/div>\n\n<p class=\"is-style-com_titular_4\">Estudis lum\u00ednics i instal\u00b7laci\u00f3 de sistemes LED d\u2019alta efici\u00e8ncia per a pistes, parcs, carrers i zones aqu\u00e0tiques.<\/p>\n\n<div style=\"height:3vh\" aria-hidden=\"true\" class=\"wp-block-spacer\"><\/div>\n\n<div class=\"wp-block-buttons is-layout-flex wp-block-buttons-is-layout-flex\"><div class=\"wp-block-button is-style-taronja-gris\"><a class=\"wp-block-button__link wp-element-button\" href=\"https:\/\/greencourt.mgcomunicacio.com\/ca\/illuminacio-de-pistes\/\">+ info<\/a><\/div><\/div>\n\n<div style=\"height:8vh\" aria-hidden=\"true\" class=\"wp-block-spacer\"><\/div><\/div><\/div>\n\n<div class=\"wp-block-greencourt-columna-responsive mod-columna-responsive-wrapper\"><div class=\"mod-columna-responsive valign-superior\"><figure class=\"wp-block-image size-full\"><a href=\"https:\/\/greencourt.mgcomunicacio.com\/ca\/greencourt\/sostenibilitat\/\"><img loading=\"lazy\" decoding=\"async\" width=\"900\" height=\"900\" src=\"https:\/\/greencourt.mgcomunicacio.com\/wp-content\/uploads\/2025\/11\/Pistas-deportivas-para-administracion-publica-17.jpg\" alt=\"\" class=\"wp-image-3923\" srcset=\"https:\/\/greencourt.mgcomunicacio.com\/wp-content\/uploads\/2025\/11\/Pistas-deportivas-para-administracion-publica-17.jpg 900w, https:\/\/greencourt.mgcomunicacio.com\/wp-content\/uploads\/2025\/11\/Pistas-deportivas-para-administracion-publica-17-300x300.jpg 300w, https:\/\/greencourt.mgcomunicacio.com\/wp-content\/uploads\/2025\/11\/Pistas-deportivas-para-administracion-publica-17-100x100.jpg 100w, https:\/\/greencourt.mgcomunicacio.com\/wp-content\/uploads\/2025\/11\/Pistas-deportivas-para-administracion-publica-17-600x600.jpg 600w, https:\/\/greencourt.mgcomunicacio.com\/wp-content\/uploads\/2025\/11\/Pistas-deportivas-para-administracion-publica-17-150x150.jpg 150w, https:\/\/greencourt.mgcomunicacio.com\/wp-content\/uploads\/2025\/11\/Pistas-deportivas-para-administracion-publica-17-768x768.jpg 768w, https:\/\/greencourt.mgcomunicacio.com\/wp-content\/uploads\/2025\/11\/Pistas-deportivas-para-administracion-publica-17-340x340.jpg 340w, https:\/\/greencourt.mgcomunicacio.com\/wp-content\/uploads\/2025\/11\/Pistas-deportivas-para-administracion-publica-17-140x140.jpg 140w\" sizes=\"auto, (max-width: 900px) 100vw, 900px\" \/><\/a><\/figure>\n\n<div style=\"height:3vh\" aria-hidden=\"true\" class=\"wp-block-spacer\"><\/div>\n\n<h3 class=\"wp-block-heading has-text-align-left is-style-com_titular_3 has-taronja-greencourt-color has-text-color has-link-color wp-elements-f30c73bbeadad983dc859811f2ed3939\"><strong><strong><strong>Sostenibilitat i efici\u00e8ncia<\/strong><\/strong><\/strong><\/h3>\n\n<div style=\"height:3vh\" aria-hidden=\"true\" class=\"wp-block-spacer\"><\/div>\n\n<p class=\"is-style-com_titular_4\">Paviments reciclats, dissenys de baix manteniment i solucions enfocades a la reducci\u00f3 del consum d\u2019aigua i energia.<\/p>\n\n<div style=\"height:3vh\" aria-hidden=\"true\" class=\"wp-block-spacer\"><\/div>\n\n<div class=\"wp-block-buttons is-layout-flex wp-block-buttons-is-layout-flex\"><div class=\"wp-block-button is-style-taronja-gris\"><a class=\"wp-block-button__link wp-element-button\" href=\"https:\/\/greencourt.mgcomunicacio.com\/ca\/greencourt\/sostenibilitat\/\">+ info<\/a><\/div><\/div>\n\n<div style=\"height:8vh\" aria-hidden=\"true\" class=\"wp-block-spacer\"><\/div><\/div><\/div><\/div><\/div><div class=\"wp-block-greencourt-franja mod-franja amb_background marge-superior- marge-inferior-0 padding_fondo_xxl _alineacio_ _skin_ marge_sup_1 marge_inf_0\" data-aos=\"fade-up\" data-aos-delay=\"300\"><div class=\"maq-contenidor fullwidth\"><div class=\"maq-inner\"><div class=\"wp-block-greencourt-marges maq-contenidor normal marge-superior- marge-inferior-\" data-aos=\"off\" data-aos-delay=\"aos_delay\"><div class=\"wp-block-greencourt-columnes-responsive mod-columnes-responsive cols-dsk-2 cols-tbl-2 cols-mob-1 gap-petit centra-orfes\"><div class=\"wp-block-greencourt-columna-responsive mod-columna-responsive-wrapper\"><div class=\"mod-columna-responsive valign-superior\"><h2 class=\"wp-block-heading has-text-align-left is-style-com_titular_2 has-blanc-color has-text-color has-link-color wp-elements-c6c70279f120d95ce10e15622016d9b5\"><strong><strong><strong>Vols transformar el teu municipi amb espais pensats per a les persones?<\/strong><\/strong><\/strong><\/h2>\n\n<p class=\"is-style-com_titular_4 has-blanc-color has-text-color has-link-color wp-elements-a71a10e0d2270845b67573f77a06e550\">Fes-nos arribar la teva idea i farem un projecte que funcioni, perduri i s\u2019adapti als teus recursos.<\/p>\n\n<div style=\"height:3vh\" aria-hidden=\"true\" class=\"wp-block-spacer\"><\/div>\n\n<div class=\"wp-block-buttons is-layout-flex wp-block-buttons-is-layout-flex\"><div class=\"wp-block-button is-style-blanc-gris\"><a class=\"wp-block-button__link wp-element-button\" href=\"https:\/\/greencourt.mgcomunicacio.com\/ca\/contacte\/\">+ info<\/a><\/div><\/div><\/div><\/div>\n\n<div class=\"wp-block-greencourt-columna-responsive mod-columna-responsive-wrapper\"><div class=\"mod-columna-responsive valign-superior\"><\/div><\/div><\/div><\/div><\/div><\/div><div class=\"background\" style=\"background-image:url(https:\/\/greencourt.mgcomunicacio.com\/wp-content\/uploads\/2025\/05\/pexels-elia-clerici-282848-912110-scaled.jpg)\"><\/div><\/div><div style=\"height:20vh\" aria-hidden=\"true\" class=\"wp-block-spacer\"><\/div><div class=\"wp-block-greencourt-marges maq-contenidor normal marge-superior-petit marge-inferior-\" data-aos=\"off\" data-aos-delay=\"aos_delay\"><h2 class=\"wp-block-heading is-style-com_titular_2\"><strong><strong>Per qu\u00e8 confiar<\/strong><\/strong><br><strong><strong>en Greencourt<\/strong><\/strong><\/h2>\n\n<div style=\"height:50px\" aria-hidden=\"true\" class=\"wp-block-spacer\"><\/div><\/div><div class=\"wp-block-greencourt-marges maq-contenidor normal marge-superior- marge-inferior-\" data-aos=\"off\" data-aos-delay=\"aos_delay\"><div class=\"wp-block-greencourt-columnes-responsive mod-columnes-responsive cols-dsk-5 cols-tbl-2 cols-mob-1 gap-petit centra-orfes\"><div class=\"wp-block-greencourt-columna-responsive mod-columna-responsive-wrapper\"><div class=\"mod-columna-responsive valign-superior\"><p class=\"is-style-com_titular_1\">01<\/p>\n\n<p class=\"is-style-com_titular_5\">M\u00e9s de 20 anys d\u2019experi\u00e8ncia en obra p\u00fablica esportiva i urbana.<\/p><\/div><\/div>\n\n<div class=\"wp-block-greencourt-columna-responsive mod-columna-responsive-wrapper\"><div class=\"mod-columna-responsive valign-superior\"><p class=\"is-style-com_titular_1\">02<\/p>\n\n<p class=\"is-style-com_titular_5\">Solucions adaptades a les necessitats i pressupostos del m\u00f3n municipal.<\/p><\/div><\/div>\n\n<div class=\"wp-block-greencourt-columna-responsive mod-columna-responsive-wrapper\"><div class=\"mod-columna-responsive valign-superior\"><p class=\"is-style-com_titular_1\">03<\/p>\n\n<p class=\"is-style-com_titular_5\">Compliment estricte de la normativa t\u00e8cnica, mediambiental i de seguretat.<\/p><\/div><\/div>\n\n<div class=\"wp-block-greencourt-columna-responsive mod-columna-responsive-wrapper\"><div class=\"mod-columna-responsive valign-superior\"><p class=\"is-style-com_titular_1\">04<\/p>\n\n<p class=\"is-style-com_titular_5\">Capacitat per gestionar projectes integrals: des del disseny fins a l\u2019execuci\u00f3 i manteniment.<\/p><\/div><\/div>\n\n<div class=\"wp-block-greencourt-columna-responsive mod-columna-responsive-wrapper\"><div class=\"mod-columna-responsive valign-superior\"><p class=\"is-style-com_titular_1\">05<\/p>\n\n<p class=\"is-style-com_titular_5\">Tracte proper, transpar\u00e8ncia i seguiment continu.<\/p><\/div><\/div><\/div><\/div><div style=\"height:15vh\" aria-hidden=\"true\" class=\"wp-block-spacer\"><\/div><p><\/p>","protected":false},"excerpt":{"rendered":"","protected":false},"author":1,"featured_media":0,"parent":321,"menu_order":0,"comment_status":"closed","ping_status":"closed","template":"","meta":{"_acf_changed":false,"footnotes":""},"class_list":["post-228","page","type-page","status-publish","hentry"],"acf":[],"_links":{"self":[{"href":"https:\/\/greencourt.mgcomunicacio.com\/ca\/wp-json\/wp\/v2\/pages\/228","targetHints":{"allow":["GET"]}}],"collection":[{"href":"https:\/\/greencourt.mgcomunicacio.com\/ca\/wp-json\/wp\/v2\/pages"}],"about":[{"href":"https:\/\/greencourt.mgcomunicacio.com\/ca\/wp-json\/wp\/v2\/types\/page"}],"author":[{"embeddable":true,"href":"https:\/\/greencourt.mgcomunicacio.com\/ca\/wp-json\/wp\/v2\/users\/1"}],"replies":[{"embeddable":true,"href":"https:\/\/greencourt.mgcomunicacio.com\/ca\/wp-json\/wp\/v2\/comments?post=228"}],"version-history":[{"count":133,"href":"https:\/\/greencourt.mgcomunicacio.com\/ca\/wp-json\/wp\/v2\/pages\/228\/revisions"}],"predecessor-version":[{"id":6927,"href":"https:\/\/greencourt.mgcomunicacio.com\/ca\/wp-json\/wp\/v2\/pages\/228\/revisions\/6927"}],"up":[{"embeddable":true,"href":"https:\/\/greencourt.mgcomunicacio.com\/ca\/wp-json\/wp\/v2\/pages\/321"}],"wp:attachment":[{"href":"https:\/\/greencourt.mgcomunicacio.com\/ca\/wp-json\/wp\/v2\/media?parent=228"}],"curies":[{"name":"wp","href":"https:\/\/api.w.org\/{rel}","templated":true}]}}