{"id":325,"date":"2025-05-22T07:37:52","date_gmt":"2025-05-22T07:37:52","guid":{"rendered":"https:\/\/greencourt.mgcomunicacio.com\/?page_id=325"},"modified":"2025-12-09T18:18:30","modified_gmt":"2025-12-09T17:18:30","slug":"escoles-i-centres-educatius","status":"publish","type":"page","link":"https:\/\/greencourt.mgcomunicacio.com\/ca\/sectors\/escoles-i-centres-educatius\/","title":{"rendered":"Escoles i centres educatius"},"content":{"rendered":"<div class=\"wp-block-greencourt-cabecera mod-cabecera f1_2\"><div class=\"slider\"><div class=\"wp-block-greencourt-cabecera-interior slide\"><div class=\"maq-contenidor\" style=\"backdrop-filter: blur(0px)\"><div class=\"text\"><h1 class=\"wp-block-heading has-text-align-center is-style-com_titular_1 has-blanc-color has-text-color has-link-color wp-elements-f30b047b6f216f445eb2ea584d7bd13d\">Solucions per a<br>centres educatius<\/h1><\/div><\/div><div class=\"image\" style=\"background-image:url(https:\/\/greencourt.mgcomunicacio.com\/wp-content\/uploads\/2025\/11\/Pistas-deportivas-para-centros-educativos-11.jpg)\"><\/div><\/div><\/div><\/div><div class=\"wp-block-greencourt-marges maq-contenidor normal marge-superior-gran marge-inferior-gran\" data-aos=\"off\" data-aos-delay=\"aos_delay\"><h2 class=\"wp-block-heading is-style-com_titular_2\"><strong><strong>Espais per cr\u00e9ixer, moure\u2019s i aprendre millor<\/strong><\/strong><\/h2>\n\n<div style=\"height:50px\" aria-hidden=\"true\" class=\"wp-block-spacer\"><\/div>\n\n<p class=\"is-style-com_titular_4\">A Greencourt entenem que els espais educatius han de ser segurs, resistents i estimulants. Per aix\u00f2 treballem amb escoles, instituts, universitats i centres educatius de tot tipus per dissenyar, construir i mantenir instal\u00b7lacions que promoguin l\u2019activitat f\u00edsica, la conviv\u00e8ncia i l\u2019aprenentatge en condicions \u00f2ptimes. Farem que cada pati, pista o zona comuna sigui una eina educativa m\u00e9s.<\/p>\n\n<p><\/p>\n\n<p class=\"is-style-com_titular_4\">Amb m\u00e9s de 20 anys d\u2019experi\u00e8ncia, oferim solucions espec\u00edfiques per als entorns escolars i universitaris: des de paviments segurs fins a mobiliari urb\u00e0, parcs infantils, zones esportives i circuits d\u2019activaci\u00f3 f\u00edsica. Tot, amb materials duradors, sistemes de manteniment m\u00ednim i una clara orientaci\u00f3 pedag\u00f2gica i funcional.<\/p><\/div><div class=\"wp-block-greencourt-marges maq-contenidor normal marge-superior-gran marge-inferior-gran\" data-aos=\"off\" data-aos-delay=\"aos_delay\"><h2 class=\"wp-block-heading has-text-align-center is-style-com_titular_1\">Qu\u00e8 oferim a les escoles i centres educatius?<\/h2><\/div><div class=\"wp-block-greencourt-marges maq-contenidor normal marge-superior- marge-inferior-\" data-aos=\"off\" data-aos-delay=\"aos_delay\"><div class=\"wp-block-greencourt-columnes-responsive mod-columnes-responsive cols-dsk-2 cols-tbl-2 cols-mob-1 gap-gran centra-orfes\"><div class=\"wp-block-greencourt-columna-responsive mod-columna-responsive-wrapper\"><div class=\"mod-columna-responsive valign-superior\"><figure class=\"wp-block-image size-full wp-duotone-unset-1\"><a href=\"https:\/\/greencourt.mgcomunicacio.com\/ca\/solucions\/\"><img loading=\"lazy\" decoding=\"async\" width=\"900\" height=\"900\" src=\"https:\/\/greencourt.mgcomunicacio.com\/wp-content\/uploads\/2025\/11\/Pistas-deportivas-para-centros-educativos-07.jpg\" alt=\"\" class=\"wp-image-3983\" srcset=\"https:\/\/greencourt.mgcomunicacio.com\/wp-content\/uploads\/2025\/11\/Pistas-deportivas-para-centros-educativos-07.jpg 900w, https:\/\/greencourt.mgcomunicacio.com\/wp-content\/uploads\/2025\/11\/Pistas-deportivas-para-centros-educativos-07-300x300.jpg 300w, https:\/\/greencourt.mgcomunicacio.com\/wp-content\/uploads\/2025\/11\/Pistas-deportivas-para-centros-educativos-07-100x100.jpg 100w, https:\/\/greencourt.mgcomunicacio.com\/wp-content\/uploads\/2025\/11\/Pistas-deportivas-para-centros-educativos-07-600x600.jpg 600w, https:\/\/greencourt.mgcomunicacio.com\/wp-content\/uploads\/2025\/11\/Pistas-deportivas-para-centros-educativos-07-150x150.jpg 150w, https:\/\/greencourt.mgcomunicacio.com\/wp-content\/uploads\/2025\/11\/Pistas-deportivas-para-centros-educativos-07-768x768.jpg 768w, https:\/\/greencourt.mgcomunicacio.com\/wp-content\/uploads\/2025\/11\/Pistas-deportivas-para-centros-educativos-07-340x340.jpg 340w, https:\/\/greencourt.mgcomunicacio.com\/wp-content\/uploads\/2025\/11\/Pistas-deportivas-para-centros-educativos-07-140x140.jpg 140w\" sizes=\"auto, (max-width: 900px) 100vw, 900px\" \/><\/a><\/figure>\n\n<div style=\"height:3vh\" aria-hidden=\"true\" class=\"wp-block-spacer\"><\/div>\n\n<h3 class=\"wp-block-heading has-text-align-left is-style-com_titular_3 has-taronja-greencourt-color has-text-color has-link-color wp-elements-d7f509755f87c8ca5e87e0ef5ec05610\"><strong>Pistes i paviments esportius escolars<\/strong><\/h3>\n\n<div style=\"height:3vh\" aria-hidden=\"true\" class=\"wp-block-spacer\"><\/div>\n\n<p class=\"is-style-com_titular_4\">Constru\u00efm pistes de b\u00e0squet, futbol sala, voleibol, multiesport i espais adaptats a la pr\u00e0ctica esportiva escolar. Amb paviments antilliscants, il\u00b7luminaci\u00f3 segura i dissenys a mida per a cada espai.<\/p>\n\n<div style=\"height:3vh\" aria-hidden=\"true\" class=\"wp-block-spacer\"><\/div>\n\n<div class=\"wp-block-buttons is-content-justification-left is-layout-flex wp-container-core-buttons-is-layout-1 wp-block-buttons-is-layout-flex\"><div class=\"wp-block-button is-style-taronja-gris\"><a class=\"wp-block-button__link wp-element-button\" href=\"https:\/\/greencourt.mgcomunicacio.com\/ca\/solucions\/\">+ info<\/a><\/div><\/div>\n\n<div style=\"height:8vh\" aria-hidden=\"true\" class=\"wp-block-spacer\"><\/div><\/div><\/div>\n\n<div class=\"wp-block-greencourt-columna-responsive mod-columna-responsive-wrapper\"><div class=\"mod-columna-responsive valign-superior\"><figure class=\"wp-block-image size-full is-style-default wp-duotone-unset-2\"><a href=\"https:\/\/greencourt.mgcomunicacio.com\/ca\/solucions\/urban\/parcs-infantils\/\"><img loading=\"lazy\" decoding=\"async\" width=\"900\" height=\"900\" src=\"https:\/\/greencourt.mgcomunicacio.com\/wp-content\/uploads\/2025\/11\/Pistas-deportivas-para-centros-educativos-09.jpg\" alt=\"\" class=\"wp-image-3981\" srcset=\"https:\/\/greencourt.mgcomunicacio.com\/wp-content\/uploads\/2025\/11\/Pistas-deportivas-para-centros-educativos-09.jpg 900w, https:\/\/greencourt.mgcomunicacio.com\/wp-content\/uploads\/2025\/11\/Pistas-deportivas-para-centros-educativos-09-300x300.jpg 300w, https:\/\/greencourt.mgcomunicacio.com\/wp-content\/uploads\/2025\/11\/Pistas-deportivas-para-centros-educativos-09-100x100.jpg 100w, https:\/\/greencourt.mgcomunicacio.com\/wp-content\/uploads\/2025\/11\/Pistas-deportivas-para-centros-educativos-09-600x600.jpg 600w, https:\/\/greencourt.mgcomunicacio.com\/wp-content\/uploads\/2025\/11\/Pistas-deportivas-para-centros-educativos-09-150x150.jpg 150w, https:\/\/greencourt.mgcomunicacio.com\/wp-content\/uploads\/2025\/11\/Pistas-deportivas-para-centros-educativos-09-768x768.jpg 768w, https:\/\/greencourt.mgcomunicacio.com\/wp-content\/uploads\/2025\/11\/Pistas-deportivas-para-centros-educativos-09-340x340.jpg 340w, https:\/\/greencourt.mgcomunicacio.com\/wp-content\/uploads\/2025\/11\/Pistas-deportivas-para-centros-educativos-09-140x140.jpg 140w\" sizes=\"auto, (max-width: 900px) 100vw, 900px\" \/><\/a><\/figure>\n\n<div style=\"height:3vh\" aria-hidden=\"true\" class=\"wp-block-spacer\"><\/div>\n\n<h3 class=\"wp-block-heading has-text-align-left is-style-com_titular_3 has-taronja-greencourt-color has-text-color has-link-color wp-elements-abc31c65c023e4e64a18b4677434224d\"><strong><strong>Paviments pedag\u00f2gics i jocs de terra<\/strong><\/strong><\/h3>\n\n<div style=\"height:3vh\" aria-hidden=\"true\" class=\"wp-block-spacer\"><\/div>\n\n<p class=\"is-style-com_titular_4\">Instal\u00b7lem paviments continus de cautx\u00fa i losetes amb gr\u00e0fics educatius, jocs tradicionals i circuits de psicomotricitat. Espais per jugar, per\u00f2 tamb\u00e9 per aprendre en moviment.<\/p>\n\n<div style=\"height:3vh\" aria-hidden=\"true\" class=\"wp-block-spacer\"><\/div>\n\n<div class=\"wp-block-buttons is-layout-flex wp-block-buttons-is-layout-flex\"><div class=\"wp-block-button is-style-taronja-gris\"><a class=\"wp-block-button__link wp-element-button\" href=\"https:\/\/greencourt.mgcomunicacio.com\/ca\/solucions\/urban\/parcs-infantils\/\">+ info<\/a><\/div><\/div>\n\n<div style=\"height:8vh\" aria-hidden=\"true\" class=\"wp-block-spacer\"><\/div><\/div><\/div>\n\n<div class=\"wp-block-greencourt-columna-responsive mod-columna-responsive-wrapper\"><div class=\"mod-columna-responsive valign-superior\"><figure class=\"wp-block-image size-full\"><a href=\"https:\/\/greencourt.mgcomunicacio.com\/ca\/solucions\/urban\/parcs-infantils\/\"><img loading=\"lazy\" decoding=\"async\" width=\"900\" height=\"900\" src=\"https:\/\/greencourt.mgcomunicacio.com\/wp-content\/uploads\/2025\/11\/Pistas-deportivas-para-administracion-publica-13.jpg\" alt=\"\" class=\"wp-image-3912\" srcset=\"https:\/\/greencourt.mgcomunicacio.com\/wp-content\/uploads\/2025\/11\/Pistas-deportivas-para-administracion-publica-13.jpg 900w, https:\/\/greencourt.mgcomunicacio.com\/wp-content\/uploads\/2025\/11\/Pistas-deportivas-para-administracion-publica-13-300x300.jpg 300w, https:\/\/greencourt.mgcomunicacio.com\/wp-content\/uploads\/2025\/11\/Pistas-deportivas-para-administracion-publica-13-100x100.jpg 100w, https:\/\/greencourt.mgcomunicacio.com\/wp-content\/uploads\/2025\/11\/Pistas-deportivas-para-administracion-publica-13-600x600.jpg 600w, https:\/\/greencourt.mgcomunicacio.com\/wp-content\/uploads\/2025\/11\/Pistas-deportivas-para-administracion-publica-13-150x150.jpg 150w, https:\/\/greencourt.mgcomunicacio.com\/wp-content\/uploads\/2025\/11\/Pistas-deportivas-para-administracion-publica-13-768x768.jpg 768w, https:\/\/greencourt.mgcomunicacio.com\/wp-content\/uploads\/2025\/11\/Pistas-deportivas-para-administracion-publica-13-340x340.jpg 340w, https:\/\/greencourt.mgcomunicacio.com\/wp-content\/uploads\/2025\/11\/Pistas-deportivas-para-administracion-publica-13-140x140.jpg 140w\" sizes=\"auto, (max-width: 900px) 100vw, 900px\" \/><\/a><\/figure>\n\n<div style=\"height:3vh\" aria-hidden=\"true\" class=\"wp-block-spacer\"><\/div>\n\n<h3 class=\"wp-block-heading has-text-align-left is-style-com_titular_3 has-taronja-greencourt-color has-text-color has-link-color wp-elements-d5c11ff551baed0a19ccb227c1c2d67b\"><strong><strong>Zones infantils i \u00e0rees de lleure<\/strong><\/strong><\/h3>\n\n<div style=\"height:3vh\" aria-hidden=\"true\" class=\"wp-block-spacer\"><\/div>\n\n<p class=\"is-style-com_titular_4\">Dissenyem i equipem espais infantils amb jocs segurs i accessibles. Parcs resistents, estructures d\u2019aventura, paviments tous i mobiliari per al descans i la socialitzaci\u00f3.<\/p>\n\n<div style=\"height:3vh\" aria-hidden=\"true\" class=\"wp-block-spacer\"><\/div>\n\n<div class=\"wp-block-buttons is-layout-flex wp-block-buttons-is-layout-flex\"><div class=\"wp-block-button is-style-taronja-gris\"><a class=\"wp-block-button__link wp-element-button\" href=\"https:\/\/greencourt.mgcomunicacio.com\/ca\/solucions\/urban\/parcs-infantils\/\">+ info<\/a><\/div><\/div>\n\n<div style=\"height:8vh\" aria-hidden=\"true\" class=\"wp-block-spacer\"><\/div><\/div><\/div>\n\n<div class=\"wp-block-greencourt-columna-responsive mod-columna-responsive-wrapper\"><div class=\"mod-columna-responsive valign-superior\"><figure class=\"wp-block-image size-full\"><a href=\"https:\/\/greencourt.mgcomunicacio.com\/ca\/solucions\/urban\/\"><img loading=\"lazy\" decoding=\"async\" width=\"981\" height=\"981\" src=\"https:\/\/greencourt.mgcomunicacio.com\/wp-content\/uploads\/2025\/11\/Pistas-deportivas-para-centros-educativos-10.jpg\" alt=\"\" class=\"wp-image-3985\" srcset=\"https:\/\/greencourt.mgcomunicacio.com\/wp-content\/uploads\/2025\/11\/Pistas-deportivas-para-centros-educativos-10.jpg 981w, https:\/\/greencourt.mgcomunicacio.com\/wp-content\/uploads\/2025\/11\/Pistas-deportivas-para-centros-educativos-10-300x300.jpg 300w, https:\/\/greencourt.mgcomunicacio.com\/wp-content\/uploads\/2025\/11\/Pistas-deportivas-para-centros-educativos-10-100x100.jpg 100w, https:\/\/greencourt.mgcomunicacio.com\/wp-content\/uploads\/2025\/11\/Pistas-deportivas-para-centros-educativos-10-600x600.jpg 600w, https:\/\/greencourt.mgcomunicacio.com\/wp-content\/uploads\/2025\/11\/Pistas-deportivas-para-centros-educativos-10-150x150.jpg 150w, https:\/\/greencourt.mgcomunicacio.com\/wp-content\/uploads\/2025\/11\/Pistas-deportivas-para-centros-educativos-10-768x768.jpg 768w, https:\/\/greencourt.mgcomunicacio.com\/wp-content\/uploads\/2025\/11\/Pistas-deportivas-para-centros-educativos-10-340x340.jpg 340w, https:\/\/greencourt.mgcomunicacio.com\/wp-content\/uploads\/2025\/11\/Pistas-deportivas-para-centros-educativos-10-140x140.jpg 140w\" sizes=\"auto, (max-width: 981px) 100vw, 981px\" \/><\/a><\/figure>\n\n<div style=\"height:3vh\" aria-hidden=\"true\" class=\"wp-block-spacer\"><\/div>\n\n<h3 class=\"wp-block-heading has-text-align-left is-style-com_titular_3 has-taronja-greencourt-color has-text-color has-link-color wp-elements-e373755686f4554a376d5eb5eea8a385\"><strong><strong>Mobiliari i entorns exteriors<\/strong><\/strong><\/h3>\n\n<div style=\"height:3vh\" aria-hidden=\"true\" class=\"wp-block-spacer\"><\/div>\n\n<p class=\"is-style-com_titular_4\">Bancs, papereres, ombres, fonts i elements per millorar la funcionalitat del centre. Tot amb materials de llarga durada i resistents al desgast per \u00fas escolar intensiu.<\/p>\n\n<div style=\"height:3vh\" aria-hidden=\"true\" class=\"wp-block-spacer\"><\/div>\n\n<div class=\"wp-block-buttons is-layout-flex wp-block-buttons-is-layout-flex\"><div class=\"wp-block-button is-style-taronja-gris\"><a class=\"wp-block-button__link wp-element-button\" href=\"https:\/\/greencourt.mgcomunicacio.com\/ca\/solucions\/urban\/\">+ info<\/a><\/div><\/div>\n\n<div style=\"height:8vh\" aria-hidden=\"true\" class=\"wp-block-spacer\"><\/div><\/div><\/div>\n\n<div class=\"wp-block-greencourt-columna-responsive mod-columna-responsive-wrapper\"><div class=\"mod-columna-responsive valign-superior\"><figure class=\"wp-block-image size-full\"><a href=\"https:\/\/greencourt.mgcomunicacio.com\/ca\/illuminacio-de-pistes\/\"><img loading=\"lazy\" decoding=\"async\" width=\"900\" height=\"900\" src=\"https:\/\/greencourt.mgcomunicacio.com\/wp-content\/uploads\/2025\/11\/Pistas-deportivas-para-centros-educativos-06.jpg\" alt=\"\" class=\"wp-image-3979\" srcset=\"https:\/\/greencourt.mgcomunicacio.com\/wp-content\/uploads\/2025\/11\/Pistas-deportivas-para-centros-educativos-06.jpg 900w, https:\/\/greencourt.mgcomunicacio.com\/wp-content\/uploads\/2025\/11\/Pistas-deportivas-para-centros-educativos-06-300x300.jpg 300w, https:\/\/greencourt.mgcomunicacio.com\/wp-content\/uploads\/2025\/11\/Pistas-deportivas-para-centros-educativos-06-100x100.jpg 100w, https:\/\/greencourt.mgcomunicacio.com\/wp-content\/uploads\/2025\/11\/Pistas-deportivas-para-centros-educativos-06-600x600.jpg 600w, https:\/\/greencourt.mgcomunicacio.com\/wp-content\/uploads\/2025\/11\/Pistas-deportivas-para-centros-educativos-06-150x150.jpg 150w, https:\/\/greencourt.mgcomunicacio.com\/wp-content\/uploads\/2025\/11\/Pistas-deportivas-para-centros-educativos-06-768x768.jpg 768w, https:\/\/greencourt.mgcomunicacio.com\/wp-content\/uploads\/2025\/11\/Pistas-deportivas-para-centros-educativos-06-340x340.jpg 340w, https:\/\/greencourt.mgcomunicacio.com\/wp-content\/uploads\/2025\/11\/Pistas-deportivas-para-centros-educativos-06-140x140.jpg 140w\" sizes=\"auto, (max-width: 900px) 100vw, 900px\" \/><\/a><\/figure>\n\n<div style=\"height:3vh\" aria-hidden=\"true\" class=\"wp-block-spacer\"><\/div>\n\n<h3 class=\"wp-block-heading has-text-align-left is-style-com_titular_3 has-taronja-greencourt-color has-text-color has-link-color wp-elements-603948027096f3cd1d5f55922c297eb9\"><strong><strong>Il\u00b7luminaci\u00f3 segura i eficient<\/strong><\/strong><\/h3>\n\n<div style=\"height:3vh\" aria-hidden=\"true\" class=\"wp-block-spacer\"><\/div>\n\n<p class=\"is-style-com_titular_4\">Solucions LED per a patis, pistes, accessos i espais comuns, amb estudis lum\u00ednics a mida que garanteixen visibilitat, efici\u00e8ncia i sostenibilitat.<\/p>\n\n<div style=\"height:3vh\" aria-hidden=\"true\" class=\"wp-block-spacer\"><\/div>\n\n<div class=\"wp-block-buttons is-layout-flex wp-block-buttons-is-layout-flex\"><div class=\"wp-block-button is-style-taronja-gris\"><a class=\"wp-block-button__link wp-element-button\" href=\"https:\/\/greencourt.mgcomunicacio.com\/ca\/illuminacio-de-pistes\/\">+ info<\/a><\/div><\/div>\n\n<div style=\"height:8vh\" aria-hidden=\"true\" class=\"wp-block-spacer\"><\/div><\/div><\/div>\n\n<div class=\"wp-block-greencourt-columna-responsive mod-columna-responsive-wrapper\"><div class=\"mod-columna-responsive valign-superior\"><figure class=\"wp-block-image size-full\"><a href=\"https:\/\/greencourt.mgcomunicacio.com\/ca\/greencourt\/sostenibilitat\/\"><img loading=\"lazy\" decoding=\"async\" width=\"900\" height=\"900\" src=\"https:\/\/greencourt.mgcomunicacio.com\/wp-content\/uploads\/2025\/11\/Pistas-deportivas-para-administracion-publica-17.jpg\" alt=\"\" class=\"wp-image-3923\" srcset=\"https:\/\/greencourt.mgcomunicacio.com\/wp-content\/uploads\/2025\/11\/Pistas-deportivas-para-administracion-publica-17.jpg 900w, https:\/\/greencourt.mgcomunicacio.com\/wp-content\/uploads\/2025\/11\/Pistas-deportivas-para-administracion-publica-17-300x300.jpg 300w, https:\/\/greencourt.mgcomunicacio.com\/wp-content\/uploads\/2025\/11\/Pistas-deportivas-para-administracion-publica-17-100x100.jpg 100w, https:\/\/greencourt.mgcomunicacio.com\/wp-content\/uploads\/2025\/11\/Pistas-deportivas-para-administracion-publica-17-600x600.jpg 600w, https:\/\/greencourt.mgcomunicacio.com\/wp-content\/uploads\/2025\/11\/Pistas-deportivas-para-administracion-publica-17-150x150.jpg 150w, https:\/\/greencourt.mgcomunicacio.com\/wp-content\/uploads\/2025\/11\/Pistas-deportivas-para-administracion-publica-17-768x768.jpg 768w, https:\/\/greencourt.mgcomunicacio.com\/wp-content\/uploads\/2025\/11\/Pistas-deportivas-para-administracion-publica-17-340x340.jpg 340w, https:\/\/greencourt.mgcomunicacio.com\/wp-content\/uploads\/2025\/11\/Pistas-deportivas-para-administracion-publica-17-140x140.jpg 140w\" sizes=\"auto, (max-width: 900px) 100vw, 900px\" \/><\/a><\/figure>\n\n<div style=\"height:3vh\" aria-hidden=\"true\" class=\"wp-block-spacer\"><\/div>\n\n<h3 class=\"wp-block-heading has-text-align-left is-style-com_titular_3 has-taronja-greencourt-color has-text-color has-link-color wp-elements-f30c73bbeadad983dc859811f2ed3939\"><strong><strong><strong>Sostenibilitat i efici\u00e8ncia<\/strong><\/strong><\/strong><\/h3>\n\n<div style=\"height:3vh\" aria-hidden=\"true\" class=\"wp-block-spacer\"><\/div>\n\n<p class=\"is-style-com_titular_4\">Paviments reciclats, dissenys de baix manteniment i solucions enfocades a la reducci\u00f3 del consum d\u2019aigua i energia.<\/p>\n\n<div style=\"height:3vh\" aria-hidden=\"true\" class=\"wp-block-spacer\"><\/div>\n\n<div class=\"wp-block-buttons is-layout-flex wp-block-buttons-is-layout-flex\"><div class=\"wp-block-button is-style-taronja-gris\"><a class=\"wp-block-button__link wp-element-button\" href=\"https:\/\/greencourt.mgcomunicacio.com\/ca\/greencourt\/sostenibilitat\/\">+ info<\/a><\/div><\/div>\n\n<div style=\"height:8vh\" aria-hidden=\"true\" class=\"wp-block-spacer\"><\/div><\/div><\/div><\/div><\/div><div class=\"wp-block-greencourt-franja mod-franja amb_background marge-superior- marge-inferior-0 padding_fondo_xxl _alineacio_ _skin_ marge_sup_1 marge_inf_0\" data-aos=\"fade-up\" data-aos-delay=\"300\"><div class=\"maq-contenidor fullwidth\"><div class=\"maq-inner\"><div class=\"wp-block-greencourt-marges maq-contenidor normal marge-superior- marge-inferior-\" data-aos=\"off\" data-aos-delay=\"aos_delay\"><div class=\"wp-block-greencourt-columnes-responsive mod-columnes-responsive cols-dsk-2 cols-tbl-2 cols-mob-1 gap-petit centra-orfes\"><div class=\"wp-block-greencourt-columna-responsive mod-columna-responsive-wrapper\"><div class=\"mod-columna-responsive valign-superior\"><h2 class=\"wp-block-heading has-text-align-left is-style-com_titular_2 has-blanc-color has-text-color has-link-color wp-elements-1248c657ba661aeba90adf53af4a4901\"><strong><strong><strong>Vols transformar el teu centre en un espai actiu, segur i educatiu?<\/strong><\/strong><\/strong><\/h2>\n\n<p class=\"is-style-com_titular_4 has-blanc-color has-text-color has-link-color wp-elements-7ababe108a3f9786ed076e72eadb5460\">A Greencourt t\u2019acompanyarem amb solucions que funcionen i perduren.<\/p>\n\n<div style=\"height:3vh\" aria-hidden=\"true\" class=\"wp-block-spacer\"><\/div>\n\n<div class=\"wp-block-buttons is-layout-flex wp-block-buttons-is-layout-flex\"><div class=\"wp-block-button is-style-blanc-gris\"><a class=\"wp-block-button__link wp-element-button\" href=\"https:\/\/greencourt.mgcomunicacio.com\/ca\/contacte\/\">+ info<\/a><\/div><\/div><\/div><\/div>\n\n<div class=\"wp-block-greencourt-columna-responsive mod-columna-responsive-wrapper\"><div class=\"mod-columna-responsive valign-superior\"><\/div><\/div><\/div><\/div><\/div><\/div><div class=\"background\" style=\"background-image:url(https:\/\/greencourt.mgcomunicacio.com\/wp-content\/uploads\/2025\/05\/pexels-elia-clerici-282848-912110-scaled.jpg)\"><\/div><\/div><div style=\"height:20vh\" aria-hidden=\"true\" class=\"wp-block-spacer\"><\/div><div class=\"wp-block-greencourt-marges maq-contenidor normal marge-superior-petit marge-inferior-\" data-aos=\"off\" data-aos-delay=\"aos_delay\"><p class=\"is-style-com_titular_2\"><strong><strong>Per qu\u00e8 confiar<\/strong><\/strong><br><strong><strong>en Greencourt<\/strong><\/strong><\/p>\n\n<div style=\"height:50px\" aria-hidden=\"true\" class=\"wp-block-spacer\"><\/div><\/div><div class=\"wp-block-greencourt-marges maq-contenidor normal marge-superior- marge-inferior-\" data-aos=\"off\" data-aos-delay=\"aos_delay\"><div class=\"wp-block-greencourt-columnes-responsive mod-columnes-responsive cols-dsk-5 cols-tbl-2 cols-mob-1 gap-petit centra-orfes\"><div class=\"wp-block-greencourt-columna-responsive mod-columna-responsive-wrapper\"><div class=\"mod-columna-responsive valign-superior\"><p class=\"is-style-com_titular_1\">01<\/p>\n\n<p class=\"is-style-com_titular_5\">Experi\u00e8ncia contrastada en centres escolars i universitaris de tot el territori.<\/p><\/div><\/div>\n\n<div class=\"wp-block-greencourt-columna-responsive mod-columna-responsive-wrapper\"><div class=\"mod-columna-responsive valign-superior\"><p class=\"is-style-com_titular_1\">02<\/p>\n\n<p class=\"is-style-com_titular_5\">Materials i dissenys adaptats al ritme escolar i les necessitats pedag\u00f2giques.<\/p><\/div><\/div>\n\n<div class=\"wp-block-greencourt-columna-responsive mod-columna-responsive-wrapper\"><div class=\"mod-columna-responsive valign-superior\"><p class=\"is-style-com_titular_1\">03<\/p>\n\n<p class=\"is-style-com_titular_5\">Compliment estricte de la normativa de segurita i accessibilitat infantil.<\/p><\/div><\/div>\n\n<div class=\"wp-block-greencourt-columna-responsive mod-columna-responsive-wrapper\"><div class=\"mod-columna-responsive valign-superior\"><p class=\"is-style-com_titular_1\">04<\/p>\n\n<p class=\"is-style-com_titular_5\">Projectes duradors, resistents i amb molt poc manteniment.<\/p><\/div><\/div>\n\n<div class=\"wp-block-greencourt-columna-responsive mod-columna-responsive-wrapper\"><div class=\"mod-columna-responsive valign-superior\"><p class=\"is-style-com_titular_1\">05<\/p>\n\n<p class=\"is-style-com_titular_5\">Capacitat de resposta r\u00e0pida i tracte directe amb equips docents i t\u00e8cnics.<\/p><\/div><\/div><\/div><\/div><div style=\"height:15vh\" aria-hidden=\"true\" class=\"wp-block-spacer\"><\/div><p><\/p>","protected":false},"excerpt":{"rendered":"","protected":false},"author":1,"featured_media":0,"parent":321,"menu_order":0,"comment_status":"closed","ping_status":"closed","template":"","meta":{"_acf_changed":false,"footnotes":""},"class_list":["post-325","page","type-page","status-publish","hentry"],"acf":[],"_links":{"self":[{"href":"https:\/\/greencourt.mgcomunicacio.com\/ca\/wp-json\/wp\/v2\/pages\/325","targetHints":{"allow":["GET"]}}],"collection":[{"href":"https:\/\/greencourt.mgcomunicacio.com\/ca\/wp-json\/wp\/v2\/pages"}],"about":[{"href":"https:\/\/greencourt.mgcomunicacio.com\/ca\/wp-json\/wp\/v2\/types\/page"}],"author":[{"embeddable":true,"href":"https:\/\/greencourt.mgcomunicacio.com\/ca\/wp-json\/wp\/v2\/users\/1"}],"replies":[{"embeddable":true,"href":"https:\/\/greencourt.mgcomunicacio.com\/ca\/wp-json\/wp\/v2\/comments?post=325"}],"version-history":[{"count":27,"href":"https:\/\/greencourt.mgcomunicacio.com\/ca\/wp-json\/wp\/v2\/pages\/325\/revisions"}],"predecessor-version":[{"id":6577,"href":"https:\/\/greencourt.mgcomunicacio.com\/ca\/wp-json\/wp\/v2\/pages\/325\/revisions\/6577"}],"up":[{"embeddable":true,"href":"https:\/\/greencourt.mgcomunicacio.com\/ca\/wp-json\/wp\/v2\/pages\/321"}],"wp:attachment":[{"href":"https:\/\/greencourt.mgcomunicacio.com\/ca\/wp-json\/wp\/v2\/media?parent=325"}],"curies":[{"name":"wp","href":"https:\/\/api.w.org\/{rel}","templated":true}]}}