{"id":328,"date":"2025-05-22T07:38:14","date_gmt":"2025-05-22T07:38:14","guid":{"rendered":"https:\/\/greencourt.mgcomunicacio.com\/?page_id=328"},"modified":"2025-12-09T18:20:52","modified_gmt":"2025-12-09T17:20:52","slug":"jardiners-i-gardens","status":"publish","type":"page","link":"https:\/\/greencourt.mgcomunicacio.com\/ca\/sectors\/jardiners-i-gardens\/","title":{"rendered":"Jardiners i gardens"},"content":{"rendered":"<div class=\"wp-block-greencourt-cabecera mod-cabecera f1_2\"><div class=\"slider\"><div class=\"wp-block-greencourt-cabecera-interior slide\"><div class=\"maq-contenidor\" style=\"backdrop-filter: blur(0px)\"><div class=\"text\"><h1 class=\"wp-block-heading has-text-align-center is-style-com_titular_1 has-blanc-color has-text-color has-link-color wp-elements-64c4ab5861e005d1f83e641f348f2492\">Solucions per a jardiners i gardens<\/h1><\/div><\/div><div class=\"image\" style=\"background-image:url(https:\/\/greencourt.mgcomunicacio.com\/wp-content\/uploads\/2025\/08\/Pistas-deportivas-para-administracion-publica-09.jpg)\"><\/div><\/div><\/div><\/div><div class=\"wp-block-greencourt-marges maq-contenidor normal marge-superior-gran marge-inferior-gran\" data-aos=\"off\" data-aos-delay=\"aos_delay\"><h2 class=\"wp-block-heading is-style-com_titular_2\"><strong>Treballem amb tu per fer cr\u00e9ixer projectes verds amb confian\u00e7a<\/strong><\/h2>\n\n<div style=\"height:50px\" aria-hidden=\"true\" class=\"wp-block-spacer\"><\/div>\n\n<p class=\"is-style-com_titular_4\">A Greencourt col\u00b7laborem amb gardens, centres de jardineria i professionals del sector verd oferint solucions espec\u00edfiques per a instal\u00b7lacions, assessorament i subministrament de materials. Coneixem el teu dia a dia, i sabem que necessites una empresa s\u00f2lida, que respongui r\u00e0pid i amb productes fiables per a cada projecte de jard\u00ed, reforma o obra nova.<\/p>\n\n<p><\/p>\n\n<p class=\"is-style-com_titular_4\">T\u2019oferim una gamma \u00e0mplia de productes t\u00e8cnics i serveis pensats per facilitar-te la feina: des de gespa artificial de primer nivell, fins a terres decoratives, paviments exteriors o instal\u00b7lacions esportives integrades en espais verds. I si cal, tamb\u00e9 t\u2019acompanyem en l\u2019execuci\u00f3 o en la instal\u00b7laci\u00f3.<\/p><\/div><div class=\"wp-block-greencourt-marges maq-contenidor normal marge-superior-gran marge-inferior-gran\" data-aos=\"off\" data-aos-delay=\"aos_delay\"><h2 class=\"wp-block-heading has-text-align-center is-style-com_titular_1\">Qu\u00e8 oferim als professionals de la jardineria?<\/h2><\/div><div class=\"wp-block-greencourt-marges maq-contenidor normal marge-superior- marge-inferior-\" data-aos=\"off\" data-aos-delay=\"aos_delay\"><div class=\"wp-block-greencourt-columnes-responsive mod-columnes-responsive cols-dsk-2 cols-tbl-2 cols-mob-1 gap-gran centra-orfes\"><div class=\"wp-block-greencourt-columna-responsive mod-columna-responsive-wrapper\"><div class=\"mod-columna-responsive valign-superior\"><figure class=\"wp-block-image size-full wp-duotone-unset-1\"><a href=\"https:\/\/greencourt.mgcomunicacio.com\/ca\/solucions\/urban\/gespa-artificial\/\"><img loading=\"lazy\" decoding=\"async\" width=\"900\" height=\"900\" src=\"https:\/\/greencourt.mgcomunicacio.com\/wp-content\/uploads\/2025\/11\/Soluciones-de-jardineria-08.jpg\" alt=\"\" class=\"wp-image-3952\" srcset=\"https:\/\/greencourt.mgcomunicacio.com\/wp-content\/uploads\/2025\/11\/Soluciones-de-jardineria-08.jpg 900w, https:\/\/greencourt.mgcomunicacio.com\/wp-content\/uploads\/2025\/11\/Soluciones-de-jardineria-08-300x300.jpg 300w, https:\/\/greencourt.mgcomunicacio.com\/wp-content\/uploads\/2025\/11\/Soluciones-de-jardineria-08-100x100.jpg 100w, https:\/\/greencourt.mgcomunicacio.com\/wp-content\/uploads\/2025\/11\/Soluciones-de-jardineria-08-600x600.jpg 600w, https:\/\/greencourt.mgcomunicacio.com\/wp-content\/uploads\/2025\/11\/Soluciones-de-jardineria-08-150x150.jpg 150w, https:\/\/greencourt.mgcomunicacio.com\/wp-content\/uploads\/2025\/11\/Soluciones-de-jardineria-08-768x768.jpg 768w, https:\/\/greencourt.mgcomunicacio.com\/wp-content\/uploads\/2025\/11\/Soluciones-de-jardineria-08-340x340.jpg 340w, https:\/\/greencourt.mgcomunicacio.com\/wp-content\/uploads\/2025\/11\/Soluciones-de-jardineria-08-140x140.jpg 140w\" sizes=\"auto, (max-width: 900px) 100vw, 900px\" \/><\/a><\/figure>\n\n<div style=\"height:3vh\" aria-hidden=\"true\" class=\"wp-block-spacer\"><\/div>\n\n<h3 class=\"wp-block-heading has-text-align-left is-style-com_titular_3 has-taronja-greencourt-color has-text-color has-link-color wp-elements-8e362e6a292076a9a1bf3246fed81ee6\"><strong>Gespa artificial professional<\/strong><\/h3>\n\n<div style=\"height:3vh\" aria-hidden=\"true\" class=\"wp-block-spacer\"><\/div>\n\n<p class=\"is-style-com_titular_4\">Subministrem i instal\u00b7lem gespa artificial per a jardins, parcs, \u00e0rees infantils, entorns comercials o comunitaris. Amb textures realistes, gran resist\u00e8ncia i garantia de durabilitat.<\/p>\n\n<div style=\"height:3vh\" aria-hidden=\"true\" class=\"wp-block-spacer\"><\/div>\n\n<div class=\"wp-block-buttons is-content-justification-left is-layout-flex wp-container-core-buttons-is-layout-1 wp-block-buttons-is-layout-flex\"><div class=\"wp-block-button is-style-taronja-gris\"><a class=\"wp-block-button__link wp-element-button\" href=\"https:\/\/greencourt.mgcomunicacio.com\/ca\/solucions\/urban\/gespa-artificial\/\">+ info<\/a><\/div><\/div>\n\n<div style=\"height:8vh\" aria-hidden=\"true\" class=\"wp-block-spacer\"><\/div><\/div><\/div>\n\n<div class=\"wp-block-greencourt-columna-responsive mod-columna-responsive-wrapper\"><div class=\"mod-columna-responsive valign-superior\"><figure class=\"wp-block-image size-full is-style-default wp-duotone-unset-2\"><a href=\"https:\/\/greencourt.mgcomunicacio.com\/ca\/solucions\/urban\/zones-comunitaries\/\"><img loading=\"lazy\" decoding=\"async\" width=\"900\" height=\"900\" src=\"https:\/\/greencourt.mgcomunicacio.com\/wp-content\/uploads\/2025\/11\/Soluciones-de-jardineria-12.jpg\" alt=\"\" class=\"wp-image-3968\" srcset=\"https:\/\/greencourt.mgcomunicacio.com\/wp-content\/uploads\/2025\/11\/Soluciones-de-jardineria-12.jpg 900w, https:\/\/greencourt.mgcomunicacio.com\/wp-content\/uploads\/2025\/11\/Soluciones-de-jardineria-12-300x300.jpg 300w, https:\/\/greencourt.mgcomunicacio.com\/wp-content\/uploads\/2025\/11\/Soluciones-de-jardineria-12-100x100.jpg 100w, https:\/\/greencourt.mgcomunicacio.com\/wp-content\/uploads\/2025\/11\/Soluciones-de-jardineria-12-600x600.jpg 600w, https:\/\/greencourt.mgcomunicacio.com\/wp-content\/uploads\/2025\/11\/Soluciones-de-jardineria-12-150x150.jpg 150w, https:\/\/greencourt.mgcomunicacio.com\/wp-content\/uploads\/2025\/11\/Soluciones-de-jardineria-12-768x768.jpg 768w, https:\/\/greencourt.mgcomunicacio.com\/wp-content\/uploads\/2025\/11\/Soluciones-de-jardineria-12-340x340.jpg 340w, https:\/\/greencourt.mgcomunicacio.com\/wp-content\/uploads\/2025\/11\/Soluciones-de-jardineria-12-140x140.jpg 140w\" sizes=\"auto, (max-width: 900px) 100vw, 900px\" \/><\/a><\/figure>\n\n<div style=\"height:3vh\" aria-hidden=\"true\" class=\"wp-block-spacer\"><\/div>\n\n<h3 class=\"wp-block-heading has-text-align-left is-style-com_titular_3 has-taronja-greencourt-color has-text-color has-link-color wp-elements-c6670fe52893ffaa42680ebd44af6f44\"><strong><strong>Paviments i acabats decoratius<\/strong><\/strong><\/h3>\n\n<div style=\"height:3vh\" aria-hidden=\"true\" class=\"wp-block-spacer\"><\/div>\n\n<p class=\"is-style-com_titular_4\">Paviments tous, terres acolorides, esculleres, escocells, lloses i altres acabats per configurar espais verds atractius i pr\u00e0ctics. Ideals per a jardins privats, p\u00fablics o comercials.<\/p>\n\n<div style=\"height:3vh\" aria-hidden=\"true\" class=\"wp-block-spacer\"><\/div>\n\n<div class=\"wp-block-buttons is-layout-flex wp-block-buttons-is-layout-flex\"><div class=\"wp-block-button is-style-taronja-gris\"><a class=\"wp-block-button__link wp-element-button\" href=\"https:\/\/greencourt.mgcomunicacio.com\/ca\/solucions\/urban\/zones-comunitaries\/\">+ info<\/a><\/div><\/div>\n\n<div style=\"height:8vh\" aria-hidden=\"true\" class=\"wp-block-spacer\"><\/div><\/div><\/div>\n\n<div class=\"wp-block-greencourt-columna-responsive mod-columna-responsive-wrapper\"><div class=\"mod-columna-responsive valign-superior\"><figure class=\"wp-block-image size-full\"><a href=\"https:\/\/greencourt.mgcomunicacio.com\/ca\/contacte\/\"><img loading=\"lazy\" decoding=\"async\" width=\"900\" height=\"900\" src=\"https:\/\/greencourt.mgcomunicacio.com\/wp-content\/uploads\/2025\/11\/Soluciones-de-jardineria-09.jpg\" alt=\"\" class=\"wp-image-3966\" srcset=\"https:\/\/greencourt.mgcomunicacio.com\/wp-content\/uploads\/2025\/11\/Soluciones-de-jardineria-09.jpg 900w, https:\/\/greencourt.mgcomunicacio.com\/wp-content\/uploads\/2025\/11\/Soluciones-de-jardineria-09-300x300.jpg 300w, https:\/\/greencourt.mgcomunicacio.com\/wp-content\/uploads\/2025\/11\/Soluciones-de-jardineria-09-100x100.jpg 100w, https:\/\/greencourt.mgcomunicacio.com\/wp-content\/uploads\/2025\/11\/Soluciones-de-jardineria-09-600x600.jpg 600w, https:\/\/greencourt.mgcomunicacio.com\/wp-content\/uploads\/2025\/11\/Soluciones-de-jardineria-09-150x150.jpg 150w, https:\/\/greencourt.mgcomunicacio.com\/wp-content\/uploads\/2025\/11\/Soluciones-de-jardineria-09-768x768.jpg 768w, https:\/\/greencourt.mgcomunicacio.com\/wp-content\/uploads\/2025\/11\/Soluciones-de-jardineria-09-340x340.jpg 340w, https:\/\/greencourt.mgcomunicacio.com\/wp-content\/uploads\/2025\/11\/Soluciones-de-jardineria-09-140x140.jpg 140w\" sizes=\"auto, (max-width: 900px) 100vw, 900px\" \/><\/a><\/figure>\n\n<div style=\"height:3vh\" aria-hidden=\"true\" class=\"wp-block-spacer\"><\/div>\n\n<h3 class=\"wp-block-heading has-text-align-left is-style-com_titular_3 has-taronja-greencourt-color has-text-color has-link-color wp-elements-787dc8c7ac9c066df7f7ecf4b5f47de6\"><strong><strong>Col\u00b7laboraci\u00f3 t\u00e8cnica i instal\u00b7laci\u00f3<\/strong><\/strong><\/h3>\n\n<div style=\"height:3vh\" aria-hidden=\"true\" class=\"wp-block-spacer\"><\/div>\n\n<p class=\"is-style-com_titular_4\">Si ets jardiner o tens un garden center, et donem suport t\u00e8cnic, et subministrem el material i, si ho necessites, ens encarreguem del muntatge. Ens adaptem a la teva manera de treballar.<\/p>\n\n<div style=\"height:3vh\" aria-hidden=\"true\" class=\"wp-block-spacer\"><\/div>\n\n<div class=\"wp-block-buttons is-layout-flex wp-block-buttons-is-layout-flex\"><div class=\"wp-block-button is-style-taronja-gris\"><a class=\"wp-block-button__link wp-element-button\" href=\"https:\/\/greencourt.mgcomunicacio.com\/ca\/contacte\/\">+ info<\/a><\/div><\/div>\n\n<div style=\"height:8vh\" aria-hidden=\"true\" class=\"wp-block-spacer\"><\/div><\/div><\/div>\n\n<div class=\"wp-block-greencourt-columna-responsive mod-columna-responsive-wrapper\"><div class=\"mod-columna-responsive valign-superior\"><figure class=\"wp-block-image size-full\"><a href=\"https:\/\/greencourt.mgcomunicacio.com\/ca\/solucions\/urban\/zones-comunitaries\/\"><img loading=\"lazy\" decoding=\"async\" width=\"900\" height=\"900\" src=\"https:\/\/greencourt.mgcomunicacio.com\/wp-content\/uploads\/2025\/11\/Soluciones-de-jardineria-11.jpg\" alt=\"\" class=\"wp-image-3965\" srcset=\"https:\/\/greencourt.mgcomunicacio.com\/wp-content\/uploads\/2025\/11\/Soluciones-de-jardineria-11.jpg 900w, https:\/\/greencourt.mgcomunicacio.com\/wp-content\/uploads\/2025\/11\/Soluciones-de-jardineria-11-300x300.jpg 300w, https:\/\/greencourt.mgcomunicacio.com\/wp-content\/uploads\/2025\/11\/Soluciones-de-jardineria-11-100x100.jpg 100w, https:\/\/greencourt.mgcomunicacio.com\/wp-content\/uploads\/2025\/11\/Soluciones-de-jardineria-11-600x600.jpg 600w, https:\/\/greencourt.mgcomunicacio.com\/wp-content\/uploads\/2025\/11\/Soluciones-de-jardineria-11-150x150.jpg 150w, https:\/\/greencourt.mgcomunicacio.com\/wp-content\/uploads\/2025\/11\/Soluciones-de-jardineria-11-768x768.jpg 768w, https:\/\/greencourt.mgcomunicacio.com\/wp-content\/uploads\/2025\/11\/Soluciones-de-jardineria-11-340x340.jpg 340w, https:\/\/greencourt.mgcomunicacio.com\/wp-content\/uploads\/2025\/11\/Soluciones-de-jardineria-11-140x140.jpg 140w\" sizes=\"auto, (max-width: 900px) 100vw, 900px\" \/><\/a><\/figure>\n\n<div style=\"height:3vh\" aria-hidden=\"true\" class=\"wp-block-spacer\"><\/div>\n\n<h3 class=\"wp-block-heading has-text-align-left is-style-com_titular_3 has-taronja-greencourt-color has-text-color has-link-color wp-elements-e7cf527743bd94a748c2a92949112556\"><strong><strong>Productes espec\u00edfics per a \u00fas intensiu<\/strong><\/strong><\/h3>\n\n<div style=\"height:3vh\" aria-hidden=\"true\" class=\"wp-block-spacer\"><\/div>\n\n<p class=\"is-style-com_titular_4\">Oferim solucions pensades per a espais amb molt de pas o condicions exigents: gespes d\u2019alta densitat, paviments drenants, materials de baix manteniment i llarga vida \u00fatil.<\/p>\n\n<div style=\"height:3vh\" aria-hidden=\"true\" class=\"wp-block-spacer\"><\/div>\n\n<div class=\"wp-block-buttons is-layout-flex wp-block-buttons-is-layout-flex\"><div class=\"wp-block-button is-style-taronja-gris\"><a class=\"wp-block-button__link wp-element-button\" href=\"https:\/\/greencourt.mgcomunicacio.com\/ca\/solucions\/urban\/zones-comunitaries\/\">+ info<\/a><\/div><\/div>\n\n<div style=\"height:8vh\" aria-hidden=\"true\" class=\"wp-block-spacer\"><\/div><\/div><\/div>\n\n<div class=\"wp-block-greencourt-columna-responsive mod-columna-responsive-wrapper\"><div class=\"mod-columna-responsive valign-superior\"><figure class=\"wp-block-image size-full\"><a href=\"https:\/\/greencourt.mgcomunicacio.com\/ca\/illuminacio-de-pistes\/\"><img loading=\"lazy\" decoding=\"async\" width=\"900\" height=\"900\" src=\"https:\/\/greencourt.mgcomunicacio.com\/wp-content\/uploads\/2025\/11\/Soluciones-de-jardineria-10.jpg\" alt=\"\" class=\"wp-image-3970\" srcset=\"https:\/\/greencourt.mgcomunicacio.com\/wp-content\/uploads\/2025\/11\/Soluciones-de-jardineria-10.jpg 900w, https:\/\/greencourt.mgcomunicacio.com\/wp-content\/uploads\/2025\/11\/Soluciones-de-jardineria-10-300x300.jpg 300w, https:\/\/greencourt.mgcomunicacio.com\/wp-content\/uploads\/2025\/11\/Soluciones-de-jardineria-10-100x100.jpg 100w, https:\/\/greencourt.mgcomunicacio.com\/wp-content\/uploads\/2025\/11\/Soluciones-de-jardineria-10-600x600.jpg 600w, https:\/\/greencourt.mgcomunicacio.com\/wp-content\/uploads\/2025\/11\/Soluciones-de-jardineria-10-150x150.jpg 150w, https:\/\/greencourt.mgcomunicacio.com\/wp-content\/uploads\/2025\/11\/Soluciones-de-jardineria-10-768x768.jpg 768w, https:\/\/greencourt.mgcomunicacio.com\/wp-content\/uploads\/2025\/11\/Soluciones-de-jardineria-10-340x340.jpg 340w, https:\/\/greencourt.mgcomunicacio.com\/wp-content\/uploads\/2025\/11\/Soluciones-de-jardineria-10-140x140.jpg 140w\" sizes=\"auto, (max-width: 900px) 100vw, 900px\" \/><\/a><\/figure>\n\n<div style=\"height:3vh\" aria-hidden=\"true\" class=\"wp-block-spacer\"><\/div>\n\n<h3 class=\"wp-block-heading has-text-align-left is-style-com_titular_3 has-taronja-greencourt-color has-text-color has-link-color wp-elements-404fd342291704d19c5594029e1f7eee\"><strong><strong>Il\u00b7luminaci\u00f3 decorativa LED<\/strong><\/strong><\/h3>\n\n<div style=\"height:3vh\" aria-hidden=\"true\" class=\"wp-block-spacer\"><\/div>\n\n<p class=\"is-style-com_titular_4\">Estudis lum\u00ednics i instal\u00b7laci\u00f3 de sistemes LED d\u2019alta efici\u00e8ncia per a jardins, parcs, carrers i zones aqu\u00e0tiques.<\/p>\n\n<div style=\"height:3vh\" aria-hidden=\"true\" class=\"wp-block-spacer\"><\/div>\n\n<div class=\"wp-block-buttons is-layout-flex wp-block-buttons-is-layout-flex\"><div class=\"wp-block-button is-style-taronja-gris\"><a class=\"wp-block-button__link wp-element-button\" href=\"https:\/\/greencourt.mgcomunicacio.com\/ca\/illuminacio-de-pistes\/\">+ info<\/a><\/div><\/div>\n\n<div style=\"height:8vh\" aria-hidden=\"true\" class=\"wp-block-spacer\"><\/div><\/div><\/div>\n\n<div class=\"wp-block-greencourt-columna-responsive mod-columna-responsive-wrapper\"><div class=\"mod-columna-responsive valign-superior\"><figure class=\"wp-block-image size-full\"><a href=\"https:\/\/greencourt.mgcomunicacio.com\/ca\/greencourt\/sostenibilitat\/\"><img loading=\"lazy\" decoding=\"async\" width=\"900\" height=\"900\" src=\"https:\/\/greencourt.mgcomunicacio.com\/wp-content\/uploads\/2025\/11\/Pistas-deportivas-para-administracion-publica-17.jpg\" alt=\"\" class=\"wp-image-3923\" srcset=\"https:\/\/greencourt.mgcomunicacio.com\/wp-content\/uploads\/2025\/11\/Pistas-deportivas-para-administracion-publica-17.jpg 900w, https:\/\/greencourt.mgcomunicacio.com\/wp-content\/uploads\/2025\/11\/Pistas-deportivas-para-administracion-publica-17-300x300.jpg 300w, https:\/\/greencourt.mgcomunicacio.com\/wp-content\/uploads\/2025\/11\/Pistas-deportivas-para-administracion-publica-17-100x100.jpg 100w, https:\/\/greencourt.mgcomunicacio.com\/wp-content\/uploads\/2025\/11\/Pistas-deportivas-para-administracion-publica-17-600x600.jpg 600w, https:\/\/greencourt.mgcomunicacio.com\/wp-content\/uploads\/2025\/11\/Pistas-deportivas-para-administracion-publica-17-150x150.jpg 150w, https:\/\/greencourt.mgcomunicacio.com\/wp-content\/uploads\/2025\/11\/Pistas-deportivas-para-administracion-publica-17-768x768.jpg 768w, https:\/\/greencourt.mgcomunicacio.com\/wp-content\/uploads\/2025\/11\/Pistas-deportivas-para-administracion-publica-17-340x340.jpg 340w, https:\/\/greencourt.mgcomunicacio.com\/wp-content\/uploads\/2025\/11\/Pistas-deportivas-para-administracion-publica-17-140x140.jpg 140w\" sizes=\"auto, (max-width: 900px) 100vw, 900px\" \/><\/a><\/figure>\n\n<div style=\"height:3vh\" aria-hidden=\"true\" class=\"wp-block-spacer\"><\/div>\n\n<h3 class=\"wp-block-heading has-text-align-left is-style-com_titular_3 has-taronja-greencourt-color has-text-color has-link-color wp-elements-f30c73bbeadad983dc859811f2ed3939\"><strong><strong><strong>Sostenibilitat i efici\u00e8ncia<\/strong><\/strong><\/strong><\/h3>\n\n<div style=\"height:3vh\" aria-hidden=\"true\" class=\"wp-block-spacer\"><\/div>\n\n<p class=\"is-style-com_titular_4\">Materials reciclats, dissenys de baix manteniment i solucions enfocades a la reducci\u00f3 del consum d\u2019aigua i energia.<\/p>\n\n<div style=\"height:3vh\" aria-hidden=\"true\" class=\"wp-block-spacer\"><\/div>\n\n<div class=\"wp-block-buttons is-layout-flex wp-block-buttons-is-layout-flex\"><div class=\"wp-block-button is-style-taronja-gris\"><a class=\"wp-block-button__link wp-element-button\" href=\"https:\/\/greencourt.mgcomunicacio.com\/ca\/greencourt\/sostenibilitat\/\">+ info<\/a><\/div><\/div>\n\n<div style=\"height:8vh\" aria-hidden=\"true\" class=\"wp-block-spacer\"><\/div><\/div><\/div><\/div><\/div><div class=\"wp-block-greencourt-franja mod-franja amb_background marge-superior- marge-inferior-0 padding_fondo_xxl _alineacio_ _skin_ marge_sup_1 marge_inf_0\" data-aos=\"fade-up\" data-aos-delay=\"300\"><div class=\"maq-contenidor fullwidth\"><div class=\"maq-inner\"><div class=\"wp-block-greencourt-marges maq-contenidor normal marge-superior- marge-inferior-\" data-aos=\"off\" data-aos-delay=\"aos_delay\"><div class=\"wp-block-greencourt-columnes-responsive mod-columnes-responsive cols-dsk-2 cols-tbl-2 cols-mob-1 gap-petit centra-orfes\"><div class=\"wp-block-greencourt-columna-responsive mod-columna-responsive-wrapper\"><div class=\"mod-columna-responsive valign-superior\"><h2 class=\"wp-block-heading has-text-align-left is-style-com_titular_2 has-blanc-color has-text-color has-link-color wp-elements-a357b68467f6b6ff9d5dd8c8927c9a90\"><strong><strong><strong>Necessites un aliat per fer cr\u00e9ixer els teus projectes verds amb seguretat?<\/strong><\/strong><\/strong><\/h2>\n\n<p class=\"is-style-com_titular_4 has-blanc-color has-text-color has-link-color wp-elements-9d58bd148e8f3d8d5e0aa62022bf97fa\">Confia en Greencourt. Ens implicarem perqu\u00e8 tu puguis oferir m\u00e9s i millor als teus clients.<\/p>\n\n<div style=\"height:3vh\" aria-hidden=\"true\" class=\"wp-block-spacer\"><\/div>\n\n<div class=\"wp-block-buttons is-layout-flex wp-block-buttons-is-layout-flex\"><div class=\"wp-block-button is-style-blanc-gris\"><a class=\"wp-block-button__link wp-element-button\" href=\"https:\/\/greencourt.mgcomunicacio.com\/ca\/contacte\/\">+ info<\/a><\/div><\/div><\/div><\/div>\n\n<div class=\"wp-block-greencourt-columna-responsive mod-columna-responsive-wrapper\"><div class=\"mod-columna-responsive valign-superior\"><\/div><\/div><\/div><\/div><\/div><\/div><div class=\"background\" style=\"background-image:url(https:\/\/greencourt.mgcomunicacio.com\/wp-content\/uploads\/2025\/05\/pexels-elia-clerici-282848-912110-scaled.jpg)\"><\/div><\/div><div style=\"height:20vh\" aria-hidden=\"true\" class=\"wp-block-spacer\"><\/div><div class=\"wp-block-greencourt-marges maq-contenidor normal marge-superior-petit marge-inferior-\" data-aos=\"off\" data-aos-delay=\"aos_delay\"><h2 class=\"wp-block-heading is-style-com_titular_2\"><strong><strong>Per qu\u00e8 confiar<\/strong><\/strong><br><strong><strong>en Greencourt<\/strong><\/strong><\/h2>\n\n<div style=\"height:50px\" aria-hidden=\"true\" class=\"wp-block-spacer\"><\/div><\/div><div class=\"wp-block-greencourt-marges maq-contenidor normal marge-superior- marge-inferior-\" data-aos=\"off\" data-aos-delay=\"aos_delay\"><div class=\"wp-block-greencourt-columnes-responsive mod-columnes-responsive cols-dsk-5 cols-tbl-2 cols-mob-1 gap-petit centra-orfes\"><div class=\"wp-block-greencourt-columna-responsive mod-columna-responsive-wrapper\"><div class=\"mod-columna-responsive valign-superior\"><p class=\"is-style-com_titular_1\">01<\/p>\n\n<p class=\"is-style-com_titular_5\">Experi\u00e8ncia amb instal\u00b7ladors, arquitectes paisatgistes i professionals del verd.<\/p><\/div><\/div>\n\n<div class=\"wp-block-greencourt-columna-responsive mod-columna-responsive-wrapper\"><div class=\"mod-columna-responsive valign-superior\"><p class=\"is-style-com_titular_1\">02<\/p>\n\n<p class=\"is-style-com_titular_5\">Materials t\u00e8cnics i duradors, amb garantia i suport postvenda.<\/p><\/div><\/div>\n\n<div class=\"wp-block-greencourt-columna-responsive mod-columna-responsive-wrapper\"><div class=\"mod-columna-responsive valign-superior\"><p class=\"is-style-com_titular_1\">03<\/p>\n\n<p class=\"is-style-com_titular_5\">Subministrament \u00e0gil, assessorament proper i preus competitius per al sector.<\/p><\/div><\/div>\n\n<div class=\"wp-block-greencourt-columna-responsive mod-columna-responsive-wrapper\"><div class=\"mod-columna-responsive valign-superior\"><p class=\"is-style-com_titular_1\">04<\/p>\n\n<p class=\"is-style-com_titular_5\">Possibilitat d\u2019instal\u00b7laci\u00f3 o suport a obra si el projecte ho requereix.<\/p><\/div><\/div>\n\n<div class=\"wp-block-greencourt-columna-responsive mod-columna-responsive-wrapper\"><div class=\"mod-columna-responsive valign-superior\"><p class=\"is-style-com_titular_1\">05<\/p>\n\n<p class=\"is-style-com_titular_5\">Tracte proper, transpar\u00e8ncia i seguiment continu.<\/p><\/div><\/div><\/div><\/div><div style=\"height:15vh\" aria-hidden=\"true\" class=\"wp-block-spacer\"><\/div><p><\/p>","protected":false},"excerpt":{"rendered":"","protected":false},"author":1,"featured_media":0,"parent":321,"menu_order":0,"comment_status":"closed","ping_status":"closed","template":"","meta":{"_acf_changed":false,"footnotes":""},"class_list":["post-328","page","type-page","status-publish","hentry"],"acf":[],"_links":{"self":[{"href":"https:\/\/greencourt.mgcomunicacio.com\/ca\/wp-json\/wp\/v2\/pages\/328","targetHints":{"allow":["GET"]}}],"collection":[{"href":"https:\/\/greencourt.mgcomunicacio.com\/ca\/wp-json\/wp\/v2\/pages"}],"about":[{"href":"https:\/\/greencourt.mgcomunicacio.com\/ca\/wp-json\/wp\/v2\/types\/page"}],"author":[{"embeddable":true,"href":"https:\/\/greencourt.mgcomunicacio.com\/ca\/wp-json\/wp\/v2\/users\/1"}],"replies":[{"embeddable":true,"href":"https:\/\/greencourt.mgcomunicacio.com\/ca\/wp-json\/wp\/v2\/comments?post=328"}],"version-history":[{"count":25,"href":"https:\/\/greencourt.mgcomunicacio.com\/ca\/wp-json\/wp\/v2\/pages\/328\/revisions"}],"predecessor-version":[{"id":6581,"href":"https:\/\/greencourt.mgcomunicacio.com\/ca\/wp-json\/wp\/v2\/pages\/328\/revisions\/6581"}],"up":[{"embeddable":true,"href":"https:\/\/greencourt.mgcomunicacio.com\/ca\/wp-json\/wp\/v2\/pages\/321"}],"wp:attachment":[{"href":"https:\/\/greencourt.mgcomunicacio.com\/ca\/wp-json\/wp\/v2\/media?parent=328"}],"curies":[{"name":"wp","href":"https:\/\/api.w.org\/{rel}","templated":true}]}}