{"id":330,"date":"2025-05-22T07:38:40","date_gmt":"2025-05-22T07:38:40","guid":{"rendered":"https:\/\/greencourt.mgcomunicacio.com\/?page_id=330"},"modified":"2025-12-09T18:23:10","modified_gmt":"2025-12-09T17:23:10","slug":"particulars","status":"publish","type":"page","link":"https:\/\/greencourt.mgcomunicacio.com\/ca\/sectors\/particulars\/","title":{"rendered":"Particulars"},"content":{"rendered":"<div class=\"wp-block-greencourt-cabecera mod-cabecera f1_2\"><div class=\"slider\"><div class=\"wp-block-greencourt-cabecera-interior slide\"><div class=\"maq-contenidor\" style=\"backdrop-filter: blur(0px)\"><div class=\"text\"><h1 class=\"wp-block-heading has-text-align-center is-style-com_titular_1 has-blanc-color has-text-color has-link-color wp-elements-ea23ade22a7e31b77061ccc16ebef608\">Solucions per a jardins i espais exteriors privats<\/h1><\/div><\/div><div class=\"image\" style=\"background-image:url(https:\/\/greencourt.mgcomunicacio.com\/wp-content\/uploads\/2025\/08\/Pistas-deportivas-para-administracion-publica-10.jpg)\"><\/div><\/div><\/div><\/div><div class=\"wp-block-greencourt-marges maq-contenidor normal marge-superior-gran marge-inferior-gran\" data-aos=\"off\" data-aos-delay=\"aos_delay\"><h2 class=\"wp-block-heading is-style-com_titular_2\"><strong>Convertim el teu jard\u00ed en un espai \u00fatil, bonic i f\u00e0cil de cuidar<\/strong><\/h2>\n\n<div style=\"height:50px\" aria-hidden=\"true\" class=\"wp-block-spacer\"><\/div>\n\n<p class=\"is-style-com_titular_4\">A Greencourt tamb\u00e9 treballem amb particulars i fam\u00edlies que volen millorar els seus espais exteriors. Tant si es tracta d\u2019un jard\u00ed particular, un pati gran o una zona de lleure dins d\u2019una comunitat de ve\u00efns, t\u2019oferim solucions personalitzades, duradores i pr\u00e0ctiques per transformar qualsevol espai en un lloc c\u00f2mode i atractiu.<\/p>\n\n<p><\/p>\n\n<p class=\"is-style-com_titular_4\">Ens encarreguem de tot el proc\u00e9s: des del disseny fins a la instal\u00b7laci\u00f3, utilitzant materials de qualitat, pensats per reduir el manteniment i garantir una est\u00e8tica cuidada amb el pas del temps. T\u2019acompanyarem amb assessorament t\u00e8cnic i solucions a mida segons les dimensions i \u00fas que en vulguis fer.<\/p><\/div><p><\/p><div class=\"wp-block-greencourt-marges maq-contenidor normal marge-superior-gran marge-inferior-gran\" data-aos=\"off\" data-aos-delay=\"aos_delay\"><h2 class=\"wp-block-heading has-text-align-center is-style-com_titular_1\">Qu\u00e8 oferim al teu jard\u00ed?<\/h2><\/div><div class=\"wp-block-greencourt-marges maq-contenidor normal marge-superior- marge-inferior-\" data-aos=\"off\" data-aos-delay=\"aos_delay\"><div class=\"wp-block-greencourt-columnes-responsive mod-columnes-responsive cols-dsk-2 cols-tbl-2 cols-mob-1 gap-gran centra-orfes\"><div class=\"wp-block-greencourt-columna-responsive mod-columna-responsive-wrapper\"><div class=\"mod-columna-responsive valign-superior\"><figure class=\"wp-block-image size-full wp-duotone-unset-1\"><a href=\"https:\/\/greencourt.mgcomunicacio.com\/ca\/solucions\/urban\/gespa-artificial\/\"><img loading=\"lazy\" decoding=\"async\" width=\"900\" height=\"900\" src=\"https:\/\/greencourt.mgcomunicacio.com\/wp-content\/uploads\/2025\/11\/Soluciones-de-jardineria-08.jpg\" alt=\"\" class=\"wp-image-3952\" srcset=\"https:\/\/greencourt.mgcomunicacio.com\/wp-content\/uploads\/2025\/11\/Soluciones-de-jardineria-08.jpg 900w, https:\/\/greencourt.mgcomunicacio.com\/wp-content\/uploads\/2025\/11\/Soluciones-de-jardineria-08-300x300.jpg 300w, https:\/\/greencourt.mgcomunicacio.com\/wp-content\/uploads\/2025\/11\/Soluciones-de-jardineria-08-100x100.jpg 100w, https:\/\/greencourt.mgcomunicacio.com\/wp-content\/uploads\/2025\/11\/Soluciones-de-jardineria-08-600x600.jpg 600w, https:\/\/greencourt.mgcomunicacio.com\/wp-content\/uploads\/2025\/11\/Soluciones-de-jardineria-08-150x150.jpg 150w, https:\/\/greencourt.mgcomunicacio.com\/wp-content\/uploads\/2025\/11\/Soluciones-de-jardineria-08-768x768.jpg 768w, https:\/\/greencourt.mgcomunicacio.com\/wp-content\/uploads\/2025\/11\/Soluciones-de-jardineria-08-340x340.jpg 340w, https:\/\/greencourt.mgcomunicacio.com\/wp-content\/uploads\/2025\/11\/Soluciones-de-jardineria-08-140x140.jpg 140w\" sizes=\"auto, (max-width: 900px) 100vw, 900px\" \/><\/a><\/figure>\n\n<div style=\"height:3vh\" aria-hidden=\"true\" class=\"wp-block-spacer\"><\/div>\n\n<h3 class=\"wp-block-heading has-text-align-left is-style-com_titular_3 has-taronja-greencourt-color has-text-color has-link-color wp-elements-dd1e0fce5303de53d7d44c81cbfe14f2\">Gespa artificial d\u2019\u00faltima generaci\u00f3<\/h3>\n\n<div style=\"height:3vh\" aria-hidden=\"true\" class=\"wp-block-spacer\"><\/div>\n\n<p class=\"is-style-com_titular_4\">Instal\u00b7lem gespa artificial per a jardins, zones de joc, piscines o terrasses. Amb aparen\u00e7a natural, resist\u00e8ncia al sol i la pluja i sense necessitat de reg ni talls.<\/p>\n\n<div style=\"height:3vh\" aria-hidden=\"true\" class=\"wp-block-spacer\"><\/div>\n\n<div class=\"wp-block-buttons is-content-justification-left is-layout-flex wp-container-core-buttons-is-layout-1 wp-block-buttons-is-layout-flex\"><div class=\"wp-block-button is-style-taronja-gris\"><a class=\"wp-block-button__link wp-element-button\" href=\"https:\/\/greencourt.mgcomunicacio.com\/ca\/solucions\/urban\/gespa-artificial\/\">+ info<\/a><\/div><\/div>\n\n<div style=\"height:8vh\" aria-hidden=\"true\" class=\"wp-block-spacer\"><\/div><\/div><\/div>\n\n<div class=\"wp-block-greencourt-columna-responsive mod-columna-responsive-wrapper\"><div class=\"mod-columna-responsive valign-superior\"><figure class=\"wp-block-image size-full is-style-default wp-duotone-unset-2\"><a href=\"https:\/\/greencourt.mgcomunicacio.com\/ca\/solucions\/\"><img loading=\"lazy\" decoding=\"async\" width=\"900\" height=\"900\" src=\"https:\/\/greencourt.mgcomunicacio.com\/wp-content\/uploads\/2025\/11\/Soluciones-de-jardines-particulares-05.jpg\" alt=\"\" class=\"wp-image-3954\" srcset=\"https:\/\/greencourt.mgcomunicacio.com\/wp-content\/uploads\/2025\/11\/Soluciones-de-jardines-particulares-05.jpg 900w, https:\/\/greencourt.mgcomunicacio.com\/wp-content\/uploads\/2025\/11\/Soluciones-de-jardines-particulares-05-300x300.jpg 300w, https:\/\/greencourt.mgcomunicacio.com\/wp-content\/uploads\/2025\/11\/Soluciones-de-jardines-particulares-05-100x100.jpg 100w, https:\/\/greencourt.mgcomunicacio.com\/wp-content\/uploads\/2025\/11\/Soluciones-de-jardines-particulares-05-600x600.jpg 600w, https:\/\/greencourt.mgcomunicacio.com\/wp-content\/uploads\/2025\/11\/Soluciones-de-jardines-particulares-05-150x150.jpg 150w, https:\/\/greencourt.mgcomunicacio.com\/wp-content\/uploads\/2025\/11\/Soluciones-de-jardines-particulares-05-768x768.jpg 768w, https:\/\/greencourt.mgcomunicacio.com\/wp-content\/uploads\/2025\/11\/Soluciones-de-jardines-particulares-05-340x340.jpg 340w, https:\/\/greencourt.mgcomunicacio.com\/wp-content\/uploads\/2025\/11\/Soluciones-de-jardines-particulares-05-140x140.jpg 140w\" sizes=\"auto, (max-width: 900px) 100vw, 900px\" \/><\/a><\/figure>\n\n<div style=\"height:3vh\" aria-hidden=\"true\" class=\"wp-block-spacer\"><\/div>\n\n<h3 class=\"wp-block-heading has-text-align-left is-style-com_titular_3 has-taronja-greencourt-color has-text-color has-link-color wp-elements-12a67b2703549251c0e4e151b8f42a34\">Pistes esportives per a \u00fas privat<\/h3>\n\n<div style=\"height:3vh\" aria-hidden=\"true\" class=\"wp-block-spacer\"><\/div>\n\n<p class=\"is-style-com_titular_4\">Dissenyem pistes de tennis, p\u00e0del, pickleball, b\u00e0squet o multiesport adaptades a espais privats. Paviments t\u00e8cnics, drenatge, tancaments i il\u00b7luminaci\u00f3 per gaudir en fam\u00edlia o amb amics.<\/p>\n\n<div style=\"height:3vh\" aria-hidden=\"true\" class=\"wp-block-spacer\"><\/div>\n\n<div class=\"wp-block-buttons is-layout-flex wp-block-buttons-is-layout-flex\"><div class=\"wp-block-button is-style-taronja-gris\"><a class=\"wp-block-button__link wp-element-button\" href=\"https:\/\/greencourt.mgcomunicacio.com\/ca\/solucions\/\">+ info<\/a><\/div><\/div>\n\n<div style=\"height:8vh\" aria-hidden=\"true\" class=\"wp-block-spacer\"><\/div><\/div><\/div>\n\n<div class=\"wp-block-greencourt-columna-responsive mod-columna-responsive-wrapper\"><div class=\"mod-columna-responsive valign-superior\"><figure class=\"wp-block-image size-full\"><a href=\"https:\/\/greencourt.mgcomunicacio.com\/ca\/solucions\/urban\/\"><img loading=\"lazy\" decoding=\"async\" width=\"900\" height=\"900\" src=\"https:\/\/greencourt.mgcomunicacio.com\/wp-content\/uploads\/2025\/11\/Soluciones-de-jardines-particulares-04.jpg\" alt=\"\" class=\"wp-image-3957\" srcset=\"https:\/\/greencourt.mgcomunicacio.com\/wp-content\/uploads\/2025\/11\/Soluciones-de-jardines-particulares-04.jpg 900w, https:\/\/greencourt.mgcomunicacio.com\/wp-content\/uploads\/2025\/11\/Soluciones-de-jardines-particulares-04-300x300.jpg 300w, https:\/\/greencourt.mgcomunicacio.com\/wp-content\/uploads\/2025\/11\/Soluciones-de-jardines-particulares-04-100x100.jpg 100w, https:\/\/greencourt.mgcomunicacio.com\/wp-content\/uploads\/2025\/11\/Soluciones-de-jardines-particulares-04-600x600.jpg 600w, https:\/\/greencourt.mgcomunicacio.com\/wp-content\/uploads\/2025\/11\/Soluciones-de-jardines-particulares-04-150x150.jpg 150w, https:\/\/greencourt.mgcomunicacio.com\/wp-content\/uploads\/2025\/11\/Soluciones-de-jardines-particulares-04-768x768.jpg 768w, https:\/\/greencourt.mgcomunicacio.com\/wp-content\/uploads\/2025\/11\/Soluciones-de-jardines-particulares-04-340x340.jpg 340w, https:\/\/greencourt.mgcomunicacio.com\/wp-content\/uploads\/2025\/11\/Soluciones-de-jardines-particulares-04-140x140.jpg 140w\" sizes=\"auto, (max-width: 900px) 100vw, 900px\" \/><\/a><\/figure>\n\n<div style=\"height:3vh\" aria-hidden=\"true\" class=\"wp-block-spacer\"><\/div>\n\n<h3 class=\"wp-block-heading has-text-align-left is-style-com_titular_3 has-taronja-greencourt-color has-text-color has-link-color wp-elements-fb9e1f1e7b9f92d2977bf0601faae608\">Jardineria i acabats decoratius<\/h3>\n\n<div style=\"height:3vh\" aria-hidden=\"true\" class=\"wp-block-spacer\"><\/div>\n\n<p class=\"is-style-com_titular_4 has-gris-greencourt-color has-text-color has-link-color wp-elements-de6f5bc5632d374a5b1951c632ebbefc\">Et proposem solucions per millorar l\u2019entorn visual del teu espai: escocells, esculleres, graves decoratives, tarimes, delimitacions o plantaci\u00f3 d\u2019esp\u00e8cies aut\u00f2ctones.<\/p>\n\n<div style=\"height:3vh\" aria-hidden=\"true\" class=\"wp-block-spacer\"><\/div>\n\n<div class=\"wp-block-buttons is-layout-flex wp-block-buttons-is-layout-flex\"><div class=\"wp-block-button is-style-taronja-gris\"><a class=\"wp-block-button__link wp-element-button\" href=\"https:\/\/greencourt.mgcomunicacio.com\/ca\/solucions\/urban\/\">+ info<\/a><\/div><\/div>\n\n<div style=\"height:8vh\" aria-hidden=\"true\" class=\"wp-block-spacer\"><\/div><\/div><\/div>\n\n<div class=\"wp-block-greencourt-columna-responsive mod-columna-responsive-wrapper\"><div class=\"mod-columna-responsive valign-superior\"><figure class=\"wp-block-image size-full\"><a href=\"https:\/\/greencourt.mgcomunicacio.com\/ca\/contacte\/\"><img loading=\"lazy\" decoding=\"async\" width=\"900\" height=\"900\" src=\"https:\/\/greencourt.mgcomunicacio.com\/wp-content\/uploads\/2025\/11\/Soluciones-de-jardines-particulares-03.jpg\" alt=\"\" class=\"wp-image-3958\" srcset=\"https:\/\/greencourt.mgcomunicacio.com\/wp-content\/uploads\/2025\/11\/Soluciones-de-jardines-particulares-03.jpg 900w, https:\/\/greencourt.mgcomunicacio.com\/wp-content\/uploads\/2025\/11\/Soluciones-de-jardines-particulares-03-300x300.jpg 300w, https:\/\/greencourt.mgcomunicacio.com\/wp-content\/uploads\/2025\/11\/Soluciones-de-jardines-particulares-03-100x100.jpg 100w, https:\/\/greencourt.mgcomunicacio.com\/wp-content\/uploads\/2025\/11\/Soluciones-de-jardines-particulares-03-600x600.jpg 600w, https:\/\/greencourt.mgcomunicacio.com\/wp-content\/uploads\/2025\/11\/Soluciones-de-jardines-particulares-03-150x150.jpg 150w, https:\/\/greencourt.mgcomunicacio.com\/wp-content\/uploads\/2025\/11\/Soluciones-de-jardines-particulares-03-768x768.jpg 768w, https:\/\/greencourt.mgcomunicacio.com\/wp-content\/uploads\/2025\/11\/Soluciones-de-jardines-particulares-03-340x340.jpg 340w, https:\/\/greencourt.mgcomunicacio.com\/wp-content\/uploads\/2025\/11\/Soluciones-de-jardines-particulares-03-140x140.jpg 140w\" sizes=\"auto, (max-width: 900px) 100vw, 900px\" \/><\/a><\/figure>\n\n<div style=\"height:3vh\" aria-hidden=\"true\" class=\"wp-block-spacer\"><\/div>\n\n<h3 class=\"wp-block-heading has-text-align-left is-style-com_titular_3 has-taronja-greencourt-color has-text-color has-link-color wp-elements-d7dd1daec702328e8ebc6aca132a8719\">Mobiliari d\u2019exterior i zones de descans<\/h3>\n\n<div style=\"height:3vh\" aria-hidden=\"true\" class=\"wp-block-spacer\"><\/div>\n\n<p class=\"is-style-com_titular_4\">Bancs, p\u00e8rgoles, ombres, jocs infantils i altres elements per fer m\u00e9s agradable i funcional el teu jard\u00ed o pati.<\/p>\n\n<div style=\"height:3vh\" aria-hidden=\"true\" class=\"wp-block-spacer\"><\/div>\n\n<div class=\"wp-block-buttons is-layout-flex wp-block-buttons-is-layout-flex\"><div class=\"wp-block-button is-style-taronja-gris\"><a class=\"wp-block-button__link wp-element-button\" href=\"https:\/\/greencourt.mgcomunicacio.com\/ca\/contacte\/\">+ info<\/a><\/div><\/div>\n\n<div style=\"height:8vh\" aria-hidden=\"true\" class=\"wp-block-spacer\"><\/div><\/div><\/div><\/div><\/div><div class=\"wp-block-greencourt-franja mod-franja amb_background marge-superior- marge-inferior-0 padding_fondo_xxl _alineacio_ _skin_ marge_sup_1 marge_inf_0\" data-aos=\"fade-up\" data-aos-delay=\"300\"><div class=\"maq-contenidor fullwidth\"><div class=\"maq-inner\"><div class=\"wp-block-greencourt-marges maq-contenidor normal marge-superior- marge-inferior-\" data-aos=\"off\" data-aos-delay=\"aos_delay\"><div class=\"wp-block-greencourt-columnes-responsive mod-columnes-responsive cols-dsk-2 cols-tbl-2 cols-mob-1 gap-petit centra-orfes\"><div class=\"wp-block-greencourt-columna-responsive mod-columna-responsive-wrapper\"><div class=\"mod-columna-responsive valign-superior\"><h2 class=\"wp-block-heading has-text-align-left is-style-com_titular_2 has-blanc-color has-text-color has-link-color wp-elements-b22865514afae1f75d491698cfe74567\"><strong><strong><strong>Vols transformar el teu jard\u00ed en un espai per viure\u2019l m\u00e9s i cuidar-lo menys?<\/strong><\/strong><\/strong><\/h2>\n\n<p class=\"is-style-com_titular_4 has-blanc-color has-text-color has-link-color wp-elements-bc2eb34ed0d8292c896b64fbc3a36a57\">Parlem. T\u2019oferirem un projecte pr\u00e0ctic, bonic i pensat per a llarg termini.<\/p>\n\n<div style=\"height:3vh\" aria-hidden=\"true\" class=\"wp-block-spacer\"><\/div>\n\n<div class=\"wp-block-buttons is-layout-flex wp-block-buttons-is-layout-flex\"><div class=\"wp-block-button is-style-blanc-gris\"><a class=\"wp-block-button__link wp-element-button\" href=\"https:\/\/greencourt.mgcomunicacio.com\/ca\/contacte\/\">+ info<\/a><\/div><\/div><\/div><\/div>\n\n<div class=\"wp-block-greencourt-columna-responsive mod-columna-responsive-wrapper\"><div class=\"mod-columna-responsive valign-superior\"><\/div><\/div><\/div><\/div><\/div><\/div><div class=\"background\" style=\"background-image:url(https:\/\/greencourt.mgcomunicacio.com\/wp-content\/uploads\/2025\/05\/pexels-elia-clerici-282848-912110-scaled.jpg)\"><\/div><\/div><div style=\"height:20vh\" aria-hidden=\"true\" class=\"wp-block-spacer\"><\/div><div class=\"wp-block-greencourt-marges maq-contenidor normal marge-superior-petit marge-inferior-\" data-aos=\"off\" data-aos-delay=\"aos_delay\"><h2 class=\"wp-block-heading is-style-com_titular_2\"><strong><strong>Per qu\u00e8 confiar<\/strong><\/strong><br><strong><strong>en Greencourt<\/strong><\/strong><\/h2>\n\n<div style=\"height:50px\" aria-hidden=\"true\" class=\"wp-block-spacer\"><\/div><\/div><div class=\"wp-block-greencourt-marges maq-contenidor normal marge-superior- marge-inferior-\" data-aos=\"off\" data-aos-delay=\"aos_delay\"><div class=\"wp-block-greencourt-columnes-responsive mod-columnes-responsive cols-dsk-5 cols-tbl-2 cols-mob-1 gap-petit centra-orfes\"><div class=\"wp-block-greencourt-columna-responsive mod-columna-responsive-wrapper\"><div class=\"mod-columna-responsive valign-superior\"><p class=\"is-style-com_titular_1\">01<\/p>\n\n<p class=\"is-style-com_titular_5\">Experi\u00e8ncia i solucions adaptades a espais de mida mitjana i petita.<\/p><\/div><\/div>\n\n<div class=\"wp-block-greencourt-columna-responsive mod-columna-responsive-wrapper\"><div class=\"mod-columna-responsive valign-superior\"><p class=\"is-style-com_titular_1\">02<\/p>\n\n<p class=\"is-style-com_titular_5\">Solucions adaptades a les necessitats i pressupost.<\/p><\/div><\/div>\n\n<div class=\"wp-block-greencourt-columna-responsive mod-columna-responsive-wrapper\"><div class=\"mod-columna-responsive valign-superior\"><p class=\"is-style-com_titular_1\">03<\/p>\n\n<p class=\"is-style-com_titular_5\">Resultats est\u00e8tics i funcionals amb manteniment m\u00ednim.<\/p><\/div><\/div>\n\n<div class=\"wp-block-greencourt-columna-responsive mod-columna-responsive-wrapper\"><div class=\"mod-columna-responsive valign-superior\"><p class=\"is-style-com_titular_1\">04<\/p>\n\n<p class=\"is-style-com_titular_5\">Materials resistents i segurs per a infants, mascotes i activitats familiars.<\/p><\/div><\/div>\n\n<div class=\"wp-block-greencourt-columna-responsive mod-columna-responsive-wrapper\"><div class=\"mod-columna-responsive valign-superior\"><p class=\"is-style-com_titular_1\">05<\/p>\n\n<p class=\"is-style-com_titular_5\">Tracte directe, personalitzat i amb assessorament t\u00e8cnic des del primer moment.<\/p><\/div><\/div><\/div><\/div><div style=\"height:15vh\" aria-hidden=\"true\" class=\"wp-block-spacer\"><\/div><p><\/p>","protected":false},"excerpt":{"rendered":"","protected":false},"author":1,"featured_media":0,"parent":321,"menu_order":0,"comment_status":"closed","ping_status":"closed","template":"","meta":{"_acf_changed":false,"footnotes":""},"class_list":["post-330","page","type-page","status-publish","hentry"],"acf":[],"_links":{"self":[{"href":"https:\/\/greencourt.mgcomunicacio.com\/ca\/wp-json\/wp\/v2\/pages\/330","targetHints":{"allow":["GET"]}}],"collection":[{"href":"https:\/\/greencourt.mgcomunicacio.com\/ca\/wp-json\/wp\/v2\/pages"}],"about":[{"href":"https:\/\/greencourt.mgcomunicacio.com\/ca\/wp-json\/wp\/v2\/types\/page"}],"author":[{"embeddable":true,"href":"https:\/\/greencourt.mgcomunicacio.com\/ca\/wp-json\/wp\/v2\/users\/1"}],"replies":[{"embeddable":true,"href":"https:\/\/greencourt.mgcomunicacio.com\/ca\/wp-json\/wp\/v2\/comments?post=330"}],"version-history":[{"count":23,"href":"https:\/\/greencourt.mgcomunicacio.com\/ca\/wp-json\/wp\/v2\/pages\/330\/revisions"}],"predecessor-version":[{"id":6583,"href":"https:\/\/greencourt.mgcomunicacio.com\/ca\/wp-json\/wp\/v2\/pages\/330\/revisions\/6583"}],"up":[{"embeddable":true,"href":"https:\/\/greencourt.mgcomunicacio.com\/ca\/wp-json\/wp\/v2\/pages\/321"}],"wp:attachment":[{"href":"https:\/\/greencourt.mgcomunicacio.com\/ca\/wp-json\/wp\/v2\/media?parent=330"}],"curies":[{"name":"wp","href":"https:\/\/api.w.org\/{rel}","templated":true}]}}