{"id":3615,"date":"2025-11-06T12:10:40","date_gmt":"2025-11-06T12:10:40","guid":{"rendered":"https:\/\/greencourt.mgcomunicacio.com\/?page_id=3615"},"modified":"2025-11-25T13:14:34","modified_gmt":"2025-11-25T12:14:34","slug":"avis-legal","status":"publish","type":"page","link":"https:\/\/greencourt.mgcomunicacio.com\/ca\/avis-legal\/","title":{"rendered":"Av\u00eds legal"},"content":{"rendered":"<div class=\"wp-block-greencourt-franja mod-franja amb_background marge-superior- marge-inferior- padding_fondo_xxl _alineacio_ _skin_ marge_sup_1 marge_inf_0\" data-aos=\"fade-up\" data-aos-delay=\"300\"><div class=\"maq-contenidor fullwidth\"><div class=\"maq-inner\"><div class=\"wp-block-greencourt-marges maq-contenidor normal marge-superior- marge-inferior-\" data-aos=\"off\" data-aos-delay=\"aos_delay\"><h1 class=\"wp-block-heading is-style-com_titular_1 has-gris-greencourt-color has-text-color has-link-color wp-elements-2b7d37f3c3b6cf02518347ce7f9135c6\">Av\u00eds legal<\/h1>\n\n<p class=\"is-style-com_titular_4\"><strong><strong><strong>Objecte de la pol\u00edtica de privacitat<\/strong><\/strong><\/strong><\/p>\n\n<div style=\"height:50px\" aria-hidden=\"true\" class=\"wp-block-spacer\"><\/div>\n\n<p class=\"is-style-default\"><\/p>\n\n<p class=\"is-style-com_titular_4\">Amb la finalitat de donar compliment a l\u2019article 10 de la Llei 34\/2002, de Serveis de la Societat de la Informaci\u00f3 i de Comer\u00e7 Electr\u00f2nic, informem els usuaris de les nostres dades:<\/p>\n\n<p><\/p>\n\n<p class=\"is-style-com_titular_4\">Denominaci\u00f3 social: GREENCOURT, SL<\/p>\n\n<p class=\"is-style-com_titular_4\">Domicili social: C\/ Manolo Hugue, 2, 08182 Sant Feliu de Codines (Barcelona)<\/p>\n\n<p class=\"is-style-com_titular_4\">NIF: B65971616<\/p>\n\n<p class=\"is-style-com_titular_4\">Tel\u00e8fon: 936760516<\/p>\n\n<p class=\"is-style-com_titular_4\">E-mail: info@greencourt.es<\/p>\n\n<p class=\"is-style-com_titular_4\">Lloc web: www.greencourt.es<\/p>\n\n<p class=\"is-style-com_titular_4\">Dades registrals: Registre Mercantil de Barcelona N\u00ba 2013\/137 Tom: 43603 Full: 433270 Foli: 157 Ins. Ca.: 1<\/p>\n\n<p><\/p>\n\n<p class=\"is-style-com_titular_3 has-taronja-greencourt-color has-text-color has-link-color wp-elements-850e9a18b214d6c1c0e3ccafb8de0799\">1_ OBJECTE<\/p>\n\n<p class=\"is-style-com_titular_4\"><br>GREENCOURT, SL (d\u2019ara endavant tamb\u00e9 el prestador), com a responsable del lloc web, posa a disposici\u00f3 dels usuaris el present document, que regula l\u2019\u00fas del lloc web www.greencourt.es, amb el qual pretenem donar compliment a les obligacions que disposa la Llei 34\/2002, de Serveis de la Societat de la Informaci\u00f3 i de Comer\u00e7 Electr\u00f2nic (LSSICE o LSSI), aix\u00ed com informar tots els usuaris del lloc web de quines s\u00f3n les condicions d\u2019\u00fas del lloc web. A trav\u00e9s de la Web, GREENCOURT, SL facilita als usuaris l\u2019acc\u00e9s i la utilitzaci\u00f3 de diferents serveis i continguts posats a disposici\u00f3 a trav\u00e9s del web. <\/p>\n\n<p><\/p>\n\n<p class=\"is-style-com_titular_4\">Tota persona que accedeixi a aquesta web assumeix el paper d\u2019usuari (d\u2019ara endavant, l\u2019usuari), i implica l\u2019acceptaci\u00f3 total i sense reserves de totes i cadascuna de les disposicions incloses en aquest av\u00eds legal, aix\u00ed com de qualsevol altra disposici\u00f3 legal que hi pugui ser aplicable.<\/p>\n\n<p><\/p>\n\n<p class=\"is-style-com_titular_4\">Com a usuaris, heu de llegir atentament aquest Av\u00eds Legal en qualsevol de les ocasions en qu\u00e8 entreu a la web, ja que aquesta pot patir modificacions, at\u00e8s que el prestador es reserva el dret a modificar qualsevol tipus d\u2019informaci\u00f3 que pugui apar\u00e8ixer a la web, sense que existeixi l\u2019obligaci\u00f3 de preavisar o posar en coneixement dels usuaris aquestes modificacions, essent suficient la seva publicaci\u00f3 al lloc web del prestador.<\/p>\n\n<p><\/p>\n\n<ol class=\"wp-block-list\"><li><\/li><\/ol>\n\n<p class=\"is-style-com_titular_3 has-taronja-greencourt-color has-text-color has-link-color wp-elements-42f18e42f43154eb96700cfb453ecc4c\">2_ CONDICIONS D\u2019ACC\u00c9S I \u00daS DE LA WEB<\/p>\n\n<p><\/p>\n\n<ol start=\"2\" class=\"wp-block-list\"><li><\/li><\/ol>\n\n<p class=\"is-style-com_titular_4\">2.1. Car\u00e0cter gratu\u00eft de l\u2019acc\u00e9s i \u00fas de la web<br>La prestaci\u00f3 dels serveis per part de GREENCOURT, SL t\u00e9 car\u00e0cter gratu\u00eft per a tots els Usuaris. No obstant aix\u00f2, alguns dels serveis subministrats pel prestador a trav\u00e9s de la Web estan subjectes al pagament d\u2019un preu determinat segons les condicions generals de contractaci\u00f3.<\/p>\n\n<p><\/p>\n\n<p class=\"is-style-com_titular_4\">2.2. Registre d\u2019usuari<br>Amb car\u00e0cter general, la prestaci\u00f3 dels Serveis no exigeix la pr\u00e8via subscripci\u00f3 o registre dels Usuaris. Tot i aix\u00ed, GREENCOURT, SL condiciona la utilitzaci\u00f3 d\u2019alguns dels serveis a la pr\u00e8via complementaci\u00f3 del corresponent registre d\u2019Usuari. Aquest registre s\u2019efectuar\u00e0 en la forma expressament indicada a la pr\u00f2pia secci\u00f3 del servei.<\/p>\n\n<p class=\"is-style-com_titular_4\"><\/p>\n\n<p class=\"is-style-com_titular_4\">2.3. Veracitat de la informaci\u00f3<br>Tota la informaci\u00f3 facilitada per l\u2019Usuari ha de ser vera\u00e7. A aquest efecte, l\u2019Usuari garanteix l\u2019autenticitat de les dades comunicades a trav\u00e9s dels formularis per a la subscripci\u00f3 dels Serveis. Ser\u00e0 responsabilitat de l\u2019Usuari mantenir tota la informaci\u00f3 facilitada a GREENCOURT, SL permanentment actualitzada de manera que respongui, en cada moment, a la seva situaci\u00f3 real. En tot cas, l\u2019Usuari ser\u00e0 l\u2019\u00fanic responsable de les manifestacions falses o inexactes que realitzi i dels perjudicis que causi al prestador o a tercers.<\/p>\n\n<p><\/p>\n\n<p class=\"is-style-com_titular_4\">2.4. Menors d\u2019edat<br>Per a l\u2019\u00fas dels serveis, els menors d\u2019edat han d\u2019obtenir sempre pr\u00e8viament el consentiment dels pares, tutors o representants legals, \u00faltims responsables de tots els actes realitzats pels menors al seu c\u00e0rrec. La responsabilitat en la determinaci\u00f3 dels continguts concrets als quals accedeixen els menors correspon a aquells, i per aix\u00f2, si accedeixen a continguts no apropiats per Internet, s\u2019hauran d\u2019establir en els seus ordinadors mecanismes, en particular programes inform\u00e0tics, filtres i bloquejos, que permetin limitar els continguts disponibles i que, encara que no siguin infal\u00b7libles, s\u00f3n d\u2019especial utilitat per controlar i restringir els materials als quals poden accedir els menors.<\/p>\n\n<p><\/p>\n\n<p class=\"is-style-com_titular_4\">2.5. Obligaci\u00f3 de fer un \u00fas correcte de la Web<br>L\u2019Usuari es compromet a utilitzar la Web de conformitat amb la Llei i el present Av\u00eds Legal, aix\u00ed com amb la moral i les bones costums. A aquest efecte, l\u2019Usuari s\u2019abstindr\u00e0 d\u2019utilitzar la p\u00e0gina amb finalitats il\u00b7l\u00edcites o prohibides, lesives dels drets i interessos de tercers, o que de qualsevol forma puguin danyar, inutilitzar, sobrecarregar, deteriorar o impedir la normal utilitzaci\u00f3 d\u2019equips inform\u00e0tics o documents, arxius i tota classe de continguts emmagatzemats en qualsevol equip inform\u00e0tic del prestador.<\/p>\n\n<p><\/p>\n\n<p class=\"is-style-com_titular_4\">En particular, i a t\u00edtol indicatiu per\u00f2 no exhaustiu, l\u2019Usuari es compromet a no transmetre, difondre o posar a disposici\u00f3 de tercers informacions, dades, continguts, missatges, gr\u00e0fics, dibuixos, arxius de so o imatge, fotografies, gravacions, software i, en general, qualsevol classe de material que:<\/p>\n\n<p class=\"is-style-com_titular_4\"><\/p>\n\n<p class=\"is-style-com_titular_4\">_ Sigui contrari, menysprei o atempti contra els drets fonamentals i les llibertats p\u00fabliques reconeguts constitucionalment, en tractats internacionals i en altres normes vigents;<\/p>\n\n<p class=\"is-style-com_titular_4\">_ Indueixi, inciti o promogui actuacions delictives, denigrants, difamat\u00f2ries, violentes o, en general, contr\u00e0ries a la llei, a la moral i a l\u2019ordre p\u00fablic;<\/p>\n\n<p class=\"is-style-com_titular_4\">_ Indueixi, inciti o promogui actuacions, actituds o pensaments discriminatoris per ra\u00f3 de sexe, ra\u00e7a, religi\u00f3, creences, edat o condici\u00f3;<\/p>\n\n<p class=\"is-style-com_titular_4\">_ Sigui contrari al dret a l\u2019honor, a la intimitat personal o familiar o a la pr\u00f2pia imatge de les persones;<\/p>\n\n<p class=\"is-style-com_titular_4\">_ De qualsevol manera, perjudiqui la credibilitat del prestador o de tercers; i constitueixi publicitat il\u00b7l\u00edcita, enganyosa o deslleial.<\/p>\n\n<p><\/p>\n\n<p class=\"is-style-com_titular_3 has-taronja-greencourt-color has-text-color has-link-color wp-elements-306a083398f23b992022d566ad036a1a\">3_ EXCLUSI\u00d3 DE GARANTIES I RESPONSABILITAT<\/p>\n\n<p><\/p>\n\n<p class=\"is-style-com_titular_4\">El prestador s\u2019eximeix de qualsevol tipus de responsabilitat derivada de la informaci\u00f3 publicada al nostre lloc web, sempre que aquesta informaci\u00f3 hagi estat manipulada o introdu\u00efda per un tercer ali\u00e8.<\/p>\n\n<p><\/p>\n\n<ol start=\"3\" class=\"wp-block-list\"><li><\/li><\/ol>\n\n<p class=\"is-style-com_titular_4\">Aquesta web ha estat revisada i provada perqu\u00e8 funcioni correctament. En principi, es pot garantir el correcte funcionament els 365 dies de l\u2019any, 24 hores al dia. No obstant aix\u00f2, el prestador no descarta la possibilitat que existeixin determinats errors de programaci\u00f3, o que es produeixin causes de for\u00e7a major, cat\u00e0strofes naturals, vagues o circumst\u00e0ncies semblants que facin impossible l\u2019acc\u00e9s a la p\u00e0gina web.<\/p>\n\n<p><\/p>\n\n<p class=\"is-style-com_titular_4\">GREENCOURT, SL no atorga cap garantia ni es fa responsable, en cap cas, dels danys i perjudicis de qualsevol naturalesa que puguin sorgir de la manca de disponibilitat, manteniment i efectiu funcionament de la web o dels seus serveis i continguts; de l\u2019exist\u00e8ncia de virus, programes maliciosos o lesius en els continguts; de l\u2019\u00fas il\u00b7l\u00edcit, negligent, fraudulent o contrari a aquest Av\u00eds Legal i condicions d\u2019\u00fas; o de la manca de licitud, qualitat, fiabilitat, utilitat i disponibilitat dels serveis prestats per tercers i posats a disposici\u00f3 dels usuaris al lloc web.<\/p>\n\n<p><\/p>\n\n<p class=\"is-style-com_titular_4\">El prestador no es fa responsable sota cap concepte dels danys que puguin derivar-se de l\u2019\u00fas il\u00b7legal o indegut de la present p\u00e0gina web.<\/p>\n\n<p><\/p>\n\n<p class=\"is-style-com_titular_3 has-taronja-greencourt-color has-text-color has-link-color wp-elements-793ff5f0cf9f3f3e13891f3062d39454\">4_ COOKIES<\/p>\n\n<p class=\"is-style-com_titular_4\"><br>El lloc web del prestador pot utilitzar cookies (petits arxius d\u2019informaci\u00f3 que el servidor envia a l\u2019ordinador de qui accedeix a la p\u00e0gina) per dur a terme determinades funcions que s\u00f3n considerades imprescindibles per al correcte funcionament i visualitzaci\u00f3 del lloc. Les cookies utilitzades tenen, en tot cas, car\u00e0cter temporal, amb l\u2019\u00fanica finalitat de fer m\u00e9s efica\u00e7 la navegaci\u00f3, i desapareixen en acabar la sessi\u00f3 de l\u2019usuari.<\/p>\n\n<p class=\"is-style-com_titular_4\"><\/p>\n\n<ol start=\"4\" class=\"wp-block-list\"><li><\/li><\/ol>\n\n<p class=\"is-style-com_titular_4\">En cap cas s\u2019utilitzaran les cookies per recollir informaci\u00f3 de car\u00e0cter personal. Per a m\u00e9s informaci\u00f3, vegeu la nostra Pol\u00edtica de Cookies.<\/p>\n\n<p><\/p>\n\n<p class=\"is-style-com_titular_3 has-taronja-greencourt-color has-text-color has-link-color wp-elements-6d486e3930fd17ab2477293a67405eb8\">5_ ENLLA\u00c7OS (LINKS)<\/p>\n\n<p class=\"is-style-com_titular_4\"><br>Des del lloc web \u00e9s possible que es redirigeixi a continguts patrocinats, anuncis i\/o enlla\u00e7os d\u2019afiliats i\/o de terceres webs. Entre els enlla\u00e7os facilitats, existeix la possibilitat d\u2019informar o fer refer\u00e8ncia a productes i\/o serveis de tercers. At\u00e8s que des de la web no podem controlar els continguts introdu\u00efts pels tercers, GREENCOURT, SL no assumeix cap tipus de responsabilitat respecte d\u2019aquests continguts, ni garanteix l\u2019experi\u00e8ncia, integritat o qualitat dels seus productes.<\/p>\n\n<p class=\"is-style-com_titular_4\"><\/p>\n\n<ol start=\"5\" class=\"wp-block-list\"><li><\/li><\/ol>\n\n<p class=\"is-style-com_titular_4\">En tot cas, el prestador manifesta que procedir\u00e0 a la retirada immediata de qualsevol contingut que pugui contravenir la legislaci\u00f3 nacional o internacional, la moral o l\u2019ordre p\u00fablic, procedint a la retirada immediata de la redirecci\u00f3 a aquestes webs, i posant en coneixement de les autoritats competents el contingut en q\u00fcesti\u00f3.<\/p>\n\n<p><\/p>\n\n<p class=\"is-style-com_titular_4\">GREENCOURT, SL mantindr\u00e0 publicats aquests enlla\u00e7os fins que siguin eliminats o suspesos pel prestador o per l\u2019anunciant, i no ser\u00e0 responsable encara que aquests anuncis puguin ser indexats per altres cercadors aliens a aquesta web.<\/p>\n\n<p><\/p>\n\n<p class=\"is-style-com_titular_4\">El prestador no es responsabilitza de la informaci\u00f3 i continguts emmagatzemats, a t\u00edtol enunciatiu per\u00f2 no limitatiu, en f\u00f2rums, xats, generadors de blogs, comentaris, xarxes socials o qualsevol altre mitj\u00e0 que permeti a tercers publicar continguts de forma independent a la p\u00e0gina web del prestador. No obstant aix\u00f2, i en compliment del que disposen els arts. 11 i 16 de la LSSICE, el prestador es posa a disposici\u00f3 de tots els usuaris, autoritats i forces de seguretat, i col\u00b7labora de forma activa en la retirada o, quan sigui necessari, el bloqueig de tots aquells continguts que puguin afectar o contravenir la legislaci\u00f3 nacional o internacional, drets de tercers o la moral i l\u2019ordre p\u00fablic. En cas que l\u2019usuari consideri que pot existir algun contingut que pugui ser susceptible d\u2019aquesta classificaci\u00f3, es prega que ho notifiqui de forma immediata a l\u2019administrador del lloc web.<\/p>\n\n<p><\/p>\n\n<p class=\"is-style-com_titular_4\">Tanmateix, GREENCOURT, SL l\u2019informa que qualsevol relaci\u00f3 contractual o extracontractual que l\u2019usuari formalitzi amb aquests tercers, afiliats o anunciants mitjan\u00e7ant l\u2019enlla\u00e7 proporcionat per aquesta web, ser\u00e0 v\u00e0lida \u00fanicament i exclusivament entre l\u2019usuari i l\u2019anunciant i\/o tercera persona, i GREENCOURT, SL no tindr\u00e0 cap tipus de responsabilitat sobre els danys o perjudicis que puguin ser ocasionats per la prestaci\u00f3 de serveis i\/o relacions contractuals o extracontractuals realitzades entre l\u2019usuari i els anunciants o tercers contactats a trav\u00e9s d\u2019aquest portal, ja que el prestador nom\u00e9s actua com a intermediari o mitj\u00e0 publicitari.<\/p>\n\n<p><\/p>\n\n<p class=\"is-style-com_titular_3 has-taronja-greencourt-color has-text-color has-link-color wp-elements-c7c09aad67acce78a9f90f65c5e44931\">6_ PROTECCI\u00d3 DE DADES PERSONALS<\/p>\n\n<p class=\"is-style-com_titular_4\"><br>El prestador est\u00e0 profundament comprom\u00e8s amb el compliment de la normativa de protecci\u00f3 de dades personals i garanteix el compliment \u00edntegre de les obligacions disposades, aix\u00ed com la implementaci\u00f3 de les mesures de seguretat establertes en el Reglament europeu de protecci\u00f3 de dades i la normativa espanyola de protecci\u00f3 de dades. Per a m\u00e9s informaci\u00f3, vegeu la nostra Pol\u00edtica de Privacitat.<\/p>\n\n<p><\/p>\n\n<p class=\"is-style-com_titular_3 has-taronja-greencourt-color has-text-color has-link-color wp-elements-8fca5b1e700e37a635443136b1c4b7c7\">7_ PROPIETAT INTEL\u00b7LECTUAL I INDUSTRIAL<\/p>\n\n<p class=\"is-style-com_titular_4\"><br>El lloc web, incloent-hi a t\u00edtol enunciatiu per\u00f2 no limitatiu la programaci\u00f3, edici\u00f3, recopilaci\u00f3 i altres elements necessaris per al seu funcionament, els dissenys, logotips, textos, fotografies i\/o gr\u00e0fics s\u00f3n propietat del prestador o, si escau, disposa de la llic\u00e8ncia o autoritzaci\u00f3 expressa per part dels autors. Tots els continguts del lloc web es troben degudament protegits per la normativa de propietat intel\u00b7lectual i industrial.<\/p>\n\n<p class=\"is-style-com_titular_4\"><\/p>\n\n<ol start=\"6\" class=\"wp-block-list\"><li><\/li><\/ol>\n\n<p class=\"is-style-com_titular_4\">Amb independ\u00e8ncia de la finalitat per la qual fossin destinats, la reproducci\u00f3 total o parcial, \u00fas, distribuci\u00f3 i comunicaci\u00f3 p\u00fablica requereixen l\u2019autoritzaci\u00f3 pr\u00e8via i per escrit per part del prestador. Qualsevol \u00fas no autoritzat pr\u00e8viament pel prestador ser\u00e0 considerat un incompliment greu dels drets de propietat intel\u00b7lectual o industrial de l\u2019autor.<\/p>\n\n<p><\/p>\n\n<p class=\"is-style-com_titular_4\">Els dissenys, logotips, textos i\/o gr\u00e0fics aliens al prestador i que puguin apar\u00e8ixer al lloc web pertanyen als seus respectius propietaris, sent ells mateixos responsables de qualsevol possible controv\u00e8rsia que pugui esdevenir respecte dels mateixos. En tot cas, el prestador compta amb l\u2019autoritzaci\u00f3 expressa i pr\u00e8via per part dels mateixos.<\/p>\n\n<p><\/p>\n\n<p class=\"is-style-com_titular_4\">El prestador reconeix a favor dels seus titulars els corresponents drets de propietat industrial i intel\u00b7lectual, i el fet que siguin esmentats o apareguin al lloc web no implica l\u2019exist\u00e8ncia de drets ni cap responsabilitat del prestador sobre els mateixos, com tampoc cap suport, patrocini o recomanaci\u00f3 per part seva.<\/p>\n\n<p class=\"is-style-com_titular_4\">Per realitzar qualsevol tipus d\u2019observaci\u00f3 respecte a possibles incompliments dels drets de propietat intel\u00b7lectual o industrial, aix\u00ed com sobre qualsevol dels continguts del lloc web, podeu fer-ho a trav\u00e9s del correu electr\u00f2nic abans ressenyat.<\/p>\n\n<p><\/p>\n\n<p class=\"is-style-com_titular_3 has-taronja-greencourt-color has-text-color has-link-color wp-elements-382101e131c4202a83e8da2dc42f4f86\">8_ LLEI APLICABLE I JURISDICCI\u00d3<\/p>\n\n<p class=\"is-style-com_titular_4\"><br>Per a la resoluci\u00f3 de les controv\u00e8rsies o q\u00fcestions relacionades amb la present p\u00e0gina web o de les activitats que s\u2019hi desenvolupen, ser\u00e0 aplicable la legislaci\u00f3 espanyola, a la qual se sotmeten expressament les parts, essent competents per a la resoluci\u00f3 de tots els conflictes derivats o relacionats amb el seu \u00fas els Jutjats i Tribunals de Barcelona.<\/p>\n\n<div style=\"height:7px\" aria-hidden=\"true\" class=\"wp-block-spacer\"><\/div><\/div><\/div><\/div><div class=\"background\" style=\"background-image:url(https:\/\/greencourt.mgcomunicacio.com\/wp-content\/uploads\/2025\/04\/pickleball.svg)\"><\/div><\/div><div style=\"height:10vh\" aria-hidden=\"true\" class=\"wp-block-spacer\"><\/div>","protected":false},"excerpt":{"rendered":"","protected":false},"author":1,"featured_media":0,"parent":0,"menu_order":0,"comment_status":"closed","ping_status":"closed","template":"","meta":{"_acf_changed":false,"footnotes":""},"class_list":["post-3615","page","type-page","status-publish","hentry"],"acf":[],"_links":{"self":[{"href":"https:\/\/greencourt.mgcomunicacio.com\/ca\/wp-json\/wp\/v2\/pages\/3615","targetHints":{"allow":["GET"]}}],"collection":[{"href":"https:\/\/greencourt.mgcomunicacio.com\/ca\/wp-json\/wp\/v2\/pages"}],"about":[{"href":"https:\/\/greencourt.mgcomunicacio.com\/ca\/wp-json\/wp\/v2\/types\/page"}],"author":[{"embeddable":true,"href":"https:\/\/greencourt.mgcomunicacio.com\/ca\/wp-json\/wp\/v2\/users\/1"}],"replies":[{"embeddable":true,"href":"https:\/\/greencourt.mgcomunicacio.com\/ca\/wp-json\/wp\/v2\/comments?post=3615"}],"version-history":[{"count":11,"href":"https:\/\/greencourt.mgcomunicacio.com\/ca\/wp-json\/wp\/v2\/pages\/3615\/revisions"}],"predecessor-version":[{"id":4395,"href":"https:\/\/greencourt.mgcomunicacio.com\/ca\/wp-json\/wp\/v2\/pages\/3615\/revisions\/4395"}],"wp:attachment":[{"href":"https:\/\/greencourt.mgcomunicacio.com\/ca\/wp-json\/wp\/v2\/media?parent=3615"}],"curies":[{"name":"wp","href":"https:\/\/api.w.org\/{rel}","templated":true}]}}