{"id":3628,"date":"2025-11-06T12:25:33","date_gmt":"2025-11-06T12:25:33","guid":{"rendered":"https:\/\/greencourt.mgcomunicacio.com\/?page_id=3628"},"modified":"2025-11-25T13:44:28","modified_gmt":"2025-11-25T12:44:28","slug":"politica-de-privacitat","status":"publish","type":"page","link":"https:\/\/greencourt.mgcomunicacio.com\/ca\/politica-de-privacitat\/","title":{"rendered":"Pol\u00edtica de privacitat"},"content":{"rendered":"<div class=\"wp-block-greencourt-franja mod-franja amb_background marge-superior- marge-inferior- padding_fondo_xxl _alineacio_ _skin_ marge_sup_1 marge_inf_0\" data-aos=\"fade-up\" data-aos-delay=\"300\"><div class=\"maq-contenidor fullwidth\"><div class=\"maq-inner\"><div class=\"wp-block-greencourt-marges maq-contenidor normal marge-superior- marge-inferior-\" data-aos=\"off\" data-aos-delay=\"aos_delay\"><h1 class=\"wp-block-heading is-style-com_titular_1 has-gris-greencourt-color has-text-color has-link-color wp-elements-0126b84173e96b8e1a12fd0b68f7427c\">Pol\u00edtica de privacitat<\/h1>\n\n<p class=\"is-style-com_titular_4\">Informaci\u00f3 b\u00e0sica sobre protecci\u00f3 de dades<\/p>\n\n<div style=\"height:50px\" aria-hidden=\"true\" class=\"wp-block-spacer\"><\/div>\n\n<p class=\"is-style-com_titular_4\">RESPONSABLE: Greencourt, S.L. (d\u2019ara endavant, Greencourt).<\/p>\n\n<p><\/p>\n\n<p class=\"is-style-com_titular_4\">FINALITAT: Gestionar l\u2019enviament de la informaci\u00f3 que se\u2019ns sol\u00b7liciti, aix\u00ed com la correcta prestaci\u00f3 dels serveis sol\u00b7licitats i la resoluci\u00f3 de dubtes i consultes. Les dades es conservaran mentre existeixi relaci\u00f3 entre les parts i, en el cas que li enviem correus comercials, mentre no s\u2019oposi a aquest tractament.<\/p>\n\n<p><\/p>\n\n<p class=\"is-style-com_titular_4\">LEGITIMACI\u00d3: Execuci\u00f3 i consentiment de l\u2019interessat.<\/p>\n\n<p><\/p>\n\n<p class=\"is-style-com_titular_4\">DESTINATARIS: Greencourt no cedir\u00e0 les dades dels usuaris a tercers, excepte obligaci\u00f3 legal o quan existeixi una relaci\u00f3 contractual, per a la qual cosa s\u2019establiran les corresponents cl\u00e0usules de confidencialitat i se sol\u00b7licitar\u00e0 autoritzaci\u00f3 pr\u00e8via a l\u2019usuari.<\/p>\n\n<p><\/p>\n\n<p class=\"is-style-com_titular_4\">DRETS: Accedir, rectificar i suprimir les dades, aix\u00ed com oposar-se al tractament i altres drets que s\u2019expliquen a l\u2019apartat 6.<\/p>\n\n<p><\/p>\n\n<p><\/p>\n\n<p class=\"is-style-com_titular_3 has-taronja-greencourt-color has-text-color has-link-color wp-elements-1d5e9659c51d068bb4505339a35da6d4\">1_ Qui \u00e9s el responsable del tractament de les dades?<\/p>\n\n<ol class=\"wp-block-list\"><li><\/li><\/ol>\n\n<p><\/p>\n\n<p class=\"is-style-com_titular_4\">Aquesta \u00e9s la informaci\u00f3 rellevant del Responsable del Tractament de les dades personals que tracta i que s\u00f3n facilitades pels usuaris:<br><\/p>\n\n<p class=\"is-style-com_titular_4\">RESPONSABLE DEL TRACTAMENT DE LES DADES<\/p>\n\n<p class=\"is-style-com_titular_4\">Identitat: Greencourt, S.L. (d\u2019ara endavant, Greencourt).<\/p>\n\n<p class=\"is-style-com_titular_4\">Domicili: C\/ Manolo Hugue, 2, 08182 Sant Feliu de Codines (Barcelona)<\/p>\n\n<p class=\"is-style-com_titular_4\">Tel\u00e8fon: 93 676 05 16<\/p>\n\n<p class=\"is-style-com_titular_4\">Correu electr\u00f2nic: info@greencourt.es<\/p>\n\n<p><\/p>\n\n<p class=\"is-style-com_titular_3 has-taronja-greencourt-color has-text-color has-link-color wp-elements-7946e77a682b7b905f2839d1ce468747\">2_ Quina \u00e9s la legitimaci\u00f3 per al tractament de les dades?<\/p>\n\n<ol start=\"2\" class=\"wp-block-list\"><li><\/li><\/ol>\n\n<p class=\"is-style-com_titular_4\">La base legal per al tractament de les dades \u00e9s l\u2019execuci\u00f3 del formulari de contacte, el d\u2019alta de nous clients a la Web de Greencourt (\u201cContacta amb nosaltres\u201d). Aquest formulari el realitza l\u2019interessat i amb aix\u00f2 dona el seu ple consentiment per al tractament de les seves dades personals. Aquestes dades seran tractades amb la m\u00e0xima confidencialitat i amb l\u2019\u00fanica finalitat de gestionar les relacions que establim amb els usuaris a trav\u00e9s de la Web de Greencourt.<\/p>\n\n<p><\/p>\n\n<p class=\"is-style-com_titular_3 has-taronja-greencourt-color has-text-color has-link-color wp-elements-256d5b8df7034881017d68bec108db61\">3_ Quina informaci\u00f3 tractem?.<\/p>\n\n<p><\/p>\n\n<p class=\"is-style-com_titular_4\">La informaci\u00f3 que rebem per part dels usuaris es recopila tal com exposem a continuaci\u00f3.<\/p>\n\n<p><\/p>\n\n<p class=\"is-style-com_titular_4\">a) Informaci\u00f3 que els usuaris ens faciliten directament: Greencourt recopila i emmagatzema determinada informaci\u00f3 que l\u2019usuari introdueix a la Web de Greencourt o que ens facilita de qualsevol altra manera.<\/p>\n\n<p><\/p>\n\n<p class=\"is-style-com_titular_4\">Sol\u00b7licitud d\u2019informaci\u00f3: La informaci\u00f3 que l\u2019usuari ens facilita quan requereix informaci\u00f3 a la Web de Greencourt, mitjan\u00e7ant el formulari de contacte (nom, tel\u00e8fon i correu electr\u00f2nic), o quan l\u2019usuari vol comprar algun dels nostres serveis o productes: en aquest cas s\u2019haur\u00e0 de donar d\u2019alta com a client i, per aix\u00f2, haur\u00e0 d\u2019aportar les dades seg\u00fcents (nom, data de naixement, tel\u00e8fon, adre\u00e7a, codi postal, poblaci\u00f3 i pa\u00eds).<\/p>\n\n<p><\/p>\n\n<p class=\"is-style-com_titular_4\">Qualitat de les dades: L\u2019usuari haur\u00e0 de garantir, tant davant de Greencourt com davant de tercers, la qualitat de la informaci\u00f3 i de les dades personals que proporcioni a trav\u00e9s de la Web de Greencourt. Aix\u00f2 implica que totes les dades personals i informacions facilitades han de ser reals, veraces, actualitzades i pert\u00e0nyer a l\u2019usuari i no a terceres persones. En el cas que pertanyin a terceres persones, entenem que \u00e9s mitjan\u00e7ant el seu consentiment i sol\u00b7licitem que s\u2019inviti aquest tercer a con\u00e8ixer els nostres textos legals tan aviat com sigui possible.<\/p>\n\n<p><\/p>\n\n<p class=\"is-style-com_titular_4\">Modificaci\u00f3 de dades: L\u2019usuari haur\u00e0 de notificar a Greencourt qualsevol modificaci\u00f3 que es produeixi en les dades personals facilitades, responent en qualsevol cas de la veracitat i exactitud de les dades subministrades en cada moment.<\/p>\n\n<p><\/p>\n\n<p class=\"is-style-com_titular_4\">b) Informaci\u00f3 que els usuaris ens faciliten indirectament:<\/p>\n\n<p><\/p>\n\n<p class=\"is-style-com_titular_4\">Dades derivades de l\u2019\u00fas de la Web: Greencourt recull les dades derivades de l\u2019\u00fas de la Web per part de l\u2019usuari cada vegada que aquest interactua amb la Web.<\/p>\n\n<p><\/p>\n\n<p class=\"is-style-com_titular_4\">Dades derivades de les \u201ccookies\u201d: Greencourt utilitza cookies pr\u00f2pies i de tercers per facilitar la navegaci\u00f3 als seus usuaris.<\/p>\n\n<p><\/p>\n\n<p class=\"is-style-com_titular_3 has-taronja-greencourt-color has-text-color has-link-color wp-elements-698b5e6ae2cb84673dc8e00b718df488\">4_ Amb quina finalitat tractem les dades?<\/p>\n\n<p><\/p>\n\n<ol start=\"4\" class=\"wp-block-list\"><li><\/li><\/ol>\n\n<p class=\"is-style-com_titular_4\">FINALITAT DEL TRACTAMENT<\/p>\n\n<p class=\"is-style-com_titular_4\">Prestaci\u00f3 de serveis: Per a aquells serveis o informaci\u00f3 que l\u2019usuari sol\u00b7liciti a trav\u00e9s del formulari de contacte (\u201cContacta amb nosaltres\u201d) a la Web de Greencourt.<\/p>\n\n<p><\/p>\n\n<p class=\"is-style-com_titular_4\">Comunicaci\u00f3 operativa del servei :Podrem utilitzar les dades personals que l\u2019usuari ens facilita per realitzar comunicacions via correu electr\u00f2nic a l\u2019usuari sobre l\u2019operativa del servei.<\/p>\n\n<p><\/p>\n\n<p class=\"is-style-com_titular_4\">Missatges promocionals amb opci\u00f3 de cancel\u00b7laci\u00f3: Amb el consentiment de l\u2019usuari, Greencourt podr\u00e0 utilitzar les dades personals que obtinguem per enviar correus electr\u00f2nics comercials relacionats amb els nostres productes i els serveis que prestem. En tot cas, es pot evitar l\u2019enviament de nous correus comercials sol\u00b7licitant-ho a l\u2019adre\u00e7a de correu electr\u00f2nic info@greencourt.es<br>o mitjan\u00e7ant l\u2019enlla\u00e7 que apareix al cos de cada un dels correus, i, conseq\u00fcentment, Greencourt cessar\u00e0 immediatament en l\u2019enviament de la citada informaci\u00f3.<\/p>\n\n<p><\/p>\n\n<p class=\"is-style-com_titular_4\">Transmissi\u00f3 de dades a tercers (excepcions)<\/p>\n\n<p class=\"is-style-com_titular_4\">_ En cas que sigui estrictament necessari per als serveis sol\u00b7licitats, en el cas que Greencourt col\u00b7labori amb tercers.<\/p>\n\n<p class=\"is-style-com_titular_4\">_ Quan Greencourt tingui autoritzaci\u00f3 expressa i inequ\u00edvoca per part de l\u2019usuari.<\/p>\n\n<p class=\"is-style-com_titular_4\">_ Quan ho sol\u00b7liciti una autoritat competent en l\u2019exercici de les seves funcions (per investigar, prevenir o prendre accions relatives a activitats il\u00b7legals).<\/p>\n\n<p class=\"is-style-com_titular_4\">_ Si ho requereix una normativa.<\/p>\n\n<p class=\"is-style-com_titular_4\">_ Territori: El servei realitzat per Greencourt s\u2019efectua des d\u2019Espanya.<\/p>\n\n<p><\/p>\n\n<p class=\"is-style-com_titular_4\">Per quant temps conservarem les dades? Greencourt conservar\u00e0 les dades personals de l\u2019usuari el temps necessari per complir qualsevol dels objectius esmentats en aquesta Pol\u00edtica de Privacitat, complir amb la legislaci\u00f3 vigent, exig\u00e8ncies normatives i ordres pertinents dels tribunals competents o, en qualsevol cas, fins que l\u2019interessat en sol\u00b7liciti la supressi\u00f3 o s\u2019hi oposi.<\/p>\n\n<p><\/p>\n\n<p class=\"is-style-com_titular_3 has-taronja-greencourt-color has-text-color has-link-color wp-elements-b5ddbf8de1e07a9b6ad9270818e33bee\">5_ A quins destinataris es comuniquen les dades?<\/p>\n\n<p><\/p>\n\n<ol start=\"5\" class=\"wp-block-list\"><li><\/li><\/ol>\n\n<p class=\"is-style-com_titular_4\">Tal com s\u2019ha indicat a l\u2019apartat anterior, les dades de car\u00e0cter personal que Greencourt recopili seran utilitzades exclusivament per a la consecuci\u00f3 de l\u2019objecte definit a la Web de Greencourt. Per a la consecuci\u00f3 d\u2019aquest objectiu i la correcta prestaci\u00f3 del servei, Greencourt podria compartir determinades dades de car\u00e0cter personal dels usuaris:<\/p>\n\n<p><\/p>\n\n<p class=\"is-style-com_titular_4\">Previ requeriment legal, Greencourt podr\u00e0 compartir informaci\u00f3 amb organismes d\u2019autoritats executives i\/o tercers pel que fa a peticions d\u2019informaci\u00f3 relatives a investigacions de car\u00e0cter penal i presumptes activitats il\u00b7legals.<\/p>\n\n<p><\/p>\n\n<p class=\"is-style-com_titular_4\">Amb el consentiment de l\u2019usuari: a banda del que s\u2019ha establert anteriorment, s\u2019informar\u00e0 l\u2019usuari en el cas que qualsevol informaci\u00f3 sobre ell mateix es posi en coneixement dels socis comercials de la web, o b\u00e9 de tercers, amb car\u00e0cter diferent a les finalitats exposades a la Web de Greencourt (per exemple, amb finalitats comercials), perqu\u00e8 tingui l\u2019oportunitat de decidir que no es comparteixi la seva informaci\u00f3. Cap de les comunicacions de dades anteriors inclour\u00e0 vendre, llogar, compartir o revelar d\u2019una altra manera informaci\u00f3 personal de clients amb finalitats comercials de manera contr\u00e0ria als compromisos adquirits en la present Pol\u00edtica de Privacitat.<\/p>\n\n<p><\/p>\n\n<p class=\"is-style-com_titular_3 has-taronja-greencourt-color has-text-color has-link-color wp-elements-a6d7bd7dadff318719c36a332b55f8ae\">6_ Quins drets t\u00e9 l\u2019usuari respecte de les dades que facilita?<\/p>\n\n<p><\/p>\n\n<p class=\"is-style-com_titular_4\">L\u2019usuari podr\u00e0 exercir davant de Greencourt els drets seg\u00fcents:<\/p>\n\n<p><\/p>\n\n<p class=\"is-style-com_titular_4\">_ Dret a sol\u00b7licitar l\u2019acc\u00e9s a les dades personals relatives a l\u2019interessat.<\/p>\n\n<p class=\"is-style-com_titular_4\">_ Dret a sol\u00b7licitar-ne la rectificaci\u00f3 (dades inexactes) o supressi\u00f3 (quan les dades ja no siguin necess\u00e0ries per a les finalitats per a les quals van ser recollides).<\/p>\n\n<p class=\"is-style-com_titular_4\">_ Dret a sol\u00b7licitar la limitaci\u00f3 del seu tractament, cas en qu\u00e8 \u00fanicament les conservarem per a l\u2019exercici o la defensa de reclamacions.<\/p>\n\n<p class=\"is-style-com_titular_4\">_ Dret a oposar-se al tractament. Greencourt deixar\u00e0 de tractar les dades, excepte per motius leg\u00edtims imperiosos, o per a l\u2019exercici o la defensa de possibles reclamacions.<\/p>\n\n<p class=\"is-style-com_titular_4\">_ L\u2019exercici dels drets esmentats \u00e9s personal\u00edssim, per la qual cosa ser\u00e0 necessari que l\u2019usuari acrediti la seva identitat. Per exercir els drets previstos en la legislaci\u00f3, l\u2019usuari pot adre\u00e7ar-se a Greencourt a trav\u00e9s del correu electr\u00f2nic info@greencourt.es o mitjan\u00e7ant escrit adre\u00e7at a l\u2019adre\u00e7a que consta a l\u2019apartat 1 de la present Pol\u00edtica. La comunicaci\u00f3 contindr\u00e0 les dades i documents seg\u00fcents:<\/p>\n\n<p class=\"is-style-com_titular_4\">_ Nom i cognoms de l\u2019interessat, adjuntant fotoc\u00f2pia del DNI o un altre document v\u00e0lid que l\u2019identifiqui i, si escau, de la persona que el representi; la utilitzaci\u00f3 de signatura electr\u00f2nica eximir\u00e0 de la presentaci\u00f3 d\u2019aquests documents.<\/p>\n\n<p class=\"is-style-com_titular_4\">_ Indicaci\u00f3 del domicili de l\u2019interessat i petici\u00f3 en qu\u00e8 es concreta la sol\u00b7licitud (el dret que es pret\u00e9n exercir).<\/p>\n\n<p class=\"is-style-com_titular_4\">_ L\u2019usuari tamb\u00e9 tindr\u00e0 dret a presentar una reclamaci\u00f3 davant de l\u2019Autoritat de Control corresponent, quan ho consideri convenient.<\/p>\n\n<p><\/p>\n\n<p class=\"is-style-com_titular_3 has-taronja-greencourt-color has-text-color has-link-color wp-elements-669aeccd69c45d1d72308a75bd0dc502\">7_ Com protegim les dades dels nostres usuaris?<\/p>\n\n<p><\/p>\n\n<p class=\"is-style-com_titular_4\">Greencourt informa l\u2019usuari que ha adoptat les mesures de car\u00e0cter t\u00e8cnic i organitzatiu necess\u00e0ries exigides per la normativa vigent en mat\u00e8ria de Protecci\u00f3 de Dades per garantir la seguretat de les seves dades, a fi d\u2019evitar-ne l\u2019alteraci\u00f3, p\u00e8rdua, acc\u00e9s o tractament no autoritzat.<\/p>\n\n<p><\/p>\n\n<p class=\"is-style-com_titular_4\">Tal com s\u2019ha esmentat, les dades personals facilitades pels usuaris a trav\u00e9s de la Web de Greencourt no seran cedides a altres entitats o empreses per ser utilitzades per a les seves pr\u00f2pies finalitats. Tanmateix, algunes empreses subcontractades per Greencourt podrien tenir acc\u00e9s a les dades personals i informaci\u00f3 personal, sempre sota l\u2019exclusiu control de Greencourt, amb l\u2019\u00fanica finalitat de prestar un servei necessari per al correcte funcionament de la Web de Greencourt.<\/p>\n\n<p><\/p>\n\n<p class=\"is-style-com_titular_3 has-taronja-greencourt-color has-text-color has-link-color wp-elements-5c0e94f463fdc57fd0c441727f0f0a72\">8_ Cookies<\/p>\n\n<p><\/p>\n\n<ol start=\"8\" class=\"wp-block-list\"><li><\/li><\/ol>\n\n<p class=\"is-style-com_titular_4\">Greencourt informa que t\u00e9 instal\u00b7lades cookies als seus sistemes. Les cookies s\u00f3n petits arxius de text que el navegador emmagatzema dins del disc dur del vostre ordinador. En accedir a la Web de Greencourt, el servidor podr\u00e0 recon\u00e8ixer la cookie i proporcionar informaci\u00f3 sobre la vostra \u00faltima visita, millorant o facilitant l\u2019experi\u00e8ncia de navegaci\u00f3. Podeu trobar m\u00e9s informaci\u00f3 sobre aix\u00f2 a la nostra Pol\u00edtica de Cookies.<\/p>\n\n<p><\/p>\n\n<p class=\"is-style-com_titular_4\">La majoria dels navegadors admeten l\u2019\u00fas de cookies de manera autom\u00e0tica, per\u00f2 podeu configurar el vostre navegador perqu\u00e8 us avisi a la pantalla del vostre ordinador sobre la recepci\u00f3 de cookies i, d\u2019aquesta manera, impedir-ne la instal\u00b7laci\u00f3 al disc dur.<\/p>\n\n<p><\/p>\n\n<p class=\"is-style-com_titular_3 has-taronja-greencourt-color has-text-color has-link-color wp-elements-d67bdc707d4e39d46745cd108db80a01\">9_ Modificacions<\/p>\n\n<p><\/p>\n\n<ol start=\"9\" class=\"wp-block-list\"><li><\/li><\/ol>\n\n<p class=\"is-style-com_titular_4\">Greencourt es reserva el dret a modificar aquesta Pol\u00edtica de Privacitat d\u2019acord amb la legislaci\u00f3 aplicable a cada moment. Per aix\u00f2, \u00e9s recomanable que l\u2019usuari revisi peri\u00f2dicament aquesta Pol\u00edtica de Privacitat amb la finalitat d\u2019estar informat sobre el tractament i la protecci\u00f3 de les dades personals, aix\u00ed com dels drets que li assisteixen.<\/p>\n\n<p><\/p>\n\n<p class=\"is-style-com_titular_3 has-taronja-greencourt-color has-text-color has-link-color wp-elements-6ac7bfd3b02b1732efd5632b6ca28c94\">10_ Legislaci\u00f3 aplicable<\/p>\n\n<p><\/p>\n\n<ol start=\"10\" class=\"wp-block-list\"><li><\/li><\/ol>\n\n<p class=\"is-style-com_titular_4\">La present Pol\u00edtica es regir\u00e0 i s\u2019interpretar\u00e0 d\u2019acord amb la legislaci\u00f3 espanyola, igual que la resoluci\u00f3 de qualsevol controv\u00e8rsia o diverg\u00e8ncia relacionada amb el present lloc web. L\u2019\u00fas dels serveis del present lloc web suposa l\u2019acceptaci\u00f3 expressa de la jurisdicci\u00f3 espanyola.<\/p>\n\n<p>Data de l\u2019\u00faltima actualitzaci\u00f3: juliol de 2018.<\/p>\n\n<div style=\"height:7px\" aria-hidden=\"true\" class=\"wp-block-spacer\"><\/div><\/div><\/div><\/div><div class=\"background\" style=\"background-image:url(https:\/\/greencourt.mgcomunicacio.com\/wp-content\/uploads\/2025\/04\/pickleball.svg)\"><\/div><\/div><div style=\"height:10vh\" aria-hidden=\"true\" class=\"wp-block-spacer\"><\/div>","protected":false},"excerpt":{"rendered":"","protected":false},"author":1,"featured_media":0,"parent":0,"menu_order":0,"comment_status":"closed","ping_status":"closed","template":"","meta":{"_acf_changed":false,"footnotes":""},"class_list":["post-3628","page","type-page","status-publish","hentry"],"acf":[],"_links":{"self":[{"href":"https:\/\/greencourt.mgcomunicacio.com\/ca\/wp-json\/wp\/v2\/pages\/3628","targetHints":{"allow":["GET"]}}],"collection":[{"href":"https:\/\/greencourt.mgcomunicacio.com\/ca\/wp-json\/wp\/v2\/pages"}],"about":[{"href":"https:\/\/greencourt.mgcomunicacio.com\/ca\/wp-json\/wp\/v2\/types\/page"}],"author":[{"embeddable":true,"href":"https:\/\/greencourt.mgcomunicacio.com\/ca\/wp-json\/wp\/v2\/users\/1"}],"replies":[{"embeddable":true,"href":"https:\/\/greencourt.mgcomunicacio.com\/ca\/wp-json\/wp\/v2\/comments?post=3628"}],"version-history":[{"count":9,"href":"https:\/\/greencourt.mgcomunicacio.com\/ca\/wp-json\/wp\/v2\/pages\/3628\/revisions"}],"predecessor-version":[{"id":4431,"href":"https:\/\/greencourt.mgcomunicacio.com\/ca\/wp-json\/wp\/v2\/pages\/3628\/revisions\/4431"}],"wp:attachment":[{"href":"https:\/\/greencourt.mgcomunicacio.com\/ca\/wp-json\/wp\/v2\/media?parent=3628"}],"curies":[{"name":"wp","href":"https:\/\/api.w.org\/{rel}","templated":true}]}}