{"id":382,"date":"2025-05-22T07:58:51","date_gmt":"2025-05-22T07:58:51","guid":{"rendered":"https:\/\/greencourt.mgcomunicacio.com\/?page_id=382"},"modified":"2025-12-10T09:15:21","modified_gmt":"2025-12-10T08:15:21","slug":"urban","status":"publish","type":"page","link":"https:\/\/greencourt.mgcomunicacio.com\/ca\/solucions\/urban\/","title":{"rendered":"Urban"},"content":{"rendered":"<div class=\"wp-block-greencourt-cabecera mod-cabecera f1_2\"><div class=\"slider\"><div class=\"wp-block-greencourt-cabecera-interior slide\"><div class=\"maq-contenidor\" style=\"backdrop-filter: blur(0px)\"><div class=\"text\"><p class=\"has-text-align-center is-style-com_titular_1 has-blanc-color has-text-color has-link-color wp-elements-be40d68fe61eebe1d181d53acfa5f749\">Ciutats vives <br>i din\u00e0miques<\/p><\/div><\/div><div class=\"image\" style=\"background-image:url(https:\/\/greencourt.mgcomunicacio.com\/wp-content\/uploads\/2025\/08\/Parques-infantiles-01.jpg)\"><\/div><div style=\"background: #2b2b2b; opacity: calc(15\/100);\" class=\"capa-color\"><\/div><\/div><\/div><\/div><div class=\"wp-block-greencourt-marges maq-contenidor normal marge-superior-gran marge-inferior-gran\" data-aos=\"off\" data-aos-delay=\"aos_delay\"><h1 class=\"wp-block-heading is-style-com_titular_2\"><strong>Espais p\u00fablics pensats<\/strong><br><strong>per ser viscuts<\/strong><\/h1>\n\n<div style=\"height:5vh\" aria-hidden=\"true\" class=\"wp-block-spacer\"><\/div>\n\n<p class=\"is-style-com_titular_4\">A Greencourt tamb\u00e9 treballem per transformar els espais urbans i p<strong>\u00fablics<\/strong> en llocs segurs, funcionals i agradables. Farem realitat projectes per a parcs, escoles, comunitats, hotels o zones infantils amb solucions a mida que combinen disseny, durabilitat i responsabilitat ambiental.<\/p>\n\n<p><\/p>\n\n<p class=\"is-style-com_titular_4\">Dissenyem i executem paviments continus de cautx\u00fa, zones de joc inclusives, recorreguts sensorials i espais esportius adaptats. Tamb\u00e9 integrem mobiliari urb\u00e0 pensat per fomentar el descans, la socialitzaci\u00f3 i la conviv\u00e8ncia, tot amb materials resistents, segurs i sostenibles. La qualitat i la seguretat s\u00f3n sempre la nostra prioritat. Cada projecte es desenvolupa amb un enfocament personalitzat, tenint en compte el lloc, els usuaris i l\u2019\u00fas previst. <\/p>\n\n<p><\/p>\n\n<p class=\"is-style-com_titular_4\">Apostem per crear espais vius, \u00fatils i cuidats, on infants, fam\u00edlies i ciutadania puguin gaudir, jugar i relacionar-se. Amb Greencourt Urban, convertim qualsevol espai exterior en una oportunitat per construir comunitat.<\/p><\/div><div style=\"height:10vh\" aria-hidden=\"true\" class=\"wp-block-spacer\"><\/div><div class=\"wp-block-greencourt-ajedrez mod-escacs align-superior marge-superior- marge-inferior-\"><div class=\"wp-block-greencourt-ajedrez-interior interior maq_cols_flex cols_2\"><div class=\"col text\"><div class=\"text-wrapper\"><h2 class=\"wp-block-heading is-style-com_titular_1\">Parcs infantils<\/h2>\n\n<p class=\"is-style-com_titular_4 has-taronja-greencourt-color has-text-color has-link-color wp-elements-43ebcf7d8b99523c61a7ed3e04305811\">Parcs infantils segurs, resistents i adaptats a totes les etapes del desenvolupament.<\/p>\n\n<div class=\"wp-block-buttons is-layout-flex wp-block-buttons-is-layout-flex\"><div class=\"wp-block-button\"><a class=\"wp-block-button__link wp-element-button\" href=\"https:\/\/greencourt.mgcomunicacio.com\/ca\/solucions\/urban\/parcs-infantils\/\">+info<\/a><\/div><\/div><\/div><\/div><div class=\"col img\"><div class=\"img-container\" style=\"background-image:url(https:\/\/greencourt.mgcomunicacio.com\/wp-content\/uploads\/2025\/08\/Parques-infantiles-02.jpg)\"><\/div><\/div><\/div>\n\n<div class=\"wp-block-greencourt-ajedrez-interior interior maq_cols_flex cols_2\"><div class=\"col text\"><div class=\"text-wrapper\"><h2 class=\"wp-block-heading is-style-com_titular_1\">Mobiliari urb\u00e0<\/h2>\n\n<p class=\"is-style-com_titular_4 has-taronja-greencourt-color has-text-color has-link-color wp-elements-50943be73e52d6146d710ea96a9e05a8\">Instal\u00b7laci\u00f3 de mobiliari urb\u00e0 pensat per millorar el dia a dia de les persones i posar en valor els espais.<\/p>\n\n<div class=\"wp-block-buttons is-layout-flex wp-block-buttons-is-layout-flex\"><div class=\"wp-block-button\"><a class=\"wp-block-button__link wp-element-button\" href=\"https:\/\/greencourt.mgcomunicacio.com\/ca\/solucions\/urban\/mobiliari-urba\/\">+info<\/a><\/div><\/div><\/div><\/div><div class=\"col img\"><div class=\"img-container\" style=\"background-image:url(https:\/\/greencourt.mgcomunicacio.com\/wp-content\/uploads\/2025\/11\/Mobiliario-urbano-para-pistas-deportivas-y-jardines-06.jpg)\"><\/div><\/div><\/div>\n\n<div class=\"wp-block-greencourt-ajedrez-interior interior maq_cols_flex cols_2\"><div class=\"col text\"><div class=\"text-wrapper\"><h2 class=\"wp-block-heading is-style-com_titular_1\">Zones comunitaries<\/h2>\n\n<p class=\"is-style-com_titular_4 has-taronja-greencourt-color has-text-color has-link-color wp-elements-df7b9cb2c4f93277575cada83f3897d9\">Cada projecte es planifica tenint en compte la seguretat, l\u2019accessibilitat i la durabilitat, utilitzant solucions i acabats resistents al sol, a la humitat i al desgast.<\/p>\n\n<div class=\"wp-block-buttons is-layout-flex wp-block-buttons-is-layout-flex\"><div class=\"wp-block-button\"><a class=\"wp-block-button__link wp-element-button\" href=\"https:\/\/greencourt.mgcomunicacio.com\/ca\/solucions\/urban\/zones-comunitaries\/\">+info<\/a><\/div><\/div><\/div><\/div><div class=\"col img\"><div class=\"img-container\" style=\"background-image:url(https:\/\/greencourt.mgcomunicacio.com\/wp-content\/uploads\/2025\/08\/Jardines-zonas-comunitarias-06.jpg)\"><\/div><\/div><\/div>\n\n<div class=\"wp-block-greencourt-ajedrez-interior interior maq_cols_flex cols_2\"><div class=\"col text\"><div class=\"text-wrapper\"><h2 class=\"wp-block-heading is-style-com_titular_1\">Gespa artificial<\/h2>\n\n<p class=\"is-style-com_titular_4 has-taronja-greencourt-color has-text-color has-link-color wp-elements-425d5e149ca6fb4bbe59f34941a10bc0\">Gespes d\u2019alta qualitat, amb un acabat natural, resist\u00e8ncia UV i gran durabilitat.<\/p>\n\n<div class=\"wp-block-buttons is-layout-flex wp-block-buttons-is-layout-flex\"><div class=\"wp-block-button\"><a class=\"wp-block-button__link wp-element-button\" href=\"https:\/\/greencourt.mgcomunicacio.com\/ca\/solucions\/urban\/gespa-artificial\/\">+info<\/a><\/div><\/div><\/div><\/div><div class=\"col img\"><div class=\"img-container\" style=\"background-image:url(https:\/\/greencourt.mgcomunicacio.com\/wp-content\/uploads\/2025\/08\/Cesped-Artificial-07.jpg)\"><\/div><\/div><\/div>\n\n<div class=\"wp-block-greencourt-ajedrez-interior interior maq_cols_flex cols_2\"><div class=\"col text\"><div class=\"text-wrapper\"><h2 class=\"wp-block-heading is-style-com_titular_1\">Cobertes esportives amb plaques solars<\/h2>\n\n<p class=\"is-style-com_titular_4 has-taronja-greencourt-color has-text-color has-link-color wp-elements-e15528323aaab6ef3c41dafe9393673e\">Una soluci\u00f3 ideal per a instal\u00b7lacions municipals, escoles o clubs que volen millorar la sostenibilitat dels seus equipaments.<\/p>\n\n<div class=\"wp-block-buttons is-layout-flex wp-block-buttons-is-layout-flex\"><div class=\"wp-block-button\"><a class=\"wp-block-button__link wp-element-button\" href=\"https:\/\/greencourt.mgcomunicacio.com\/ca\/solucions\/urban\/cobertes-esportives-amb-plaques-solars\/\">+info<\/a><\/div><\/div><\/div><\/div><div class=\"col img\"><div class=\"img-container\" style=\"background-image:url(https:\/\/greencourt.mgcomunicacio.com\/wp-content\/uploads\/2025\/08\/Cubiertas-deportivas-con-placas-solares-06.jpg)\"><\/div><\/div><\/div>\n\n<div class=\"wp-block-greencourt-ajedrez-interior interior maq_cols_flex cols_2\"><div class=\"col text\"><div class=\"text-wrapper\"><h3 class=\"wp-block-heading is-style-com_titular_1\">Il\u00b7luminaci\u00f3 de pistes<\/h3>\n\n<p class=\"is-style-com_titular_4 has-taronja-greencourt-color has-text-color has-link-color wp-elements-4faaca48c0e108a0e85e51dc8cf7875a\">Solucions d\u2019il\u00b7luminaci\u00f3 LED adaptades a tot tipus d\u2019instal\u00b7lacions esportives i espais exteriors<\/p>\n\n<div class=\"wp-block-buttons is-layout-flex wp-block-buttons-is-layout-flex\"><div class=\"wp-block-button\"><a class=\"wp-block-button__link wp-element-button\" href=\"https:\/\/greencourt.mgcomunicacio.com\/ca\/illuminacio-de-pistes\/\">+info<\/a><\/div><\/div><\/div><\/div><div class=\"col img\"><div class=\"img-container\" style=\"background-image:url(https:\/\/greencourt.mgcomunicacio.com\/wp-content\/uploads\/2025\/07\/Iluminacion-pistas-esportivas-12.jpg)\"><\/div><\/div><\/div><\/div><p><\/p>","protected":false},"excerpt":{"rendered":"","protected":false},"author":1,"featured_media":0,"parent":432,"menu_order":0,"comment_status":"closed","ping_status":"closed","template":"","meta":{"_acf_changed":false,"footnotes":""},"class_list":["post-382","page","type-page","status-publish","hentry"],"acf":[],"_links":{"self":[{"href":"https:\/\/greencourt.mgcomunicacio.com\/ca\/wp-json\/wp\/v2\/pages\/382","targetHints":{"allow":["GET"]}}],"collection":[{"href":"https:\/\/greencourt.mgcomunicacio.com\/ca\/wp-json\/wp\/v2\/pages"}],"about":[{"href":"https:\/\/greencourt.mgcomunicacio.com\/ca\/wp-json\/wp\/v2\/types\/page"}],"author":[{"embeddable":true,"href":"https:\/\/greencourt.mgcomunicacio.com\/ca\/wp-json\/wp\/v2\/users\/1"}],"replies":[{"embeddable":true,"href":"https:\/\/greencourt.mgcomunicacio.com\/ca\/wp-json\/wp\/v2\/comments?post=382"}],"version-history":[{"count":29,"href":"https:\/\/greencourt.mgcomunicacio.com\/ca\/wp-json\/wp\/v2\/pages\/382\/revisions"}],"predecessor-version":[{"id":6651,"href":"https:\/\/greencourt.mgcomunicacio.com\/ca\/wp-json\/wp\/v2\/pages\/382\/revisions\/6651"}],"up":[{"embeddable":true,"href":"https:\/\/greencourt.mgcomunicacio.com\/ca\/wp-json\/wp\/v2\/pages\/432"}],"wp:attachment":[{"href":"https:\/\/greencourt.mgcomunicacio.com\/ca\/wp-json\/wp\/v2\/media?parent=382"}],"curies":[{"name":"wp","href":"https:\/\/api.w.org\/{rel}","templated":true}]}}