{"id":395,"date":"2025-05-22T08:03:48","date_gmt":"2025-05-22T08:03:48","guid":{"rendered":"https:\/\/greencourt.mgcomunicacio.com\/?page_id=395"},"modified":"2025-12-10T08:32:22","modified_gmt":"2025-12-10T07:32:22","slug":"zones-comunitaries","status":"publish","type":"page","link":"https:\/\/greencourt.mgcomunicacio.com\/ca\/solucions\/urban\/zones-comunitaries\/","title":{"rendered":"Zones comunitaries"},"content":{"rendered":"<div class=\"wp-block-greencourt-cabecera mod-cabecera f1_2\"><div class=\"slider\"><div class=\"wp-block-greencourt-cabecera-interior slide\"><div class=\"maq-contenidor\" style=\"backdrop-filter: blur(0px)\"><div class=\"text\"><p class=\"has-text-align-center is-style-com_titular_1 has-blanc-color has-text-color has-link-color wp-elements-9e70b4abc21d351a1127ed92b70bdcd2\">Conviv\u00e8ncia,<br>comunitat i seguretat<\/p><\/div><\/div><div class=\"image\" style=\"background-image:url(https:\/\/greencourt.mgcomunicacio.com\/wp-content\/uploads\/2025\/08\/Jardines-zonas-comunitarias-01.jpg)\"><\/div><\/div><\/div><\/div><div class=\"wp-block-greencourt-marges maq-contenidor normal marge-superior-gran marge-inferior-gran\" data-aos=\"off\" data-aos-delay=\"aos_delay\"><h1 class=\"wp-block-heading is-style-com_titular_2\">Construcci\u00f3 de zones comunit\u00e0ries: conviv\u00e8ncia amb disseny i comoditat.<\/h1>\n\n<div style=\"height:5vh\" aria-hidden=\"true\" class=\"wp-block-spacer\"><\/div>\n\n<p class=\"is-style-com_titular_4\">A Greencourt transformem espais comuns en \u00e0rees de trobada ben dissenyades, c\u00f2modes i adaptades a les necessitats de cada comunitat. Dissenyem zones enjardinades, espais de jocs infantils, racons amb tarima, bancs o p\u00e8rgoles, i tot el que calgui per fomentar la conviv\u00e8ncia i l\u2019\u00fas diari amb el m\u00ednim manteniment.<\/p>\n\n<p><\/p>\n\n<p class=\"is-style-com_titular_4\">Cada projecte es planifica tenint en compte la seguretat, l\u2019accessibilitat i la durabilitat dels materials, utilitzant solucions com gespa artificial, paviments drenants, tarimes tecnol\u00f2giques i acabats resistents al sol, a la humitat i al desgast. Tot amb una execuci\u00f3 r\u00e0pida i acurada per minimitzar mol\u00e8sties als residents.<\/p><\/div><div style=\"height:10vh\" aria-hidden=\"true\" class=\"wp-block-spacer\"><\/div><div class=\"wp-block-greencourt-marges maq-contenidor fullwidth marge-superior-petit marge-inferior-\" data-aos=\"off\" data-aos-delay=\"aos_delay\"><figure class=\"wp-block-image size-full\"><img loading=\"lazy\" decoding=\"async\" width=\"2500\" height=\"1669\" src=\"https:\/\/greencourt.mgcomunicacio.com\/wp-content\/uploads\/2025\/08\/Jardines-zonas-comunitarias-02.jpg\" alt=\"\" class=\"wp-image-1221\" srcset=\"https:\/\/greencourt.mgcomunicacio.com\/wp-content\/uploads\/2025\/08\/Jardines-zonas-comunitarias-02.jpg 2500w, https:\/\/greencourt.mgcomunicacio.com\/wp-content\/uploads\/2025\/08\/Jardines-zonas-comunitarias-02-600x401.jpg 600w, https:\/\/greencourt.mgcomunicacio.com\/wp-content\/uploads\/2025\/08\/Jardines-zonas-comunitarias-02-300x200.jpg 300w, https:\/\/greencourt.mgcomunicacio.com\/wp-content\/uploads\/2025\/08\/Jardines-zonas-comunitarias-02-1024x684.jpg 1024w, https:\/\/greencourt.mgcomunicacio.com\/wp-content\/uploads\/2025\/08\/Jardines-zonas-comunitarias-02-768x513.jpg 768w, https:\/\/greencourt.mgcomunicacio.com\/wp-content\/uploads\/2025\/08\/Jardines-zonas-comunitarias-02-1536x1025.jpg 1536w, https:\/\/greencourt.mgcomunicacio.com\/wp-content\/uploads\/2025\/08\/Jardines-zonas-comunitarias-02-2048x1367.jpg 2048w, https:\/\/greencourt.mgcomunicacio.com\/wp-content\/uploads\/2025\/08\/Jardines-zonas-comunitarias-02-340x227.jpg 340w, https:\/\/greencourt.mgcomunicacio.com\/wp-content\/uploads\/2025\/08\/Jardines-zonas-comunitarias-02-140x93.jpg 140w\" sizes=\"auto, (max-width: 2500px) 100vw, 2500px\" \/><\/figure><\/div><div style=\"height:10vh\" aria-hidden=\"true\" class=\"wp-block-spacer\"><\/div><div class=\"wp-block-greencourt-marges maq-contenidor normal marge-superior-petit marge-inferior-\" data-aos=\"off\" data-aos-delay=\"aos_delay\"><h2 class=\"wp-block-heading is-style-com_titular_2\">Caracter\u00edstiques de les zones comunit\u00e0ries Greencourt<\/h2><\/div><div style=\"height:10vh\" aria-hidden=\"true\" class=\"wp-block-spacer\"><\/div><div class=\"wp-block-greencourt-ajedrez mod-escacs align-superior marge-superior- marge-inferior-\"><div class=\"wp-block-greencourt-ajedrez-interior interior maq_cols_flex cols_2\"><div class=\"col text\"><div class=\"text-wrapper\"><h3 class=\"wp-block-heading is-style-com_titular_2 has-taronja-greencourt-color has-text-color has-link-color wp-elements-cd626e01a2118f8896040ad3fd4f6b7c\">Solucions amb gespa artificial decorativa<\/h3>\n\n<p><\/p>\n\n<p class=\"is-style-com_titular_4 has-gris-greencourt-color has-text-color has-link-color wp-elements-ed5d19682da9dfb0bb8218c7a5719e27\">Soluci\u00f3 est\u00e8tica i funcional per a zones d\u2019estada o jocs infantils, que mant\u00e9 una imatge impecable tot l\u2019any sense necessitat de reg ni tall.<\/p>\n\n<div class=\"wp-block-buttons is-layout-flex wp-block-buttons-is-layout-flex\"><div class=\"wp-block-button\"><a class=\"wp-block-button__link wp-element-button\" href=\"https:\/\/greencourt.mgcomunicacio.com\/ca\/solucions\/urban\/gespa-artificial\/\">+ info<\/a><\/div><\/div><\/div><\/div><div class=\"col img\"><div class=\"img-container\" style=\"background-image:url(https:\/\/greencourt.mgcomunicacio.com\/wp-content\/uploads\/2025\/11\/Casa-amb-jardi-de-gespa-artifical-01.jpg)\"><\/div><\/div><\/div>\n\n<div class=\"wp-block-greencourt-ajedrez-interior interior maq_cols_flex cols_2\"><div class=\"col text\"><div class=\"text-wrapper\"><h3 class=\"wp-block-heading is-style-com_titular_2 has-taronja-greencourt-color has-text-color has-link-color wp-elements-75640c99c93543ea3620722401e42019\">Zones de jocs, ombra i rep\u00f2s<\/h3>\n\n<p><\/p>\n\n<p class=\"is-style-com_titular_4 has-gris-greencourt-color has-text-color has-link-color wp-elements-9ee786611abd676a15e5c36d88fd60da\">Dissenyem espais pensats per a la conviv\u00e8ncia i l\u2019\u00fas quotidi\u00e0: bancs, p\u00e8rgoles, \u00e0rees infantils i racons amb ombra que conviden a fer vida comunit\u00e0ria.<\/p><\/div><\/div><div class=\"col img\"><div class=\"img-container\" style=\"background-image:url(https:\/\/greencourt.mgcomunicacio.com\/wp-content\/uploads\/2025\/08\/Jardines-zonas-comunitarias-05.jpg)\"><\/div><\/div><\/div>\n\n<div class=\"wp-block-greencourt-ajedrez-interior interior maq_cols_flex cols_2\"><div class=\"col text\"><div class=\"text-wrapper\"><h3 class=\"wp-block-heading is-style-com_titular_2 has-taronja-greencourt-color has-text-color has-link-color wp-elements-49f4993177bc16cab7faccaf99d6e603\">Est\u00e8tica cuidada amb baix manteniment<\/h3>\n\n<p><\/p>\n\n<p class=\"is-style-com_titular_4 has-gris-greencourt-color has-text-color has-link-color wp-elements-0a422a3bf35cdf63967dd50880fc8985\">Tots els elements es pensen conjuntament per oferir una imatge harm\u00f2nica, moderna i adaptada al tipus d\u2019habitatge o urbanitzaci\u00f3.<\/p><\/div><\/div><div class=\"col img\"><div class=\"img-container\" style=\"background-image:url(https:\/\/greencourt.mgcomunicacio.com\/wp-content\/uploads\/2025\/08\/Jardines-zonas-comunitarias-03.jpg)\"><\/div><\/div><\/div>\n\n<div class=\"wp-block-greencourt-ajedrez-interior interior maq_cols_flex cols_2\"><div class=\"col text\"><div class=\"text-wrapper\"><h3 class=\"wp-block-heading is-style-com_titular_2 has-taronja-greencourt-color has-text-color has-link-color wp-elements-829e8d0222d05bb4ce612111080b1622\">Tarimes i paviments antilliscants i duradors<\/h3>\n\n<p><\/p>\n\n<p class=\"is-style-com_titular_4 has-gris-greencourt-color has-text-color has-link-color wp-elements-988db3d32661f44eaedc057f109676f0\">Garantim una superf\u00edcie segura per a tots els residents, fins i tot en condicions de pluja o humitat. A m\u00e9s, s\u00f3n resistents al desgast i requereixen poc manteniment.<\/p><\/div><\/div><div class=\"col img\"><div class=\"img-container\" style=\"background-image:url(https:\/\/greencourt.mgcomunicacio.com\/wp-content\/uploads\/2025\/08\/Jardines-zonas-comunitarias-04.jpg)\"><\/div><\/div><\/div><\/div><p><\/p>","protected":false},"excerpt":{"rendered":"","protected":false},"author":1,"featured_media":0,"parent":382,"menu_order":0,"comment_status":"closed","ping_status":"closed","template":"","meta":{"_acf_changed":false,"footnotes":""},"class_list":["post-395","page","type-page","status-publish","hentry"],"acf":[],"_links":{"self":[{"href":"https:\/\/greencourt.mgcomunicacio.com\/ca\/wp-json\/wp\/v2\/pages\/395","targetHints":{"allow":["GET"]}}],"collection":[{"href":"https:\/\/greencourt.mgcomunicacio.com\/ca\/wp-json\/wp\/v2\/pages"}],"about":[{"href":"https:\/\/greencourt.mgcomunicacio.com\/ca\/wp-json\/wp\/v2\/types\/page"}],"author":[{"embeddable":true,"href":"https:\/\/greencourt.mgcomunicacio.com\/ca\/wp-json\/wp\/v2\/users\/1"}],"replies":[{"embeddable":true,"href":"https:\/\/greencourt.mgcomunicacio.com\/ca\/wp-json\/wp\/v2\/comments?post=395"}],"version-history":[{"count":14,"href":"https:\/\/greencourt.mgcomunicacio.com\/ca\/wp-json\/wp\/v2\/pages\/395\/revisions"}],"predecessor-version":[{"id":6594,"href":"https:\/\/greencourt.mgcomunicacio.com\/ca\/wp-json\/wp\/v2\/pages\/395\/revisions\/6594"}],"up":[{"embeddable":true,"href":"https:\/\/greencourt.mgcomunicacio.com\/ca\/wp-json\/wp\/v2\/pages\/382"}],"wp:attachment":[{"href":"https:\/\/greencourt.mgcomunicacio.com\/ca\/wp-json\/wp\/v2\/media?parent=395"}],"curies":[{"name":"wp","href":"https:\/\/api.w.org\/{rel}","templated":true}]}}