{"id":399,"date":"2025-05-22T08:05:05","date_gmt":"2025-05-22T08:05:05","guid":{"rendered":"https:\/\/greencourt.mgcomunicacio.com\/?page_id=399"},"modified":"2025-11-26T06:41:39","modified_gmt":"2025-11-26T05:41:39","slug":"cobertes-esportives-amb-plaques-solars","status":"publish","type":"page","link":"https:\/\/greencourt.mgcomunicacio.com\/ca\/solucions\/urban\/cobertes-esportives-amb-plaques-solars\/","title":{"rendered":"Cobertes esportives amb plaques solars"},"content":{"rendered":"<div class=\"wp-block-greencourt-cabecera mod-cabecera f1_2\"><div class=\"slider\"><div class=\"wp-block-greencourt-cabecera-interior slide\"><div class=\"maq-contenidor\" style=\"backdrop-filter: blur(0px)\"><div class=\"text\"><p class=\"has-text-align-center is-style-com_titular_1 has-blanc-color has-text-color has-link-color wp-elements-f1a90ff3b892101fed226aa4914ce494\">Ombra, pluja i<br>efici\u00e8ncia energ\u00e8tica<\/p><\/div><\/div><div class=\"image\" style=\"background-image:url(https:\/\/greencourt.mgcomunicacio.com\/wp-content\/uploads\/2025\/08\/Cubiertas-deportivas-con-placas-solares-01.jpg)\"><\/div><\/div><\/div><\/div><div class=\"wp-block-greencourt-marges maq-contenidor normal marge-superior-gran marge-inferior-gran\" data-aos=\"off\" data-aos-delay=\"aos_delay\"><h1 class=\"wp-block-heading is-style-com_titular_2\">Construcci\u00f3 de cobertes esportives amb plaques solars: protecci\u00f3 i energia en un sol projecte<\/h1>\n\n<div style=\"height:5vh\" aria-hidden=\"true\" class=\"wp-block-spacer\"><\/div>\n\n<p class=\"is-style-com_titular_4\">A Greencourt dissenyem cobertes per a pistes esportives que no nom\u00e9s protegeixen del sol i la pluja, sin\u00f3 que tamb\u00e9 generen energia neta mitjan\u00e7ant panells fotovoltaics. \u00c9s una soluci\u00f3 ideal per a instal\u00b7lacions municipals, escoles o clubs que volen millorar la sostenibilitat dels seus equipaments i reduir la despesa energ\u00e8tica.<\/p>\n\n<p><\/p>\n\n<p class=\"is-style-com_titular_4\">Executem estructures met\u00e0l\u00b7liques lleugeres i resistents, amb sistemes d\u2019ancoratge segurs, cobertes impermeables i plaques solars integrades segons les normatives vigents. A m\u00e9s de la protecci\u00f3 clim\u00e0tica, aquestes cobertes aporten valor afegit a llarg termini gr\u00e0cies a l\u2019autoconsum energ\u00e8tic.<\/p><\/div><div style=\"height:10vh\" aria-hidden=\"true\" class=\"wp-block-spacer\"><\/div><div class=\"wp-block-greencourt-marges maq-contenidor fullwidth marge-superior-petit marge-inferior-\" data-aos=\"off\" data-aos-delay=\"aos_delay\"><figure class=\"wp-block-image size-full\"><img loading=\"lazy\" decoding=\"async\" width=\"2500\" height=\"1481\" src=\"https:\/\/greencourt.mgcomunicacio.com\/wp-content\/uploads\/2025\/08\/Cubiertas-deportivas-con-placas-solares-02.jpg\" alt=\"\" class=\"wp-image-1211\" srcset=\"https:\/\/greencourt.mgcomunicacio.com\/wp-content\/uploads\/2025\/08\/Cubiertas-deportivas-con-placas-solares-02.jpg 2500w, https:\/\/greencourt.mgcomunicacio.com\/wp-content\/uploads\/2025\/08\/Cubiertas-deportivas-con-placas-solares-02-600x355.jpg 600w, https:\/\/greencourt.mgcomunicacio.com\/wp-content\/uploads\/2025\/08\/Cubiertas-deportivas-con-placas-solares-02-300x178.jpg 300w, https:\/\/greencourt.mgcomunicacio.com\/wp-content\/uploads\/2025\/08\/Cubiertas-deportivas-con-placas-solares-02-1024x607.jpg 1024w, https:\/\/greencourt.mgcomunicacio.com\/wp-content\/uploads\/2025\/08\/Cubiertas-deportivas-con-placas-solares-02-768x455.jpg 768w, https:\/\/greencourt.mgcomunicacio.com\/wp-content\/uploads\/2025\/08\/Cubiertas-deportivas-con-placas-solares-02-1536x910.jpg 1536w, https:\/\/greencourt.mgcomunicacio.com\/wp-content\/uploads\/2025\/08\/Cubiertas-deportivas-con-placas-solares-02-2048x1213.jpg 2048w, https:\/\/greencourt.mgcomunicacio.com\/wp-content\/uploads\/2025\/08\/Cubiertas-deportivas-con-placas-solares-02-340x201.jpg 340w, https:\/\/greencourt.mgcomunicacio.com\/wp-content\/uploads\/2025\/08\/Cubiertas-deportivas-con-placas-solares-02-140x83.jpg 140w\" sizes=\"auto, (max-width: 2500px) 100vw, 2500px\" \/><\/figure><\/div><div style=\"height:10vh\" aria-hidden=\"true\" class=\"wp-block-spacer\"><\/div><div class=\"wp-block-greencourt-marges maq-contenidor normal marge-superior-petit marge-inferior-\" data-aos=\"off\" data-aos-delay=\"aos_delay\"><h2 class=\"wp-block-heading is-style-com_titular_2\">Caracter\u00edstiques de les cobertes esportives amb plaques solars Greencourt<\/h2><\/div><div style=\"height:10vh\" aria-hidden=\"true\" class=\"wp-block-spacer\"><\/div><div class=\"wp-block-greencourt-ajedrez mod-escacs align-superior marge-superior- marge-inferior-\"><div class=\"wp-block-greencourt-ajedrez-interior interior maq_cols_flex cols_2\"><div class=\"col text\"><div class=\"text-wrapper\"><h3 class=\"wp-block-heading is-style-com_titular_2 has-taronja-greencourt-color has-text-color has-link-color wp-elements-8df11d49441e89f185cd84aeffca34be\">Estalvi energ\u00e8tic a llarg termini<\/h3>\n\n<p><\/p>\n\n<p class=\"is-style-com_titular_4 has-gris-greencourt-color has-text-color has-link-color wp-elements-3fd96291a4d9c1b570847d0cedd3244d\">Les cobertes generen energia solar per autoconsum, permetent reduir dr\u00e0sticament la factura el\u00e8ctrica del recinte i aportant autosufici\u00e8ncia energ\u00e8tica.<\/p><\/div><\/div><div class=\"col img\"><div class=\"img-container\" style=\"background-image:url(https:\/\/greencourt.mgcomunicacio.com\/wp-content\/uploads\/2025\/08\/Cubiertas-deportivas-con-placas-solares-04.jpg)\"><\/div><\/div><\/div>\n\n<div class=\"wp-block-greencourt-ajedrez-interior interior maq_cols_flex cols_2\"><div class=\"col text\"><div class=\"text-wrapper\"><h3 class=\"wp-block-heading is-style-com_titular_2 has-taronja-greencourt-color has-text-color has-link-color wp-elements-2bb2dffc4fcea5afac5f10ad4cec76bc\">Instal\u00b7laci\u00f3 r\u00e0pida i adaptable a qualsevol pista<\/h3>\n\n<p><\/p>\n\n<p class=\"is-style-com_titular_4 has-gris-greencourt-color has-text-color has-link-color wp-elements-b6f13fc1ba1750700989a33bdb498f6c\">Les estructures s\u2019ajusten a qualsevol pista existent i es poden muntar amb rapidesa, minimitzant les mol\u00e8sties i els temps d\u2019inactivitat del recinte esportiu.<\/p><\/div><\/div><div class=\"col img\"><div class=\"img-container\" style=\"background-image:url(https:\/\/greencourt.mgcomunicacio.com\/wp-content\/uploads\/2025\/08\/Cubiertas-deportivas-con-placas-solares-03.jpg)\"><\/div><\/div><\/div>\n\n<div class=\"wp-block-greencourt-ajedrez-interior interior maq_cols_flex cols_2\"><div class=\"col text\"><div class=\"text-wrapper\"><h3 class=\"wp-block-heading is-style-com_titular_2 has-taronja-greencourt-color has-text-color has-link-color wp-elements-846a4ace94f499cf0c99442c6c02874b\">Protecci\u00f3 clim\u00e0tica amb estructura lleugera<\/h3>\n\n<p><\/p>\n\n<p class=\"is-style-com_titular_4 has-gris-greencourt-color has-text-color has-link-color wp-elements-c17659c7f94f2c78399e562bab872d81\">A m\u00e9s de generar energia, les cobertes protegeixen els usuaris de la pluja i la radiaci\u00f3 solar, ampliant la funcionalitat de la pista tot l\u2019any.<\/p><\/div><\/div><div class=\"col img\"><div class=\"img-container\" style=\"background-image:url(https:\/\/greencourt.mgcomunicacio.com\/wp-content\/uploads\/2025\/08\/Cubiertas-deportivas-con-placas-solares-05.jpg)\"><\/div><\/div><\/div>\n\n<div class=\"wp-block-greencourt-ajedrez-interior interior maq_cols_flex cols_2\"><div class=\"col text\"><div class=\"text-wrapper\"><h3 class=\"wp-block-heading is-style-com_titular_2 has-taronja-greencourt-color has-text-color has-link-color wp-elements-bdd6a89db2daaae122b5d35a97d7e427\">Contribuci\u00f3 directa a la sostenibilitat <\/h3>\n\n<p><\/p>\n\n<p class=\"is-style-com_titular_4 has-gris-greencourt-color has-text-color has-link-color wp-elements-4dbe6340fff7dde5cf90cf920b34e634\">Aquest tipus d\u2019instal\u00b7laci\u00f3 \u00e9s una aposta clara per la transici\u00f3 energ\u00e8tica i el comprom\u00eds ambiental, especialment valorat per municipis i entitats p\u00fabliques.<\/p><\/div><\/div><div class=\"col img\"><div class=\"img-container\" style=\"background-image:url(https:\/\/greencourt.mgcomunicacio.com\/wp-content\/uploads\/2025\/08\/Cubiertas-deportivas-con-placas-solares-07.jpg)\"><\/div><\/div><\/div><\/div><p><\/p>","protected":false},"excerpt":{"rendered":"","protected":false},"author":1,"featured_media":0,"parent":382,"menu_order":0,"comment_status":"closed","ping_status":"closed","template":"","meta":{"_acf_changed":false,"footnotes":""},"class_list":["post-399","page","type-page","status-publish","hentry"],"acf":[],"_links":{"self":[{"href":"https:\/\/greencourt.mgcomunicacio.com\/ca\/wp-json\/wp\/v2\/pages\/399","targetHints":{"allow":["GET"]}}],"collection":[{"href":"https:\/\/greencourt.mgcomunicacio.com\/ca\/wp-json\/wp\/v2\/pages"}],"about":[{"href":"https:\/\/greencourt.mgcomunicacio.com\/ca\/wp-json\/wp\/v2\/types\/page"}],"author":[{"embeddable":true,"href":"https:\/\/greencourt.mgcomunicacio.com\/ca\/wp-json\/wp\/v2\/users\/1"}],"replies":[{"embeddable":true,"href":"https:\/\/greencourt.mgcomunicacio.com\/ca\/wp-json\/wp\/v2\/comments?post=399"}],"version-history":[{"count":9,"href":"https:\/\/greencourt.mgcomunicacio.com\/ca\/wp-json\/wp\/v2\/pages\/399\/revisions"}],"predecessor-version":[{"id":4512,"href":"https:\/\/greencourt.mgcomunicacio.com\/ca\/wp-json\/wp\/v2\/pages\/399\/revisions\/4512"}],"up":[{"embeddable":true,"href":"https:\/\/greencourt.mgcomunicacio.com\/ca\/wp-json\/wp\/v2\/pages\/382"}],"wp:attachment":[{"href":"https:\/\/greencourt.mgcomunicacio.com\/ca\/wp-json\/wp\/v2\/media?parent=399"}],"curies":[{"name":"wp","href":"https:\/\/api.w.org\/{rel}","templated":true}]}}